{"id":1170,"date":"2020-05-26T18:55:03","date_gmt":"2020-05-26T16:55:03","guid":{"rendered":"http:\/\/perladelsud.pl\/?page_id=1170"},"modified":"2020-05-26T18:56:33","modified_gmt":"2020-05-26T16:56:33","slug":"miot-o","status":"publish","type":"page","link":"https:\/\/perladelsud.pl\/index.php\/pl\/szczeniaki\/miot-2020-r\/miot-o\/","title":{"rendered":"Miot O"},"content":{"rendered":"<p><strong>Miot O<\/strong> urodzony 14.02.2020: 2 suczki 2 pieski<br \/>\nWszystkie szczeni\u0119ta znalaz\u0142y kochaj\u0105ce domki. Wi\u0119cej zdj\u0119\u0107 szczeni\u0105t w zak\u0142adce Galeria<\/p>\n\n\t\t<style type=\"text\/css\">\n\t\t\t#gallery-1 {\n\t\t\t\tmargin: auto;\n\t\t\t}\n\t\t\t#gallery-1 .gallery-item {\n\t\t\t\tfloat: left;\n\t\t\t\tmargin-top: 10px;\n\t\t\t\ttext-align: center;\n\t\t\t\twidth: 50%;\n\t\t\t}\n\t\t\t#gallery-1 img {\n\t\t\t\tborder: 2px solid #cfcfcf;\n\t\t\t}\n\t\t\t#gallery-1 .gallery-caption {\n\t\t\t\tmargin-left: 0;\n\t\t\t}\n\t\t\t\/* see gallery_shortcode() in wp-includes\/media.php *\/\n\t\t<\/style>\n\t\t<div id='gallery-1' class='gallery galleryid-1170 gallery-columns-2 gallery-size-medium'><dl class='gallery-item'>\n\t\t\t<dt class='gallery-icon landscape'>\n\t\t\t\t<a href='https:\/\/perladelsud.pl\/wp-content\/uploads\/2020\/05\/mioto-063.jpg'><img width=\"300\" height=\"285\" src=\"https:\/\/perladelsud.pl\/wp-content\/uploads\/2020\/05\/mioto-063-300x285.jpg\" class=\"attachment-medium size-medium\" alt=\"\" decoding=\"async\" loading=\"lazy\" srcset=\"https:\/\/perladelsud.pl\/wp-content\/uploads\/2020\/05\/mioto-063-300x285.jpg 300w, https:\/\/perladelsud.pl\/wp-content\/uploads\/2020\/05\/mioto-063-768x729.jpg 768w, https:\/\/perladelsud.pl\/wp-content\/uploads\/2020\/05\/mioto-063.jpg 809w\" sizes=\"(max-width: 300px) 100vw, 300px\" \/><\/a>\n\t\t\t<\/dt><\/dl><dl class='gallery-item'>\n\t\t\t<dt class='gallery-icon landscape'>\n\t\t\t\t<a href='https:\/\/perladelsud.pl\/wp-content\/uploads\/2020\/05\/mioto-088.jpg'><img width=\"300\" height=\"266\" src=\"https:\/\/perladelsud.pl\/wp-content\/uploads\/2020\/05\/mioto-088-300x266.jpg\" class=\"attachment-medium size-medium\" alt=\"\" decoding=\"async\" loading=\"lazy\" srcset=\"https:\/\/perladelsud.pl\/wp-content\/uploads\/2020\/05\/mioto-088-300x266.jpg 300w, https:\/\/perladelsud.pl\/wp-content\/uploads\/2020\/05\/mioto-088-768x680.jpg 768w, https:\/\/perladelsud.pl\/wp-content\/uploads\/2020\/05\/mioto-088.jpg 867w\" sizes=\"(max-width: 300px) 100vw, 300px\" \/><\/a>\n\t\t\t<\/dt><\/dl><br style=\"clear: both\" \/><dl class='gallery-item'>\n\t\t\t<dt class='gallery-icon landscape'>\n\t\t\t\t<a href='https:\/\/perladelsud.pl\/wp-content\/uploads\/2020\/05\/mioto-093.jpg'><img width=\"300\" height=\"263\" src=\"https:\/\/perladelsud.pl\/wp-content\/uploads\/2020\/05\/mioto-093-300x263.jpg\" class=\"attachment-medium size-medium\" alt=\"\" decoding=\"async\" loading=\"lazy\" srcset=\"https:\/\/perladelsud.pl\/wp-content\/uploads\/2020\/05\/mioto-093-300x263.jpg 300w, https:\/\/perladelsud.pl\/wp-content\/uploads\/2020\/05\/mioto-093-768x673.jpg 768w, https:\/\/perladelsud.pl\/wp-content\/uploads\/2020\/05\/mioto-093.jpg 877w\" sizes=\"(max-width: 300px) 100vw, 300px\" \/><\/a>\n\t\t\t<\/dt><\/dl><dl class='gallery-item'>\n\t\t\t<dt class='gallery-icon portrait'>\n\t\t\t\t<a href='https:\/\/perladelsud.pl\/wp-content\/uploads\/2020\/05\/mioto-109.jpg'><img width=\"296\" height=\"300\" src=\"https:\/\/perladelsud.pl\/wp-content\/uploads\/2020\/05\/mioto-109-296x300.jpg\" class=\"attachment-medium size-medium\" alt=\"\" decoding=\"async\" loading=\"lazy\" srcset=\"https:\/\/perladelsud.pl\/wp-content\/uploads\/2020\/05\/mioto-109-296x300.jpg 296w, https:\/\/perladelsud.pl\/wp-content\/uploads\/2020\/05\/mioto-109.jpg 768w\" sizes=\"(max-width: 296px) 100vw, 296px\" \/><\/a>\n\t\t\t<\/dt><\/dl><br style=\"clear: both\" \/><dl class='gallery-item'>\n\t\t\t<dt class='gallery-icon portrait'>\n\t\t\t\t<a href='https:\/\/perladelsud.pl\/wp-content\/uploads\/2020\/05\/83620949_1508366575985612_3190917837707280384_o.jpg'><img width=\"262\" height=\"300\" src=\"https:\/\/perladelsud.pl\/wp-content\/uploads\/2020\/05\/83620949_1508366575985612_3190917837707280384_o-262x300.jpg\" class=\"attachment-medium size-medium\" alt=\"\" decoding=\"async\" loading=\"lazy\" aria-describedby=\"gallery-1-1146\" srcset=\"https:\/\/perladelsud.pl\/wp-content\/uploads\/2020\/05\/83620949_1508366575985612_3190917837707280384_o-262x300.jpg 262w, https:\/\/perladelsud.pl\/wp-content\/uploads\/2020\/05\/83620949_1508366575985612_3190917837707280384_o-768x879.jpg 768w, https:\/\/perladelsud.pl\/wp-content\/uploads\/2020\/05\/83620949_1508366575985612_3190917837707280384_o-894x1024.jpg 894w, https:\/\/perladelsud.pl\/wp-content\/uploads\/2020\/05\/83620949_1508366575985612_3190917837707280384_o.jpg 1048w\" sizes=\"(max-width: 262px) 100vw, 262px\" \/><\/a>\n\t\t\t<\/dt>\n\t\t\t\t<dd class='wp-caption-text gallery-caption' id='gallery-1-1146'>\n\t\t\t\t Matka: Mery Klan Biewer Rott (FCI)\n\t\t\t\t<\/dd><\/dl><dl class='gallery-item'>\n\t\t\t<dt class='gallery-icon portrait'>\n\t\t\t\t<a href='https:\/\/perladelsud.pl\/wp-content\/uploads\/2020\/05\/84413716_2547809842099254_1426748166765543424_o.jpg'><img width=\"234\" height=\"300\" src=\"https:\/\/perladelsud.pl\/wp-content\/uploads\/2020\/05\/84413716_2547809842099254_1426748166765543424_o-234x300.jpg\" class=\"attachment-medium size-medium\" alt=\"\" decoding=\"async\" loading=\"lazy\" aria-describedby=\"gallery-1-1147\" srcset=\"https:\/\/perladelsud.pl\/wp-content\/uploads\/2020\/05\/84413716_2547809842099254_1426748166765543424_o-234x300.jpg 234w, https:\/\/perladelsud.pl\/wp-content\/uploads\/2020\/05\/84413716_2547809842099254_1426748166765543424_o-768x985.jpg 768w, https:\/\/perladelsud.pl\/wp-content\/uploads\/2020\/05\/84413716_2547809842099254_1426748166765543424_o-799x1024.jpg 799w, https:\/\/perladelsud.pl\/wp-content\/uploads\/2020\/05\/84413716_2547809842099254_1426748166765543424_o.jpg 1382w\" sizes=\"(max-width: 234px) 100vw, 234px\" \/><\/a>\n\t\t\t<\/dt>\n\t\t\t\t<dd class='wp-caption-text gallery-caption' id='gallery-1-1147'>\n\t\t\t\t Tandu by Aralezo Saga  (FCI)\n\t\t\t\t<\/dd><\/dl><br style=\"clear: both\" \/>\n\t\t<\/div>\n\n","protected":false},"excerpt":{"rendered":"<p>Miot O urodzony 14.02.2020: 2 suczki 2 pieski Wszystkie szczeni\u0119ta znalaz\u0142y kochaj\u0105ce domki. Wi\u0119cej zdj\u0119\u0107 szczeni\u0105t w zak\u0142adce Galeria<\/p>\n","protected":false},"author":1,"featured_media":0,"parent":1161,"menu_order":4,"comment_status":"closed","ping_status":"closed","template":"","meta":[],"_links":{"self":[{"href":"https:\/\/perladelsud.pl\/index.php\/wp-json\/wp\/v2\/pages\/1170"}],"collection":[{"href":"https:\/\/perladelsud.pl\/index.php\/wp-json\/wp\/v2\/pages"}],"about":[{"href":"https:\/\/perladelsud.pl\/index.php\/wp-json\/wp\/v2\/types\/page"}],"author":[{"embeddable":true,"href":"https:\/\/perladelsud.pl\/index.php\/wp-json\/wp\/v2\/users\/1"}],"replies":[{"embeddable":true,"href":"https:\/\/perladelsud.pl\/index.php\/wp-json\/wp\/v2\/comments?post=1170"}],"version-history":[{"count":0,"href":"https:\/\/perladelsud.pl\/index.php\/wp-json\/wp\/v2\/pages\/1170\/revisions"}],"up":[{"embeddable":true,"href":"https:\/\/perladelsud.pl\/index.php\/wp-json\/wp\/v2\/pages\/1161"}],"wp:attachment":[{"href":"https:\/\/perladelsud.pl\/index.php\/wp-json\/wp\/v2\/media?parent=1170"}],"curies":[{"name":"wp","href":"https:\/\/api.w.org\/{rel}","templated":true}]}}