{"id":137,"date":"2016-02-08T11:00:14","date_gmt":"2016-02-08T10:00:14","guid":{"rendered":"http:\/\/perladelsud.pl\/ttt\/?page_id=137"},"modified":"2022-05-10T17:49:37","modified_gmt":"2022-05-10T15:49:37","slug":"137-2","status":"publish","type":"page","link":"https:\/\/perladelsud.pl\/index.php\/pl\/137-2\/","title":{"rendered":"NASZE PIESKI"},"content":{"rendered":"<h1>Suczka HANAH Diamond noblesse dog<\/h1>\n<p>Ma\u015b\u0107: czarno-bia\u0142o-z\u0142ota<\/p>\n<p>Urodzona: 18.06.2018<\/p>\n<p>Ojciec: Bruno Perla del Sud<\/p>\n<p>Matka: \u00a0\u0141ezka Klan \u00a0Biewer Rott<\/p>\n<p>Hanah \u00a0to sunia po naszym piesku Bruno .Malutka suczka, pe\u0142na gracji, idealna budowa, doskona\u0142a psychika. Uwielbia zabawy , bardzo towarzyska w stosunku do ludzi i innych zwierz\u0105t<\/p>\n<p>Osi\u0105gni\u0119cia wystawowe:<\/p>\n<ul>\n<li>Rzesz\u00f3w: Zwyci\u0119zca M\u0142odzie\u017cy, Zwyci\u0119zca P\u0142ci Przeciwnej, ocena :doskona\u0142a lok. I<\/li>\n<li>Zabrze: Zwyci\u0119zca M\u0142odzie\u017cy, Najlepszy Junior w rasie, Zwyci\u0119zca P\u0142ci Przeciwnej ,ocena :doskona\u0142a lok. I<\/li>\n<li>Zabrze: Zwyci\u0119zca M\u0142odzie\u017cy, Najlepszy Junior w rasie, Zwyci\u0119zca Rasy,ocena :doskona\u0142alok. I<\/li>\n<li>Kielce: ocena : doskona\u0142a lok. I<\/li>\n<\/ul>\n<p>&nbsp;<\/p>\n<p>Tytu\u0142y:<\/p>\n<ul>\n<li>M\u0141ODZIE\u017bOWY CHAMPION POLSKI,<\/li>\n<li>3 X Junior BOB<\/li>\n<li>2x \u00a0Najlepszy Junior w Rasie<\/li>\n<li>2 x BOS<\/li>\n<li>1 x BOB<\/li>\n<\/ul>\n\n\t\t<style type=\"text\/css\">\n\t\t\t#gallery-1 {\n\t\t\t\tmargin: auto;\n\t\t\t}\n\t\t\t#gallery-1 .gallery-item {\n\t\t\t\tfloat: left;\n\t\t\t\tmargin-top: 10px;\n\t\t\t\ttext-align: center;\n\t\t\t\twidth: 50%;\n\t\t\t}\n\t\t\t#gallery-1 img {\n\t\t\t\tborder: 2px solid #cfcfcf;\n\t\t\t}\n\t\t\t#gallery-1 .gallery-caption {\n\t\t\t\tmargin-left: 0;\n\t\t\t}\n\t\t\t\/* see gallery_shortcode() in wp-includes\/media.php *\/\n\t\t<\/style>\n\t\t<div id='gallery-1' class='gallery galleryid-137 gallery-columns-2 gallery-size-medium'><dl class='gallery-item'>\n\t\t\t<dt class='gallery-icon portrait'>\n\t\t\t\t<a href='https:\/\/perladelsud.pl\/wp-content\/uploads\/2020\/01\/szecz-536.jpg'><img width=\"223\" height=\"300\" src=\"https:\/\/perladelsud.pl\/wp-content\/uploads\/2020\/01\/szecz-536-223x300.jpg\" class=\"attachment-medium size-medium\" alt=\"\" decoding=\"async\" loading=\"lazy\" srcset=\"https:\/\/perladelsud.pl\/wp-content\/uploads\/2020\/01\/szecz-536-223x300.jpg 223w, https:\/\/perladelsud.pl\/wp-content\/uploads\/2020\/01\/szecz-536.jpg 725w\" sizes=\"(max-width: 223px) 100vw, 223px\" \/><\/a>\n\t\t\t<\/dt><\/dl><dl class='gallery-item'>\n\t\t\t<dt class='gallery-icon landscape'>\n\t\t\t\t<a href='https:\/\/perladelsud.pl\/wp-content\/uploads\/2020\/01\/szecz-541.jpg'><img width=\"300\" height=\"270\" src=\"https:\/\/perladelsud.pl\/wp-content\/uploads\/2020\/01\/szecz-541-300x270.jpg\" class=\"attachment-medium size-medium\" alt=\"\" decoding=\"async\" loading=\"lazy\" srcset=\"https:\/\/perladelsud.pl\/wp-content\/uploads\/2020\/01\/szecz-541-300x270.jpg 300w, https:\/\/perladelsud.pl\/wp-content\/uploads\/2020\/01\/szecz-541-768x692.jpg 768w, https:\/\/perladelsud.pl\/wp-content\/uploads\/2020\/01\/szecz-541.jpg 852w\" sizes=\"(max-width: 300px) 100vw, 300px\" \/><\/a>\n\t\t\t<\/dt><\/dl><br style=\"clear: both\" \/><dl class='gallery-item'>\n\t\t\t<dt class='gallery-icon portrait'>\n\t\t\t\t<a href='https:\/\/perladelsud.pl\/wp-content\/uploads\/2020\/01\/szecz-552.jpg'><img width=\"211\" height=\"300\" src=\"https:\/\/perladelsud.pl\/wp-content\/uploads\/2020\/01\/szecz-552-211x300.jpg\" class=\"attachment-medium size-medium\" alt=\"\" decoding=\"async\" loading=\"lazy\" srcset=\"https:\/\/perladelsud.pl\/wp-content\/uploads\/2020\/01\/szecz-552-211x300.jpg 211w, https:\/\/perladelsud.pl\/wp-content\/uploads\/2020\/01\/szecz-552-768x1091.jpg 768w, https:\/\/perladelsud.pl\/wp-content\/uploads\/2020\/01\/szecz-552-721x1024.jpg 721w\" sizes=\"(max-width: 211px) 100vw, 211px\" \/><\/a>\n\t\t\t<\/dt><\/dl><dl class='gallery-item'>\n\t\t\t<dt class='gallery-icon portrait'>\n\t\t\t\t<a href='https:\/\/perladelsud.pl\/wp-content\/uploads\/2021\/03\/PKR_RN-586_SPKP_RG125-MLCHPL.png'><img width=\"212\" height=\"300\" src=\"https:\/\/perladelsud.pl\/wp-content\/uploads\/2021\/03\/PKR_RN-586_SPKP_RG125-MLCHPL-212x300.png\" class=\"attachment-medium size-medium\" alt=\"\" decoding=\"async\" loading=\"lazy\" srcset=\"https:\/\/perladelsud.pl\/wp-content\/uploads\/2021\/03\/PKR_RN-586_SPKP_RG125-MLCHPL-212x300.png 212w, https:\/\/perladelsud.pl\/wp-content\/uploads\/2021\/03\/PKR_RN-586_SPKP_RG125-MLCHPL-724x1024.png 724w, https:\/\/perladelsud.pl\/wp-content\/uploads\/2021\/03\/PKR_RN-586_SPKP_RG125-MLCHPL-768x1086.png 768w, https:\/\/perladelsud.pl\/wp-content\/uploads\/2021\/03\/PKR_RN-586_SPKP_RG125-MLCHPL-1086x1536.png 1086w, https:\/\/perladelsud.pl\/wp-content\/uploads\/2021\/03\/PKR_RN-586_SPKP_RG125-MLCHPL-1448x2048.png 1448w\" sizes=\"(max-width: 212px) 100vw, 212px\" \/><\/a>\n\t\t\t<\/dt><\/dl><br style=\"clear: both\" \/>\n\t\t<\/div>\n\n<p>&nbsp;<\/p>\n<h2>Suczka Mery Klan Biewer Rott (FCI)<\/h2>\n<p>Urodzona 20.06.2015<\/p>\n<p>Rodzice:<br \/>\nMatka: Amber York Amanda<br \/>\nOjciec: Amber York Szaman<\/p>\n<p>Mery to bardzo weso\u0142a i \u017cywio\u0142owa suczka, uwielbia si\u0119 przytula\u0107 oraz bawi\u0107 ze swoj\u0105 r\u00f3wie\u015bniczk\u0105 Betin\u0105<\/p>\n<p>Osi\u0105gni\u0119cia<\/p>\n<ul>\n<li>10.04.2016 Krajowa Wystawa Ps\u00f3w Rasowych w Gliwicach: ocena doskona\u0142a lok.2<\/li>\n<li>19.06.2016 Mi\u0119dzynarodowa Wystawa Ps\u00f3w Rasowych w Krakowie: ocena doskona\u0142a lok 2<\/li>\n<li>21.08.2016 Nowos\u0105decka Wystawa Ps\u00f3w Rasowych : ocena bardzo dobra lok.2<\/li>\n<li>09.10.2016 Krajowa Wystawa Ps\u00f3w Rasowych w Zabrzu : ocena: doskona\u0142a lok.1 Zwyci\u0119zca \u00a0 \u00a0\u00a0\u00a0\u00a0\u00a0\u00a0 M\u0142odzie\u017cy<\/li>\n<li>12.11.2016 Mi\u0119dzynarodowa \u00a0Wystawa Ps\u00f3w Rasowych w Kielcach : ocena: bardzo dobra lok.2<\/li>\n<li>13.11.2016 Mi\u0119dzynarodowa \u00a0Wystawa Ps\u00f3w Rasowych w Kielcach : ocena: bardzo dobra lok.3<\/li>\n<\/ul>\n\n\t\t<style type=\"text\/css\">\n\t\t\t#gallery-2 {\n\t\t\t\tmargin: auto;\n\t\t\t}\n\t\t\t#gallery-2 .gallery-item {\n\t\t\t\tfloat: left;\n\t\t\t\tmargin-top: 10px;\n\t\t\t\ttext-align: center;\n\t\t\t\twidth: 50%;\n\t\t\t}\n\t\t\t#gallery-2 img {\n\t\t\t\tborder: 2px solid #cfcfcf;\n\t\t\t}\n\t\t\t#gallery-2 .gallery-caption {\n\t\t\t\tmargin-left: 0;\n\t\t\t}\n\t\t\t\/* see gallery_shortcode() in wp-includes\/media.php *\/\n\t\t<\/style>\n\t\t<div id='gallery-2' class='gallery galleryid-137 gallery-columns-2 gallery-size-medium'><dl class='gallery-item'>\n\t\t\t<dt class='gallery-icon landscape'>\n\t\t\t\t<a href='https:\/\/perladelsud.pl\/wp-content\/uploads\/2016\/02\/Obraz-012-e1473837595587.jpg'><img width=\"300\" height=\"262\" src=\"https:\/\/perladelsud.pl\/wp-content\/uploads\/2016\/02\/Obraz-012-300x262.jpg\" class=\"attachment-medium size-medium\" alt=\"\" decoding=\"async\" loading=\"lazy\" srcset=\"https:\/\/perladelsud.pl\/wp-content\/uploads\/2016\/02\/Obraz-012-300x262.jpg 300w, https:\/\/perladelsud.pl\/wp-content\/uploads\/2016\/02\/Obraz-012-768x671.jpg 768w, https:\/\/perladelsud.pl\/wp-content\/uploads\/2016\/02\/Obraz-012-e1473837595587.jpg 1024w\" sizes=\"(max-width: 300px) 100vw, 300px\" \/><\/a>\n\t\t\t<\/dt><\/dl><dl class='gallery-item'>\n\t\t\t<dt class='gallery-icon portrait'>\n\t\t\t\t<a href='https:\/\/perladelsud.pl\/wp-content\/uploads\/2016\/02\/Obraz-016-e1473837576484.jpg'><img width=\"262\" height=\"300\" src=\"https:\/\/perladelsud.pl\/wp-content\/uploads\/2016\/02\/Obraz-016-262x300.jpg\" class=\"attachment-medium size-medium\" alt=\"\" decoding=\"async\" loading=\"lazy\" srcset=\"https:\/\/perladelsud.pl\/wp-content\/uploads\/2016\/02\/Obraz-016-262x300.jpg 262w, https:\/\/perladelsud.pl\/wp-content\/uploads\/2016\/02\/Obraz-016-768x879.jpg 768w, https:\/\/perladelsud.pl\/wp-content\/uploads\/2016\/02\/Obraz-016-e1473837576484.jpg 894w\" sizes=\"(max-width: 262px) 100vw, 262px\" \/><\/a>\n\t\t\t<\/dt><\/dl><br style=\"clear: both\" \/>\n\t\t<\/div>\n\n<h2>Suczka Betina Perla de Sud (FCI)<\/h2>\n<p>Urodzona ; 07.07.2015<\/p>\n<p>Rodzice :<br \/>\nMatka; Suzanne &#8211; Prinzes Klan Biewer Rott<br \/>\nOjciec:\u00a0Amber York Szaman<\/p>\n<p>Betina to suczka urodzona w naszej hodowli, jest odwa\u017cna , weso\u0142a, uwielbia sie przytula\u0107 , pi\u0119knie prezentuje si\u0119 na wystawach. W wieku 13 miesi\u0119cy otrzyma\u0142a tytu\u0142 M\u0142odzie\u017cowego Championa Polski<\/p>\n<p>Osi\u0105gni\u0119cia:<\/p>\n<ul>\n<li>10.04.2016 Krajowa Wystawa Ps\u00f3w Rasowych w Gliwicach: ocena doskona\u0142a lok.1 Zwyci\u0119zca M\u0142odzie\u017cy, Najlepszy Junior w Rasie<\/li>\n<li>19.06.2016 Mi\u0119dzynarodowa Wystawa Ps\u00f3w Rasowych w Krakowie: ocena doskona\u0142a lok 1, Zwyci\u0119zca M\u0142odzie\u017cy, Najlepszy Junior w Rasie, Zwyci\u0119zca Rasy<\/li>\n<li>21.08.2016 Nowos\u0105decka Wystawa Ps\u00f3w Rasowych : ocena doskona\u0142a \u00a0lok.1Zwyci\u0119zca M\u0142odzie\u017cy, Najlepszy Junior w Rasie, Zwyci\u0119zca Rasy<\/li>\n<li>09.10.2016 Krajowa Wystawa Ps\u00f3w Rasowych w Zabrzu : ocena: doskona\u0142a lok.1 CWC, Najlepsza Doros\u0142a Suka w Rasie, Zwyci\u0119zca Rasy<\/li>\n<li>13.11.2016 Mi\u0119dzynarodowa \u00a0Wystawa Ps\u00f3w Rasowych w Kielcach : ocena:\u00a0doskona\u0142a lok.1 CWC, Najlepsza Doros\u0142a Suka w Rasie<\/li>\n<li>09.04.2017 Krajowa Wystawa Ps\u00f3w Rasowych w Zabrzu:ocena: doskona\u0142a lok.1 CWC<\/li>\n<\/ul>\n<p>Tytu\u0142y:<\/p>\n<ul>\n<li>3 x Junior BOB<\/li>\n<li>3 x Najlepszy Junior w Rasie<\/li>\n<li>3 x BOB<\/li>\n<li>M\u0142ODZIE\u017bOWY CHAMPION POLSKI<\/li>\n<li>3 x CWC<\/li>\n<li>2 x Najlepsza Doros\u0142a Suka w Rasie<\/li>\n<li>CHAMPION POLSKI<\/li>\n<\/ul>\n\n\t\t<style type=\"text\/css\">\n\t\t\t#gallery-3 {\n\t\t\t\tmargin: auto;\n\t\t\t}\n\t\t\t#gallery-3 .gallery-item {\n\t\t\t\tfloat: left;\n\t\t\t\tmargin-top: 10px;\n\t\t\t\ttext-align: center;\n\t\t\t\twidth: 50%;\n\t\t\t}\n\t\t\t#gallery-3 img {\n\t\t\t\tborder: 2px solid #cfcfcf;\n\t\t\t}\n\t\t\t#gallery-3 .gallery-caption {\n\t\t\t\tmargin-left: 0;\n\t\t\t}\n\t\t\t\/* see gallery_shortcode() in wp-includes\/media.php *\/\n\t\t<\/style>\n\t\t<div id='gallery-3' class='gallery galleryid-137 gallery-columns-2 gallery-size-medium'><dl class='gallery-item'>\n\t\t\t<dt class='gallery-icon landscape'>\n\t\t\t\t<a href='https:\/\/perladelsud.pl\/wp-content\/uploads\/2016\/02\/Obraz-005-e1473837922128.jpg'><img width=\"300\" height=\"258\" src=\"https:\/\/perladelsud.pl\/wp-content\/uploads\/2016\/02\/Obraz-005-300x258.jpg\" class=\"attachment-medium size-medium\" alt=\"\" decoding=\"async\" loading=\"lazy\" srcset=\"https:\/\/perladelsud.pl\/wp-content\/uploads\/2016\/02\/Obraz-005-300x258.jpg 300w, https:\/\/perladelsud.pl\/wp-content\/uploads\/2016\/02\/Obraz-005-768x661.jpg 768w, https:\/\/perladelsud.pl\/wp-content\/uploads\/2016\/02\/Obraz-005-e1473837922128.jpg 1024w\" sizes=\"(max-width: 300px) 100vw, 300px\" \/><\/a>\n\t\t\t<\/dt><\/dl><dl class='gallery-item'>\n\t\t\t<dt class='gallery-icon landscape'>\n\t\t\t\t<a href='https:\/\/perladelsud.pl\/wp-content\/uploads\/2016\/02\/Obraz-015-e1473837941412.jpg'><img width=\"300\" height=\"254\" src=\"https:\/\/perladelsud.pl\/wp-content\/uploads\/2016\/02\/Obraz-015-300x254.jpg\" class=\"attachment-medium size-medium\" alt=\"\" decoding=\"async\" loading=\"lazy\" srcset=\"https:\/\/perladelsud.pl\/wp-content\/uploads\/2016\/02\/Obraz-015-300x254.jpg 300w, https:\/\/perladelsud.pl\/wp-content\/uploads\/2016\/02\/Obraz-015-768x649.jpg 768w, https:\/\/perladelsud.pl\/wp-content\/uploads\/2016\/02\/Obraz-015-e1473837941412.jpg 1024w\" sizes=\"(max-width: 300px) 100vw, 300px\" \/><\/a>\n\t\t\t<\/dt><\/dl><br style=\"clear: both\" \/><dl class='gallery-item'>\n\t\t\t<dt class='gallery-icon portrait'>\n\t\t\t\t<a href='https:\/\/perladelsud.pl\/wp-content\/uploads\/2016\/09\/PKR_RN-312-CHPL-e1508936268822.jpg'><img width=\"212\" height=\"300\" src=\"https:\/\/perladelsud.pl\/wp-content\/uploads\/2016\/09\/PKR_RN-312-CHPL-212x300.jpg\" class=\"attachment-medium size-medium\" alt=\"\" decoding=\"async\" loading=\"lazy\" srcset=\"https:\/\/perladelsud.pl\/wp-content\/uploads\/2016\/09\/PKR_RN-312-CHPL-212x300.jpg 212w, https:\/\/perladelsud.pl\/wp-content\/uploads\/2016\/09\/PKR_RN-312-CHPL-768x1086.jpg 768w, https:\/\/perladelsud.pl\/wp-content\/uploads\/2016\/09\/PKR_RN-312-CHPL-724x1024.jpg 724w, https:\/\/perladelsud.pl\/wp-content\/uploads\/2016\/09\/PKR_RN-312-CHPL-e1508936268822.jpg 481w\" sizes=\"(max-width: 212px) 100vw, 212px\" \/><\/a>\n\t\t\t<\/dt><\/dl><dl class='gallery-item'>\n\t\t\t<dt class='gallery-icon portrait'>\n\t\t\t\t<a href='https:\/\/perladelsud.pl\/wp-content\/uploads\/2016\/09\/PKR_RN-312-M\u0141CHPL-e1508936281880.jpg'><img width=\"220\" height=\"300\" src=\"https:\/\/perladelsud.pl\/wp-content\/uploads\/2016\/09\/PKR_RN-312-M\u0141CHPL-220x300.jpg\" class=\"attachment-medium size-medium\" alt=\"\" decoding=\"async\" loading=\"lazy\" srcset=\"https:\/\/perladelsud.pl\/wp-content\/uploads\/2016\/09\/PKR_RN-312-M\u0141CHPL-220x300.jpg 220w, https:\/\/perladelsud.pl\/wp-content\/uploads\/2016\/09\/PKR_RN-312-M\u0141CHPL-768x1049.jpg 768w, https:\/\/perladelsud.pl\/wp-content\/uploads\/2016\/09\/PKR_RN-312-M\u0141CHPL-750x1024.jpg 750w, https:\/\/perladelsud.pl\/wp-content\/uploads\/2016\/09\/PKR_RN-312-M\u0141CHPL-e1508936281880.jpg 498w\" sizes=\"(max-width: 220px) 100vw, 220px\" \/><\/a>\n\t\t\t<\/dt><\/dl><br style=\"clear: both\" \/>\n\t\t<\/div>\n\n<p>&nbsp;<\/p>\n<h1 class=\"contentheading\">Reproduktor Tandu by Aralezo Saga<\/h1>\n<div>\n<p>Ma\u015b\u0107: czarno-bia\u0142o-z\u0142ota<br \/>\nUrodzony: 18.05.2018<br \/>\nOjciec: Bentley Zolotaya Imperia<br \/>\nMatka: Aleks\u00a0Femili\u00a0Tina Rossi Lux Flower<\/p>\n<p>Tandu samczyk sprowadzony z Litwy, po bardzo utytu\u0142owanych\u00a0rodzicach. Zr\u00f3wnowa\u017cona psychika, \u00a0chce by lepszy od innych \ud83d\ude09 dlatego ch\u0119tnie wykonuje polecenia i \u015bwietnie prezentuje si\u0119 na wystawach.<\/p>\n<p>Osi\u0105gni\u0119cia\u00a0wystawowe:<\/p>\n<ul>\n<li>Rzesz\u00f3w: Zwyci\u0119zca M\u0142odzie\u017cy, Najlepszy Junior w Rasie, Zwyci\u0119zca Rasy, ocena: doskona\u0142a lok 1<\/li>\n<li>Bytom: Najlepszy Junior w Rasie, Zwyci\u0119zca P\u0142ci Przeciwnej ,\u00a0ocena: doskona\u0142a lok 1<\/li>\n<li>Krak\u00f3w:\u00a0Zwyci\u0119zca M\u0142odzie\u017cy, Najlepszy Junior w Rasie, Zwyci\u0119zca Rasy, ocena: doskona\u0142a lok 1<\/li>\n<li>Rybnik: Najlepszy Doros\u0142y Pies, Zwyci\u0119zca P\u0142ci Przeciwnej, CWC, ocena: doskona\u0142a lok 1<\/li>\n<li>Zabrze:\u00a0Najlepszy Doros\u0142y Pies, Zwyci\u0119zca Rasy, CWC,\u00a0doskona\u0142a lok 1<\/li>\n<li>Zabrze:\u00a0Najlepszy Doros\u0142y Pies, Zwyci\u0119zca P\u0142ci Przeciwnej \u00a0CWC,\u00a0doskona\u0142a lok 1<\/li>\n<li>Zabrze:\u00a0Najlepszy Doros\u0142y Pies, Zwyci\u0119zca P\u0142ci Przeciwnej \u00a0CWC,\u00a0doskona\u0142a lok 1<\/li>\n<li>Zabrze: \u00a0CWC,\u00a0doskona\u0142a lok 1<\/li>\n<\/ul>\n<p>Tytu\u0142y:<\/p>\n<ul>\n<li>M\u0141ODZIE\u017bOWY\u00a0CHAMPION\u00a0POLSKI<\/li>\n<li>CHAMPION POLSKI<\/li>\n<li>2x Zwyci\u0119zca M\u0142odzie\u017cy<\/li>\n<li>3x Junior BOB<\/li>\n<li>4x BOS<\/li>\n<li>3x BOB<\/li>\n<li>4x Najlepszy Doros\u0142y Pies<\/li>\n<li>5x CWC<\/li>\n<\/ul>\n\n\t\t<style type=\"text\/css\">\n\t\t\t#gallery-4 {\n\t\t\t\tmargin: auto;\n\t\t\t}\n\t\t\t#gallery-4 .gallery-item {\n\t\t\t\tfloat: left;\n\t\t\t\tmargin-top: 10px;\n\t\t\t\ttext-align: center;\n\t\t\t\twidth: 50%;\n\t\t\t}\n\t\t\t#gallery-4 img {\n\t\t\t\tborder: 2px solid #cfcfcf;\n\t\t\t}\n\t\t\t#gallery-4 .gallery-caption {\n\t\t\t\tmargin-left: 0;\n\t\t\t}\n\t\t\t\/* see gallery_shortcode() in wp-includes\/media.php *\/\n\t\t<\/style>\n\t\t<div id='gallery-4' class='gallery galleryid-137 gallery-columns-2 gallery-size-medium'><dl class='gallery-item'>\n\t\t\t<dt class='gallery-icon landscape'>\n\t\t\t\t<a href='https:\/\/perladelsud.pl\/wp-content\/uploads\/2020\/10\/szecz-490.jpg'><img width=\"300\" height=\"274\" src=\"https:\/\/perladelsud.pl\/wp-content\/uploads\/2020\/10\/szecz-490-300x274.jpg\" class=\"attachment-medium size-medium\" alt=\"\" decoding=\"async\" loading=\"lazy\" aria-describedby=\"gallery-4-1248\" srcset=\"https:\/\/perladelsud.pl\/wp-content\/uploads\/2020\/10\/szecz-490-300x274.jpg 300w, https:\/\/perladelsud.pl\/wp-content\/uploads\/2020\/10\/szecz-490-768x702.jpg 768w, https:\/\/perladelsud.pl\/wp-content\/uploads\/2020\/10\/szecz-490.jpg 840w\" sizes=\"(max-width: 300px) 100vw, 300px\" \/><\/a>\n\t\t\t<\/dt>\n\t\t\t\t<dd class='wp-caption-text gallery-caption' id='gallery-4-1248'>\n\t\t\t\tOjciec: Tandu by Aralezo Saga\n\t\t\t\t<\/dd><\/dl><dl class='gallery-item'>\n\t\t\t<dt class='gallery-icon landscape'>\n\t\t\t\t<a href='https:\/\/perladelsud.pl\/wp-content\/uploads\/2020\/10\/szecz-494.jpg'><img width=\"300\" height=\"296\" src=\"https:\/\/perladelsud.pl\/wp-content\/uploads\/2020\/10\/szecz-494-300x296.jpg\" class=\"attachment-medium size-medium\" alt=\"\" decoding=\"async\" loading=\"lazy\" srcset=\"https:\/\/perladelsud.pl\/wp-content\/uploads\/2020\/10\/szecz-494-300x296.jpg 300w, https:\/\/perladelsud.pl\/wp-content\/uploads\/2020\/10\/szecz-494-768x759.jpg 768w, https:\/\/perladelsud.pl\/wp-content\/uploads\/2020\/10\/szecz-494.jpg 810w\" sizes=\"(max-width: 300px) 100vw, 300px\" \/><\/a>\n\t\t\t<\/dt><\/dl><br style=\"clear: both\" \/><dl class='gallery-item'>\n\t\t\t<dt class='gallery-icon portrait'>\n\t\t\t\t<a href='https:\/\/perladelsud.pl\/wp-content\/uploads\/2020\/10\/szecz-497.jpg'><img width=\"269\" height=\"300\" src=\"https:\/\/perladelsud.pl\/wp-content\/uploads\/2020\/10\/szecz-497-269x300.jpg\" class=\"attachment-medium size-medium\" alt=\"\" decoding=\"async\" loading=\"lazy\" srcset=\"https:\/\/perladelsud.pl\/wp-content\/uploads\/2020\/10\/szecz-497-269x300.jpg 269w, https:\/\/perladelsud.pl\/wp-content\/uploads\/2020\/10\/szecz-497.jpg 720w\" sizes=\"(max-width: 269px) 100vw, 269px\" \/><\/a>\n\t\t\t<\/dt><\/dl><dl class='gallery-item'>\n\t\t\t<dt class='gallery-icon portrait'>\n\t\t\t\t<a href='https:\/\/perladelsud.pl\/wp-content\/uploads\/2020\/12\/PKR_RN-587_RLSVK_BYT_0156_18-CHPL1.png'><img width=\"212\" height=\"300\" src=\"https:\/\/perladelsud.pl\/wp-content\/uploads\/2020\/12\/PKR_RN-587_RLSVK_BYT_0156_18-CHPL1-212x300.png\" class=\"attachment-medium size-medium\" alt=\"\" decoding=\"async\" loading=\"lazy\" srcset=\"https:\/\/perladelsud.pl\/wp-content\/uploads\/2020\/12\/PKR_RN-587_RLSVK_BYT_0156_18-CHPL1-212x300.png 212w, https:\/\/perladelsud.pl\/wp-content\/uploads\/2020\/12\/PKR_RN-587_RLSVK_BYT_0156_18-CHPL1-724x1024.png 724w, https:\/\/perladelsud.pl\/wp-content\/uploads\/2020\/12\/PKR_RN-587_RLSVK_BYT_0156_18-CHPL1-768x1086.png 768w, https:\/\/perladelsud.pl\/wp-content\/uploads\/2020\/12\/PKR_RN-587_RLSVK_BYT_0156_18-CHPL1-1086x1536.png 1086w, https:\/\/perladelsud.pl\/wp-content\/uploads\/2020\/12\/PKR_RN-587_RLSVK_BYT_0156_18-CHPL1-1448x2048.png 1448w\" sizes=\"(max-width: 212px) 100vw, 212px\" \/><\/a>\n\t\t\t<\/dt><\/dl><br style=\"clear: both\" \/><dl class='gallery-item'>\n\t\t\t<dt class='gallery-icon portrait'>\n\t\t\t\t<a href='https:\/\/perladelsud.pl\/wp-content\/uploads\/2020\/12\/PKR_RN-587_RLSVK_BYT_0156_18-MLCHPL-21.png'><img width=\"212\" height=\"300\" src=\"https:\/\/perladelsud.pl\/wp-content\/uploads\/2020\/12\/PKR_RN-587_RLSVK_BYT_0156_18-MLCHPL-21-212x300.png\" class=\"attachment-medium size-medium\" alt=\"\" decoding=\"async\" loading=\"lazy\" srcset=\"https:\/\/perladelsud.pl\/wp-content\/uploads\/2020\/12\/PKR_RN-587_RLSVK_BYT_0156_18-MLCHPL-21-212x300.png 212w, https:\/\/perladelsud.pl\/wp-content\/uploads\/2020\/12\/PKR_RN-587_RLSVK_BYT_0156_18-MLCHPL-21-724x1024.png 724w, https:\/\/perladelsud.pl\/wp-content\/uploads\/2020\/12\/PKR_RN-587_RLSVK_BYT_0156_18-MLCHPL-21-768x1086.png 768w, https:\/\/perladelsud.pl\/wp-content\/uploads\/2020\/12\/PKR_RN-587_RLSVK_BYT_0156_18-MLCHPL-21-1086x1536.png 1086w, https:\/\/perladelsud.pl\/wp-content\/uploads\/2020\/12\/PKR_RN-587_RLSVK_BYT_0156_18-MLCHPL-21-1448x2048.png 1448w\" sizes=\"(max-width: 212px) 100vw, 212px\" \/><\/a>\n\t\t\t<\/dt><\/dl>\n\t\t\t<br style='clear: both' \/>\n\t\t<\/div>\n\n<p><a href=\"http:\/\/ingrus.net\/biewer\/en\/details\/21024\"><img decoding=\"async\" loading=\"lazy\" class=\"alignnone wp-image-1271\" src=\"https:\/\/perladelsud.pl\/wp-content\/uploads\/2020\/10\/tandu-baner-300x17.png\" alt=\"\" width=\"474\" height=\"36\" \/><\/a><\/p>\n<h1 class=\"entry-title\">Reproduktor\u00a0Iwan Mademioselle\u00a0Iwet<\/h1>\n<div>\n<p>Ma\u015b\u0107: czarno-bia\u0142o-z\u0142ota<br \/>\nUrodzony: 28.10.2019<br \/>\nOjciec: Andre Mademioselle\u00a0Iwet<br \/>\nMatka: Fortuna Senasis Molas<\/p>\n<p>Malutki , zgrabny ,sprawdzony reproduktor, waga 2 kg.<\/p>\n<p>Uprawnienie hodowlane uzyska\u0142 na przegl\u0105dzie kwalifikuj\u0105cym do hodowli i otrzyma\u0142 bardzo \u0142adny opis: bardzo \u0142adna g\u0142owa, dobrze osadzone ucho, dobra d\u0142ugo\u015b\u0107 klatki piersiowej, dobry grzbiet i ruch, dobry gatunek szaty i bardzo dobry charakter<\/p>\n\n\t\t<style type=\"text\/css\">\n\t\t\t#gallery-5 {\n\t\t\t\tmargin: auto;\n\t\t\t}\n\t\t\t#gallery-5 .gallery-item {\n\t\t\t\tfloat: left;\n\t\t\t\tmargin-top: 10px;\n\t\t\t\ttext-align: center;\n\t\t\t\twidth: 50%;\n\t\t\t}\n\t\t\t#gallery-5 img {\n\t\t\t\tborder: 2px solid #cfcfcf;\n\t\t\t}\n\t\t\t#gallery-5 .gallery-caption {\n\t\t\t\tmargin-left: 0;\n\t\t\t}\n\t\t\t\/* see gallery_shortcode() in wp-includes\/media.php *\/\n\t\t<\/style>\n\t\t<div id='gallery-5' class='gallery galleryid-137 gallery-columns-2 gallery-size-medium'><dl class='gallery-item'>\n\t\t\t<dt class='gallery-icon landscape'>\n\t\t\t\t<a href='https:\/\/perladelsud.pl\/wp-content\/uploads\/2021\/09\/168825949_1890181567804109_6904887593122960795_n.jpg'><img width=\"300\" height=\"195\" src=\"https:\/\/perladelsud.pl\/wp-content\/uploads\/2021\/09\/168825949_1890181567804109_6904887593122960795_n-300x195.jpg\" class=\"attachment-medium size-medium\" alt=\"\" decoding=\"async\" loading=\"lazy\" srcset=\"https:\/\/perladelsud.pl\/wp-content\/uploads\/2021\/09\/168825949_1890181567804109_6904887593122960795_n-300x195.jpg 300w, https:\/\/perladelsud.pl\/wp-content\/uploads\/2021\/09\/168825949_1890181567804109_6904887593122960795_n-1024x666.jpg 1024w, https:\/\/perladelsud.pl\/wp-content\/uploads\/2021\/09\/168825949_1890181567804109_6904887593122960795_n-768x499.jpg 768w, https:\/\/perladelsud.pl\/wp-content\/uploads\/2021\/09\/168825949_1890181567804109_6904887593122960795_n.jpg 1200w\" sizes=\"(max-width: 300px) 100vw, 300px\" \/><\/a>\n\t\t\t<\/dt><\/dl><dl class='gallery-item'>\n\t\t\t<dt class='gallery-icon landscape'>\n\t\t\t\t<a href='https:\/\/perladelsud.pl\/wp-content\/uploads\/2021\/09\/165671936_1884351538387112_1631214038862109065_n.jpg'><img width=\"300\" height=\"209\" src=\"https:\/\/perladelsud.pl\/wp-content\/uploads\/2021\/09\/165671936_1884351538387112_1631214038862109065_n-300x209.jpg\" class=\"attachment-medium size-medium\" alt=\"\" decoding=\"async\" loading=\"lazy\" srcset=\"https:\/\/perladelsud.pl\/wp-content\/uploads\/2021\/09\/165671936_1884351538387112_1631214038862109065_n-300x209.jpg 300w, https:\/\/perladelsud.pl\/wp-content\/uploads\/2021\/09\/165671936_1884351538387112_1631214038862109065_n-1024x713.jpg 1024w, https:\/\/perladelsud.pl\/wp-content\/uploads\/2021\/09\/165671936_1884351538387112_1631214038862109065_n-768x535.jpg 768w, https:\/\/perladelsud.pl\/wp-content\/uploads\/2021\/09\/165671936_1884351538387112_1631214038862109065_n.jpg 1200w\" sizes=\"(max-width: 300px) 100vw, 300px\" \/><\/a>\n\t\t\t<\/dt><\/dl><br style=\"clear: both\" \/><dl class='gallery-item'>\n\t\t\t<dt class='gallery-icon landscape'>\n\t\t\t\t<a href='https:\/\/perladelsud.pl\/wp-content\/uploads\/2021\/09\/163949134_1880704445418488_2170166674127159706_n.jpg'><img width=\"300\" height=\"200\" src=\"https:\/\/perladelsud.pl\/wp-content\/uploads\/2021\/09\/163949134_1880704445418488_2170166674127159706_n-300x200.jpg\" class=\"attachment-medium size-medium\" alt=\"\" decoding=\"async\" loading=\"lazy\" srcset=\"https:\/\/perladelsud.pl\/wp-content\/uploads\/2021\/09\/163949134_1880704445418488_2170166674127159706_n-300x200.jpg 300w, https:\/\/perladelsud.pl\/wp-content\/uploads\/2021\/09\/163949134_1880704445418488_2170166674127159706_n-1024x684.jpg 1024w, https:\/\/perladelsud.pl\/wp-content\/uploads\/2021\/09\/163949134_1880704445418488_2170166674127159706_n-768x513.jpg 768w, https:\/\/perladelsud.pl\/wp-content\/uploads\/2021\/09\/163949134_1880704445418488_2170166674127159706_n.jpg 1200w\" sizes=\"(max-width: 300px) 100vw, 300px\" \/><\/a>\n\t\t\t<\/dt><\/dl>\n\t\t\t<br style='clear: both' \/>\n\t\t<\/div>\n\n<p>&nbsp;<\/p>\n<div>\n<p>&nbsp;<\/p>\n<h1>Suczka Niki Perla del Sud<\/h1>\n<p>Ma\u015b\u0107: czarno-bia\u0142o-z\u0142ota<\/p>\n<p>Urodzona: 16.08.2019<\/p>\n<p>Ojciec Andre Mademoiselle Iwet<\/p>\n<p>Matka: Suzanne Prinzess Klan Biewer Rott<\/p>\n<p>Niki to suczka urodzona w naszej hodowli, uwielbia si\u0119 przytula\u0107.<br \/>\nUprawnienia hodowlane uzyska\u0142a na przegl\u0105dzie hodowlanym i bardzo \u0142adny opis:<br \/>\nTypowa suka o bardzo dobrych proporcjach, mocna g\u0142owa , dobre oko i szyja, mocna ko\u015b\u0107. Bardzo dobra w ruchu, dobrze osadzony i noszony ogon. Dobry gatunek szaty, bardzo dobry charakter<\/p>\n<p>Osi\u0105gni\u0119cia wystawowe:<\/p>\n<ul>\n<li>Zabrze: Zwyci\u0119zca M\u0142odzie\u017cy, ocena; doskona\u0142a lok. 1<\/li>\n<li>Zabrze:\u00a0 Zwyci\u0119zca M\u0142odzie\u017cy, ocena; doskona\u0142a lok. 1<\/li>\n<\/ul>\n<p>&nbsp;<\/p>\n<p>Tytu\u0142y:<\/p>\n<ul>\n<li>2x Junior BOB<\/li>\n<\/ul>\n\n\t\t<style type=\"text\/css\">\n\t\t\t#gallery-6 {\n\t\t\t\tmargin: auto;\n\t\t\t}\n\t\t\t#gallery-6 .gallery-item {\n\t\t\t\tfloat: left;\n\t\t\t\tmargin-top: 10px;\n\t\t\t\ttext-align: center;\n\t\t\t\twidth: 50%;\n\t\t\t}\n\t\t\t#gallery-6 img {\n\t\t\t\tborder: 2px solid #cfcfcf;\n\t\t\t}\n\t\t\t#gallery-6 .gallery-caption {\n\t\t\t\tmargin-left: 0;\n\t\t\t}\n\t\t\t\/* see gallery_shortcode() in wp-includes\/media.php *\/\n\t\t<\/style>\n\t\t<div id='gallery-6' class='gallery galleryid-137 gallery-columns-2 gallery-size-medium'><dl class='gallery-item'>\n\t\t\t<dt class='gallery-icon landscape'>\n\t\t\t\t<a href='https:\/\/perladelsud.pl\/wp-content\/uploads\/2021\/11\/163959965_1880712485417684_8928282374268469513_n.jpg'><img width=\"300\" height=\"214\" src=\"https:\/\/perladelsud.pl\/wp-content\/uploads\/2021\/11\/163959965_1880712485417684_8928282374268469513_n-300x214.jpg\" class=\"attachment-medium size-medium\" alt=\"\" decoding=\"async\" loading=\"lazy\" srcset=\"https:\/\/perladelsud.pl\/wp-content\/uploads\/2021\/11\/163959965_1880712485417684_8928282374268469513_n-300x214.jpg 300w, https:\/\/perladelsud.pl\/wp-content\/uploads\/2021\/11\/163959965_1880712485417684_8928282374268469513_n-1024x730.jpg 1024w, https:\/\/perladelsud.pl\/wp-content\/uploads\/2021\/11\/163959965_1880712485417684_8928282374268469513_n-768x547.jpg 768w, https:\/\/perladelsud.pl\/wp-content\/uploads\/2021\/11\/163959965_1880712485417684_8928282374268469513_n.jpg 1200w\" sizes=\"(max-width: 300px) 100vw, 300px\" \/><\/a>\n\t\t\t<\/dt><\/dl><dl class='gallery-item'>\n\t\t\t<dt class='gallery-icon landscape'>\n\t\t\t\t<a href='https:\/\/perladelsud.pl\/wp-content\/uploads\/2021\/11\/164915339_1880712602084339_6553866922665167419_n.jpg'><img width=\"300\" height=\"200\" src=\"https:\/\/perladelsud.pl\/wp-content\/uploads\/2021\/11\/164915339_1880712602084339_6553866922665167419_n-300x200.jpg\" class=\"attachment-medium size-medium\" alt=\"\" decoding=\"async\" loading=\"lazy\" srcset=\"https:\/\/perladelsud.pl\/wp-content\/uploads\/2021\/11\/164915339_1880712602084339_6553866922665167419_n-300x200.jpg 300w, https:\/\/perladelsud.pl\/wp-content\/uploads\/2021\/11\/164915339_1880712602084339_6553866922665167419_n-1024x684.jpg 1024w, https:\/\/perladelsud.pl\/wp-content\/uploads\/2021\/11\/164915339_1880712602084339_6553866922665167419_n-768x513.jpg 768w, https:\/\/perladelsud.pl\/wp-content\/uploads\/2021\/11\/164915339_1880712602084339_6553866922665167419_n.jpg 1200w\" sizes=\"(max-width: 300px) 100vw, 300px\" \/><\/a>\n\t\t\t<\/dt><\/dl><br style=\"clear: both\" \/><dl class='gallery-item'>\n\t\t\t<dt class='gallery-icon landscape'>\n\t\t\t\t<a href='https:\/\/perladelsud.pl\/wp-content\/uploads\/2021\/11\/168776252_1889994091156190_1838295898297744489_n.jpg'><img width=\"300\" height=\"205\" src=\"https:\/\/perladelsud.pl\/wp-content\/uploads\/2021\/11\/168776252_1889994091156190_1838295898297744489_n-300x205.jpg\" class=\"attachment-medium size-medium\" alt=\"\" decoding=\"async\" loading=\"lazy\" srcset=\"https:\/\/perladelsud.pl\/wp-content\/uploads\/2021\/11\/168776252_1889994091156190_1838295898297744489_n-300x205.jpg 300w, https:\/\/perladelsud.pl\/wp-content\/uploads\/2021\/11\/168776252_1889994091156190_1838295898297744489_n-1024x701.jpg 1024w, https:\/\/perladelsud.pl\/wp-content\/uploads\/2021\/11\/168776252_1889994091156190_1838295898297744489_n-768x526.jpg 768w, https:\/\/perladelsud.pl\/wp-content\/uploads\/2021\/11\/168776252_1889994091156190_1838295898297744489_n.jpg 1170w\" sizes=\"(max-width: 300px) 100vw, 300px\" \/><\/a>\n\t\t\t<\/dt><\/dl>\n\t\t\t<br style='clear: both' \/>\n\t\t<\/div>\n\n<\/div>\n<\/div>\n<\/div>\n","protected":false},"excerpt":{"rendered":"<p>Suczka HANAH Diamond noblesse dog Ma\u015b\u0107: czarno-bia\u0142o-z\u0142ota Urodzona: 18.06.2018 Ojciec: Bruno Perla del Sud Matka: \u00a0\u0141ezka Klan \u00a0Biewer Rott Hanah \u00a0to sunia po naszym piesku Bruno .Malutka suczka, pe\u0142na gracji, <a class=\"more-link\" href=\"https:\/\/perladelsud.pl\/index.php\/pl\/137-2\/\">Continue Reading \u2192<\/a><\/p>\n","protected":false},"author":1,"featured_media":0,"parent":0,"menu_order":2,"comment_status":"closed","ping_status":"closed","template":"","meta":[],"_links":{"self":[{"href":"https:\/\/perladelsud.pl\/index.php\/wp-json\/wp\/v2\/pages\/137"}],"collection":[{"href":"https:\/\/perladelsud.pl\/index.php\/wp-json\/wp\/v2\/pages"}],"about":[{"href":"https:\/\/perladelsud.pl\/index.php\/wp-json\/wp\/v2\/types\/page"}],"author":[{"embeddable":true,"href":"https:\/\/perladelsud.pl\/index.php\/wp-json\/wp\/v2\/users\/1"}],"replies":[{"embeddable":true,"href":"https:\/\/perladelsud.pl\/index.php\/wp-json\/wp\/v2\/comments?post=137"}],"version-history":[{"count":16,"href":"https:\/\/perladelsud.pl\/index.php\/wp-json\/wp\/v2\/pages\/137\/revisions"}],"predecessor-version":[{"id":1666,"href":"https:\/\/perladelsud.pl\/index.php\/wp-json\/wp\/v2\/pages\/137\/revisions\/1666"}],"wp:attachment":[{"href":"https:\/\/perladelsud.pl\/index.php\/wp-json\/wp\/v2\/media?parent=137"}],"curies":[{"name":"wp","href":"https:\/\/api.w.org\/{rel}","templated":true}]}}