{"id":1457,"date":"2021-09-16T14:26:07","date_gmt":"2021-09-16T12:26:07","guid":{"rendered":"https:\/\/perladelsud.pl\/?page_id=1457"},"modified":"2022-05-10T18:47:41","modified_gmt":"2022-05-10T16:47:41","slug":"miot-t","status":"publish","type":"page","link":"https:\/\/perladelsud.pl\/index.php\/pl\/galeria\/miot-t\/","title":{"rendered":"Miot urodzony 2021"},"content":{"rendered":"<p><strong>Miot U <\/strong>urodzony 08.06.2021 : 1 samiec<\/p>\n<p>Rodzice szczeni\u0105t to:<br \/>\nMatka :Betina Perla del Sud (FCI)<br \/>\nOjciec:\u00a0Tandu by Aralezo Saga(FCI) Miot R i S<\/p>\n\n\t\t<style type=\"text\/css\">\n\t\t\t#gallery-1 {\n\t\t\t\tmargin: auto;\n\t\t\t}\n\t\t\t#gallery-1 .gallery-item {\n\t\t\t\tfloat: left;\n\t\t\t\tmargin-top: 10px;\n\t\t\t\ttext-align: center;\n\t\t\t\twidth: 50%;\n\t\t\t}\n\t\t\t#gallery-1 img {\n\t\t\t\tborder: 2px solid #cfcfcf;\n\t\t\t}\n\t\t\t#gallery-1 .gallery-caption {\n\t\t\t\tmargin-left: 0;\n\t\t\t}\n\t\t\t\/* see gallery_shortcode() in wp-includes\/media.php *\/\n\t\t<\/style>\n\t\t<div id='gallery-1' class='gallery galleryid-1457 gallery-columns-2 gallery-size-medium'><dl class='gallery-item'>\n\t\t\t<dt class='gallery-icon landscape'>\n\t\t\t\t<a href='https:\/\/perladelsud.pl\/wp-content\/uploads\/2021\/09\/HAPRUN-227.jpg'><img width=\"300\" height=\"256\" src=\"https:\/\/perladelsud.pl\/wp-content\/uploads\/2021\/09\/HAPRUN-227-300x256.jpg\" class=\"attachment-medium size-medium\" alt=\"\" decoding=\"async\" loading=\"lazy\" aria-describedby=\"gallery-1-1458\" srcset=\"https:\/\/perladelsud.pl\/wp-content\/uploads\/2021\/09\/HAPRUN-227-300x256.jpg 300w, https:\/\/perladelsud.pl\/wp-content\/uploads\/2021\/09\/HAPRUN-227-768x656.jpg 768w, https:\/\/perladelsud.pl\/wp-content\/uploads\/2021\/09\/HAPRUN-227.jpg 899w\" sizes=\"(max-width: 300px) 100vw, 300px\" \/><\/a>\n\t\t\t<\/dt>\n\t\t\t\t<dd class='wp-caption-text gallery-caption' id='gallery-1-1458'>\n\t\t\t\tU&#8221;Fado Perla del Sud (FCI)  mieszka w Warszawie , ze swoj\u0105 p\u00f3\u0142siostr\u0105 Ruby\n\t\t\t\t<\/dd><\/dl>\n\t\t\t<br style='clear: both' \/>\n\t\t<\/div>\n\n<p><strong>Miot\u00a0W<\/strong>\u00a0urodzony 28.06.2021 :2 suczki, 3 pieski<\/p>\n<p>Rodzice szczeni\u0105t to:<br \/>\nMatka :Mery\u00a0Klan Biewer Rott\u00a0(FCI)<br \/>\nOjciec: Iwan Mademioselle\u00a0Iwet(FCI)<\/p>\n\n\t\t<style type=\"text\/css\">\n\t\t\t#gallery-2 {\n\t\t\t\tmargin: auto;\n\t\t\t}\n\t\t\t#gallery-2 .gallery-item {\n\t\t\t\tfloat: left;\n\t\t\t\tmargin-top: 10px;\n\t\t\t\ttext-align: center;\n\t\t\t\twidth: 50%;\n\t\t\t}\n\t\t\t#gallery-2 img {\n\t\t\t\tborder: 2px solid #cfcfcf;\n\t\t\t}\n\t\t\t#gallery-2 .gallery-caption {\n\t\t\t\tmargin-left: 0;\n\t\t\t}\n\t\t\t\/* see gallery_shortcode() in wp-includes\/media.php *\/\n\t\t<\/style>\n\t\t<div id='gallery-2' class='gallery galleryid-1457 gallery-columns-2 gallery-size-medium'><dl class='gallery-item'>\n\t\t\t<dt class='gallery-icon portrait'>\n\t\t\t\t<a href='https:\/\/perladelsud.pl\/wp-content\/uploads\/2021\/09\/HAPRUN-173.jpg'><img width=\"278\" height=\"300\" src=\"https:\/\/perladelsud.pl\/wp-content\/uploads\/2021\/09\/HAPRUN-173-278x300.jpg\" class=\"attachment-medium size-medium\" alt=\"\" decoding=\"async\" loading=\"lazy\" aria-describedby=\"gallery-2-1461\" srcset=\"https:\/\/perladelsud.pl\/wp-content\/uploads\/2021\/09\/HAPRUN-173-278x300.jpg 278w, https:\/\/perladelsud.pl\/wp-content\/uploads\/2021\/09\/HAPRUN-173.jpg 768w\" sizes=\"(max-width: 278px) 100vw, 278px\" \/><\/a>\n\t\t\t<\/dt>\n\t\t\t\t<dd class='wp-caption-text gallery-caption' id='gallery-2-1461'>\n\t\t\t\tW&#8217;Karolek mieszka w Warszawie\n\t\t\t\t<\/dd><\/dl><dl class='gallery-item'>\n\t\t\t<dt class='gallery-icon landscape'>\n\t\t\t\t<a href='https:\/\/perladelsud.pl\/wp-content\/uploads\/2021\/09\/HAPRUN-211.jpg'><img width=\"300\" height=\"271\" src=\"https:\/\/perladelsud.pl\/wp-content\/uploads\/2021\/09\/HAPRUN-211-300x271.jpg\" class=\"attachment-medium size-medium\" alt=\"\" decoding=\"async\" loading=\"lazy\" aria-describedby=\"gallery-2-1462\" srcset=\"https:\/\/perladelsud.pl\/wp-content\/uploads\/2021\/09\/HAPRUN-211-300x271.jpg 300w, https:\/\/perladelsud.pl\/wp-content\/uploads\/2021\/09\/HAPRUN-211-768x693.jpg 768w, https:\/\/perladelsud.pl\/wp-content\/uploads\/2021\/09\/HAPRUN-211.jpg 851w\" sizes=\"(max-width: 300px) 100vw, 300px\" \/><\/a>\n\t\t\t<\/dt>\n\t\t\t\t<dd class='wp-caption-text gallery-caption' id='gallery-2-1462'>\n\t\t\t\tW&#8217;Dropsik mieszka w Krakowie\n\t\t\t\t<\/dd><\/dl><br style=\"clear: both\" \/><dl class='gallery-item'>\n\t\t\t<dt class='gallery-icon landscape'>\n\t\t\t\t<a href='https:\/\/perladelsud.pl\/wp-content\/uploads\/2021\/09\/HAPRUN-213.jpg'><img width=\"300\" height=\"277\" src=\"https:\/\/perladelsud.pl\/wp-content\/uploads\/2021\/09\/HAPRUN-213-300x277.jpg\" class=\"attachment-medium size-medium\" alt=\"\" decoding=\"async\" loading=\"lazy\" aria-describedby=\"gallery-2-1463\" srcset=\"https:\/\/perladelsud.pl\/wp-content\/uploads\/2021\/09\/HAPRUN-213-300x277.jpg 300w, https:\/\/perladelsud.pl\/wp-content\/uploads\/2021\/09\/HAPRUN-213-768x709.jpg 768w, https:\/\/perladelsud.pl\/wp-content\/uploads\/2021\/09\/HAPRUN-213.jpg 832w\" sizes=\"(max-width: 300px) 100vw, 300px\" \/><\/a>\n\t\t\t<\/dt>\n\t\t\t\t<dd class='wp-caption-text gallery-caption' id='gallery-2-1463'>\n\t\t\t\tW&#8217;Lara mieszka w Krakowie\n\t\t\t\t<\/dd><\/dl><dl class='gallery-item'>\n\t\t\t<dt class='gallery-icon landscape'>\n\t\t\t\t<a href='https:\/\/perladelsud.pl\/wp-content\/uploads\/2021\/09\/IMG_6966-1.jpg'><img width=\"300\" height=\"200\" src=\"https:\/\/perladelsud.pl\/wp-content\/uploads\/2021\/09\/IMG_6966-1-300x200.jpg\" class=\"attachment-medium size-medium\" alt=\"\" decoding=\"async\" loading=\"lazy\" aria-describedby=\"gallery-2-1464\" srcset=\"https:\/\/perladelsud.pl\/wp-content\/uploads\/2021\/09\/IMG_6966-1-300x200.jpg 300w, https:\/\/perladelsud.pl\/wp-content\/uploads\/2021\/09\/IMG_6966-1-768x512.jpg 768w, https:\/\/perladelsud.pl\/wp-content\/uploads\/2021\/09\/IMG_6966-1.jpg 1024w\" sizes=\"(max-width: 300px) 100vw, 300px\" \/><\/a>\n\t\t\t<\/dt>\n\t\t\t\t<dd class='wp-caption-text gallery-caption' id='gallery-2-1464'>\n\t\t\t\tWalle mieszka w Krakowie\n\t\t\t\t<\/dd><\/dl><br style=\"clear: both\" \/><dl class='gallery-item'>\n\t\t\t<dt class='gallery-icon landscape'>\n\t\t\t\t<a href='https:\/\/perladelsud.pl\/wp-content\/uploads\/2021\/09\/IMG_6971.jpg'><img width=\"300\" height=\"200\" src=\"https:\/\/perladelsud.pl\/wp-content\/uploads\/2021\/09\/IMG_6971-300x200.jpg\" class=\"attachment-medium size-medium\" alt=\"\" decoding=\"async\" loading=\"lazy\" aria-describedby=\"gallery-2-1465\" srcset=\"https:\/\/perladelsud.pl\/wp-content\/uploads\/2021\/09\/IMG_6971-300x200.jpg 300w, https:\/\/perladelsud.pl\/wp-content\/uploads\/2021\/09\/IMG_6971-768x512.jpg 768w, https:\/\/perladelsud.pl\/wp-content\/uploads\/2021\/09\/IMG_6971.jpg 1024w\" sizes=\"(max-width: 300px) 100vw, 300px\" \/><\/a>\n\t\t\t<\/dt>\n\t\t\t\t<dd class='wp-caption-text gallery-caption' id='gallery-2-1465'>\n\t\t\t\tWivien mieszka nad morzem\n\t\t\t\t<\/dd><\/dl>\n\t\t\t<br style='clear: both' \/>\n\t\t<\/div>\n\n<p><iframe loading=\"lazy\" title=\"YouTube video player\" src=\"https:\/\/www.youtube.com\/embed\/GPy_W0nPw5k\" width=\"560\" height=\"315\" frameborder=\"0\" allowfullscreen=\"allowfullscreen\"><\/iframe><\/p>\n<p><strong>Miot Z <\/strong>urodzony 30.06.2021 :2pieski<\/p>\n<p>Rodzice szczeni\u0105t to:<br \/>\nMatka :Hanah\u00a0mNoblesse\u00a0Dog(FCI)<br \/>\nOjciec: Iwan Mademioselle\u00a0Iwet(FCI)<\/p>\n\n\t\t<style type=\"text\/css\">\n\t\t\t#gallery-3 {\n\t\t\t\tmargin: auto;\n\t\t\t}\n\t\t\t#gallery-3 .gallery-item {\n\t\t\t\tfloat: left;\n\t\t\t\tmargin-top: 10px;\n\t\t\t\ttext-align: center;\n\t\t\t\twidth: 50%;\n\t\t\t}\n\t\t\t#gallery-3 img {\n\t\t\t\tborder: 2px solid #cfcfcf;\n\t\t\t}\n\t\t\t#gallery-3 .gallery-caption {\n\t\t\t\tmargin-left: 0;\n\t\t\t}\n\t\t\t\/* see gallery_shortcode() in wp-includes\/media.php *\/\n\t\t<\/style>\n\t\t<div id='gallery-3' class='gallery galleryid-1457 gallery-columns-2 gallery-size-medium'><dl class='gallery-item'>\n\t\t\t<dt class='gallery-icon landscape'>\n\t\t\t\t<a href='https:\/\/perladelsud.pl\/wp-content\/uploads\/2021\/09\/IMG_6956.jpg'><img width=\"300\" height=\"221\" src=\"https:\/\/perladelsud.pl\/wp-content\/uploads\/2021\/09\/IMG_6956-300x221.jpg\" class=\"attachment-medium size-medium\" alt=\"\" decoding=\"async\" loading=\"lazy\" aria-describedby=\"gallery-3-1468\" srcset=\"https:\/\/perladelsud.pl\/wp-content\/uploads\/2021\/09\/IMG_6956-300x221.jpg 300w, https:\/\/perladelsud.pl\/wp-content\/uploads\/2021\/09\/IMG_6956-768x566.jpg 768w, https:\/\/perladelsud.pl\/wp-content\/uploads\/2021\/09\/IMG_6956.jpg 1024w\" sizes=\"(max-width: 300px) 100vw, 300px\" \/><\/a>\n\t\t\t<\/dt>\n\t\t\t\t<dd class='wp-caption-text gallery-caption' id='gallery-3-1468'>\n\t\t\t\tZ&#8217;Oliver mieszka we Wroc\u0142awiu\n\t\t\t\t<\/dd><\/dl><dl class='gallery-item'>\n\t\t\t<dt class='gallery-icon landscape'>\n\t\t\t\t<a href='https:\/\/perladelsud.pl\/wp-content\/uploads\/2021\/09\/IMG_7002.jpg'><img width=\"300\" height=\"212\" src=\"https:\/\/perladelsud.pl\/wp-content\/uploads\/2021\/09\/IMG_7002-300x212.jpg\" class=\"attachment-medium size-medium\" alt=\"\" decoding=\"async\" loading=\"lazy\" aria-describedby=\"gallery-3-1469\" srcset=\"https:\/\/perladelsud.pl\/wp-content\/uploads\/2021\/09\/IMG_7002-300x212.jpg 300w, https:\/\/perladelsud.pl\/wp-content\/uploads\/2021\/09\/IMG_7002-768x542.jpg 768w, https:\/\/perladelsud.pl\/wp-content\/uploads\/2021\/09\/IMG_7002.jpg 1024w\" sizes=\"(max-width: 300px) 100vw, 300px\" \/><\/a>\n\t\t\t<\/dt>\n\t\t\t\t<dd class='wp-caption-text gallery-caption' id='gallery-3-1469'>\n\t\t\t\tZ&#8217;Ro\u017cek mieszka w USA \n\t\t\t\t<\/dd><\/dl><br style=\"clear: both\" \/>\n\t\t<\/div>\n\n<p><strong>Miot A <\/strong> urodzony 16.07.2021 :1suczka, 1 piesek<\/p>\n<p>Rodzice szczeni\u0105t to:<br \/>\nMatka :Niki Perla del Sud (FCI)<br \/>\nOjciec: Tandu by Aralezo Saga(FCI)<\/p>\n\n\t\t<style type=\"text\/css\">\n\t\t\t#gallery-4 {\n\t\t\t\tmargin: auto;\n\t\t\t}\n\t\t\t#gallery-4 .gallery-item {\n\t\t\t\tfloat: left;\n\t\t\t\tmargin-top: 10px;\n\t\t\t\ttext-align: center;\n\t\t\t\twidth: 50%;\n\t\t\t}\n\t\t\t#gallery-4 img {\n\t\t\t\tborder: 2px solid #cfcfcf;\n\t\t\t}\n\t\t\t#gallery-4 .gallery-caption {\n\t\t\t\tmargin-left: 0;\n\t\t\t}\n\t\t\t\/* see gallery_shortcode() in wp-includes\/media.php *\/\n\t\t<\/style>\n\t\t<div id='gallery-4' class='gallery galleryid-1457 gallery-columns-2 gallery-size-medium'><dl class='gallery-item'>\n\t\t\t<dt class='gallery-icon portrait'>\n\t\t\t\t<a href='https:\/\/perladelsud.pl\/wp-content\/uploads\/2021\/11\/IMG_7836.jpg'><img width=\"297\" height=\"300\" src=\"https:\/\/perladelsud.pl\/wp-content\/uploads\/2021\/11\/IMG_7836-297x300.jpg\" class=\"attachment-medium size-medium\" alt=\"\" decoding=\"async\" loading=\"lazy\" aria-describedby=\"gallery-4-1611\" srcset=\"https:\/\/perladelsud.pl\/wp-content\/uploads\/2021\/11\/IMG_7836-297x300.jpg 297w, https:\/\/perladelsud.pl\/wp-content\/uploads\/2021\/11\/IMG_7836-768x775.jpg 768w, https:\/\/perladelsud.pl\/wp-content\/uploads\/2021\/11\/IMG_7836.jpg 1015w\" sizes=\"(max-width: 297px) 100vw, 297px\" \/><\/a>\n\t\t\t<\/dt>\n\t\t\t\t<dd class='wp-caption-text gallery-caption' id='gallery-4-1611'>\n\t\t\t\tAlvaro mieszka na \u015al\u0105sku\n\t\t\t\t<\/dd><\/dl><dl class='gallery-item'>\n\t\t\t<dt class='gallery-icon landscape'>\n\t\t\t\t<a href='https:\/\/perladelsud.pl\/wp-content\/uploads\/2021\/11\/IMG_7838.jpg'><img width=\"300\" height=\"227\" src=\"https:\/\/perladelsud.pl\/wp-content\/uploads\/2021\/11\/IMG_7838-300x227.jpg\" class=\"attachment-medium size-medium\" alt=\"\" decoding=\"async\" loading=\"lazy\" aria-describedby=\"gallery-4-1612\" srcset=\"https:\/\/perladelsud.pl\/wp-content\/uploads\/2021\/11\/IMG_7838-300x227.jpg 300w, https:\/\/perladelsud.pl\/wp-content\/uploads\/2021\/11\/IMG_7838-768x581.jpg 768w, https:\/\/perladelsud.pl\/wp-content\/uploads\/2021\/11\/IMG_7838.jpg 1022w\" sizes=\"(max-width: 300px) 100vw, 300px\" \/><\/a>\n\t\t\t<\/dt>\n\t\t\t\t<dd class='wp-caption-text gallery-caption' id='gallery-4-1612'>\n\t\t\t\tAdelle mieszka nad morzem\n\t\t\t\t<\/dd><\/dl><br style=\"clear: both\" \/>\n\t\t<\/div>\n\n<p><iframe loading=\"lazy\" width=\"560\" height=\"315\" src=\"https:\/\/www.youtube.com\/embed\/xeFoziYyv_M\" title=\"YouTube video player\" frameborder=\"0\" allow=\"accelerometer; autoplay; clipboard-write; encrypted-media; gyroscope; picture-in-picture\" allowfullscreen><\/iframe><\/p>\n<p><strong>Miot B <\/strong>urodzony 22.11.2021 :3 suczki, 2 pieski<\/p>\n<p>Rodzice szczeni\u0105t to:<br \/>\nMatka :Amelia Klan Biewer Rott\u00a0(FCI)<br \/>\nOjciec: Tandu by Aralezo\u00a0Saga(FCI)<\/p>\n<p>\n\t\t<style type=\"text\/css\">\n\t\t\t#gallery-5 {\n\t\t\t\tmargin: auto;\n\t\t\t}\n\t\t\t#gallery-5 .gallery-item {\n\t\t\t\tfloat: left;\n\t\t\t\tmargin-top: 10px;\n\t\t\t\ttext-align: center;\n\t\t\t\twidth: 50%;\n\t\t\t}\n\t\t\t#gallery-5 img {\n\t\t\t\tborder: 2px solid #cfcfcf;\n\t\t\t}\n\t\t\t#gallery-5 .gallery-caption {\n\t\t\t\tmargin-left: 0;\n\t\t\t}\n\t\t\t\/* see gallery_shortcode() in wp-includes\/media.php *\/\n\t\t<\/style>\n\t\t<div id='gallery-5' class='gallery galleryid-1457 gallery-columns-2 gallery-size-medium'><dl class='gallery-item'>\n\t\t\t<dt class='gallery-icon landscape'>\n\t\t\t\t<a href='https:\/\/perladelsud.pl\/wp-content\/uploads\/2022\/05\/IMG_8927.jpg'><img width=\"300\" height=\"224\" src=\"https:\/\/perladelsud.pl\/wp-content\/uploads\/2022\/05\/IMG_8927-300x224.jpg\" class=\"attachment-medium size-medium\" alt=\"\" decoding=\"async\" loading=\"lazy\" aria-describedby=\"gallery-5-1698\" srcset=\"https:\/\/perladelsud.pl\/wp-content\/uploads\/2022\/05\/IMG_8927-300x224.jpg 300w, https:\/\/perladelsud.pl\/wp-content\/uploads\/2022\/05\/IMG_8927-768x572.jpg 768w, https:\/\/perladelsud.pl\/wp-content\/uploads\/2022\/05\/IMG_8927-350x263.jpg 350w, https:\/\/perladelsud.pl\/wp-content\/uploads\/2022\/05\/IMG_8927.jpg 1024w\" sizes=\"(max-width: 300px) 100vw, 300px\" \/><\/a>\n\t\t\t<\/dt>\n\t\t\t\t<dd class='wp-caption-text gallery-caption' id='gallery-5-1698'>\n\t\t\t\tBruno mieszka w Warszawie\n\t\t\t\t<\/dd><\/dl><dl class='gallery-item'>\n\t\t\t<dt class='gallery-icon portrait'>\n\t\t\t\t<a href='https:\/\/perladelsud.pl\/wp-content\/uploads\/2022\/05\/IMG_8933.jpg'><img width=\"272\" height=\"300\" src=\"https:\/\/perladelsud.pl\/wp-content\/uploads\/2022\/05\/IMG_8933-272x300.jpg\" class=\"attachment-medium size-medium\" alt=\"\" decoding=\"async\" loading=\"lazy\" aria-describedby=\"gallery-5-1699\" srcset=\"https:\/\/perladelsud.pl\/wp-content\/uploads\/2022\/05\/IMG_8933-272x300.jpg 272w, https:\/\/perladelsud.pl\/wp-content\/uploads\/2022\/05\/IMG_8933-768x847.jpg 768w, https:\/\/perladelsud.pl\/wp-content\/uploads\/2022\/05\/IMG_8933.jpg 929w\" sizes=\"(max-width: 272px) 100vw, 272px\" \/><\/a>\n\t\t\t<\/dt>\n\t\t\t\t<dd class='wp-caption-text gallery-caption' id='gallery-5-1699'>\n\t\t\t\tBeatrise mieszka w Krakowie\n\t\t\t\t<\/dd><\/dl><br style=\"clear: both\" \/><dl class='gallery-item'>\n\t\t\t<dt class='gallery-icon landscape'>\n\t\t\t\t<a href='https:\/\/perladelsud.pl\/wp-content\/uploads\/2022\/05\/IMG_8982.jpg'><img width=\"300\" height=\"273\" src=\"https:\/\/perladelsud.pl\/wp-content\/uploads\/2022\/05\/IMG_8982-300x273.jpg\" class=\"attachment-medium size-medium\" alt=\"\" decoding=\"async\" loading=\"lazy\" aria-describedby=\"gallery-5-1700\" srcset=\"https:\/\/perladelsud.pl\/wp-content\/uploads\/2022\/05\/IMG_8982-300x273.jpg 300w, https:\/\/perladelsud.pl\/wp-content\/uploads\/2022\/05\/IMG_8982-768x700.jpg 768w, https:\/\/perladelsud.pl\/wp-content\/uploads\/2022\/05\/IMG_8982.jpg 1024w\" sizes=\"(max-width: 300px) 100vw, 300px\" \/><\/a>\n\t\t\t<\/dt>\n\t\t\t\t<dd class='wp-caption-text gallery-caption' id='gallery-5-1700'>\n\t\t\t\tBessi mieszka w Warszawie\n\t\t\t\t<\/dd><\/dl><dl class='gallery-item'>\n\t\t\t<dt class='gallery-icon landscape'>\n\t\t\t\t<a href='https:\/\/perladelsud.pl\/wp-content\/uploads\/2022\/05\/IMG_9257.jpg'><img width=\"300\" height=\"235\" src=\"https:\/\/perladelsud.pl\/wp-content\/uploads\/2022\/05\/IMG_9257-300x235.jpg\" class=\"attachment-medium size-medium\" alt=\"\" decoding=\"async\" loading=\"lazy\" aria-describedby=\"gallery-5-1701\" srcset=\"https:\/\/perladelsud.pl\/wp-content\/uploads\/2022\/05\/IMG_9257-300x235.jpg 300w, https:\/\/perladelsud.pl\/wp-content\/uploads\/2022\/05\/IMG_9257-768x602.jpg 768w, https:\/\/perladelsud.pl\/wp-content\/uploads\/2022\/05\/IMG_9257.jpg 1024w\" sizes=\"(max-width: 300px) 100vw, 300px\" \/><\/a>\n\t\t\t<\/dt>\n\t\t\t\t<dd class='wp-caption-text gallery-caption' id='gallery-5-1701'>\n\t\t\t\tBetina mieszka w Danii \n\t\t\t\t<\/dd><\/dl><br style=\"clear: both\" \/><dl class='gallery-item'>\n\t\t\t<dt class='gallery-icon landscape'>\n\t\t\t\t<a href='https:\/\/perladelsud.pl\/wp-content\/uploads\/2022\/05\/IMG_9276.jpg'><img width=\"300\" height=\"288\" src=\"https:\/\/perladelsud.pl\/wp-content\/uploads\/2022\/05\/IMG_9276-300x288.jpg\" class=\"attachment-medium size-medium\" alt=\"\" decoding=\"async\" loading=\"lazy\" aria-describedby=\"gallery-5-1702\" srcset=\"https:\/\/perladelsud.pl\/wp-content\/uploads\/2022\/05\/IMG_9276-300x288.jpg 300w, https:\/\/perladelsud.pl\/wp-content\/uploads\/2022\/05\/IMG_9276-768x737.jpg 768w, https:\/\/perladelsud.pl\/wp-content\/uploads\/2022\/05\/IMG_9276.jpg 1024w\" sizes=\"(max-width: 300px) 100vw, 300px\" \/><\/a>\n\t\t\t<\/dt>\n\t\t\t\t<dd class='wp-caption-text gallery-caption' id='gallery-5-1702'>\n\t\t\t\tB&#8221;Simba  mieszka w Anglii\n\t\t\t\t<\/dd><\/dl>\n\t\t\t<br style='clear: both' \/>\n\t\t<\/div>\n<br \/>\n<iframe loading=\"lazy\" width=\"560\" height=\"315\" src=\"https:\/\/www.youtube.com\/embed\/xC96wBhaUu8\" title=\"YouTube video player\" frameborder=\"0\" allow=\"accelerometer; autoplay; clipboard-write; encrypted-media; gyroscope; picture-in-picture\" allowfullscreen><\/iframe><\/p>\n","protected":false},"excerpt":{"rendered":"<p>Miot U urodzony 08.06.2021 : 1 samiec Rodzice szczeni\u0105t to: Matka :Betina Perla del Sud (FCI) Ojciec:\u00a0Tandu by Aralezo Saga(FCI) Miot R i S Miot\u00a0W\u00a0urodzony 28.06.2021 :2 suczki, 3 pieski <a class=\"more-link\" href=\"https:\/\/perladelsud.pl\/index.php\/pl\/galeria\/miot-t\/\">Continue Reading \u2192<\/a><\/p>\n","protected":false},"author":1,"featured_media":0,"parent":192,"menu_order":0,"comment_status":"closed","ping_status":"closed","template":"","meta":[],"_links":{"self":[{"href":"https:\/\/perladelsud.pl\/index.php\/wp-json\/wp\/v2\/pages\/1457"}],"collection":[{"href":"https:\/\/perladelsud.pl\/index.php\/wp-json\/wp\/v2\/pages"}],"about":[{"href":"https:\/\/perladelsud.pl\/index.php\/wp-json\/wp\/v2\/types\/page"}],"author":[{"embeddable":true,"href":"https:\/\/perladelsud.pl\/index.php\/wp-json\/wp\/v2\/users\/1"}],"replies":[{"embeddable":true,"href":"https:\/\/perladelsud.pl\/index.php\/wp-json\/wp\/v2\/comments?post=1457"}],"version-history":[{"count":11,"href":"https:\/\/perladelsud.pl\/index.php\/wp-json\/wp\/v2\/pages\/1457\/revisions"}],"predecessor-version":[{"id":1732,"href":"https:\/\/perladelsud.pl\/index.php\/wp-json\/wp\/v2\/pages\/1457\/revisions\/1732"}],"up":[{"embeddable":true,"href":"https:\/\/perladelsud.pl\/index.php\/wp-json\/wp\/v2\/pages\/192"}],"wp:attachment":[{"href":"https:\/\/perladelsud.pl\/index.php\/wp-json\/wp\/v2\/media?parent=1457"}],"curies":[{"name":"wp","href":"https:\/\/api.w.org\/{rel}","templated":true}]}}