{"id":1819,"date":"2022-11-26T10:35:27","date_gmt":"2022-11-26T09:35:27","guid":{"rendered":"https:\/\/perladelsud.pl\/?page_id=1819"},"modified":"2022-11-26T10:35:27","modified_gmt":"2022-11-26T09:35:27","slug":"miot-e","status":"publish","type":"page","link":"https:\/\/perladelsud.pl\/index.php\/pl\/szczeniaki\/miot-2022\/miot-e\/","title":{"rendered":"Miot E"},"content":{"rendered":"<p><strong>Miot E <\/strong>urodzony 13.08.2022: 3 suczki i 2 pieski<\/p>\n<p>Wszystkie szczeni\u0119ta znalaz\u0142y kochaj\u0105ce domki. Wi\u0119cej zdj\u0119\u0107 szczeni\u0105t w zak\u0142adce Galeria<\/p>\n\n\t\t<style type=\"text\/css\">\n\t\t\t#gallery-1 {\n\t\t\t\tmargin: auto;\n\t\t\t}\n\t\t\t#gallery-1 .gallery-item {\n\t\t\t\tfloat: left;\n\t\t\t\tmargin-top: 10px;\n\t\t\t\ttext-align: center;\n\t\t\t\twidth: 50%;\n\t\t\t}\n\t\t\t#gallery-1 img {\n\t\t\t\tborder: 2px solid #cfcfcf;\n\t\t\t}\n\t\t\t#gallery-1 .gallery-caption {\n\t\t\t\tmargin-left: 0;\n\t\t\t}\n\t\t\t\/* see gallery_shortcode() in wp-includes\/media.php *\/\n\t\t<\/style>\n\t\t<div id='gallery-1' class='gallery galleryid-1819 gallery-columns-2 gallery-size-medium'><dl class='gallery-item'>\n\t\t\t<dt class='gallery-icon portrait'>\n\t\t\t\t<a href='https:\/\/perladelsud.pl\/wp-content\/uploads\/2022\/11\/Obraz-016-e1473837576484.jpg'><img width=\"262\" height=\"300\" src=\"https:\/\/perladelsud.pl\/wp-content\/uploads\/2022\/11\/Obraz-016-e1473837576484-262x300.jpg\" class=\"attachment-medium size-medium\" alt=\"\" decoding=\"async\" loading=\"lazy\" aria-describedby=\"gallery-1-1816\" srcset=\"https:\/\/perladelsud.pl\/wp-content\/uploads\/2022\/11\/Obraz-016-e1473837576484-262x300.jpg 262w, https:\/\/perladelsud.pl\/wp-content\/uploads\/2022\/11\/Obraz-016-e1473837576484-768x880.jpg 768w, https:\/\/perladelsud.pl\/wp-content\/uploads\/2022\/11\/Obraz-016-e1473837576484.jpg 894w\" sizes=\"(max-width: 262px) 100vw, 262px\" \/><\/a>\n\t\t\t<\/dt>\n\t\t\t\t<dd class='wp-caption-text gallery-caption' id='gallery-1-1816'>\n\t\t\t\tMatka: Mery Klan Biewer Rott\n\t\t\t\t<\/dd><\/dl><dl class='gallery-item'>\n\t\t\t<dt class='gallery-icon landscape'>\n\t\t\t\t<a href='https:\/\/perladelsud.pl\/wp-content\/uploads\/2020\/10\/szecz-490.jpg'><img width=\"300\" height=\"274\" src=\"https:\/\/perladelsud.pl\/wp-content\/uploads\/2020\/10\/szecz-490-300x274.jpg\" class=\"attachment-medium size-medium\" alt=\"\" decoding=\"async\" loading=\"lazy\" aria-describedby=\"gallery-1-1248\" srcset=\"https:\/\/perladelsud.pl\/wp-content\/uploads\/2020\/10\/szecz-490-300x274.jpg 300w, https:\/\/perladelsud.pl\/wp-content\/uploads\/2020\/10\/szecz-490-768x702.jpg 768w, https:\/\/perladelsud.pl\/wp-content\/uploads\/2020\/10\/szecz-490.jpg 840w\" sizes=\"(max-width: 300px) 100vw, 300px\" \/><\/a>\n\t\t\t<\/dt>\n\t\t\t\t<dd class='wp-caption-text gallery-caption' id='gallery-1-1248'>\n\t\t\t\tOjciec: Tandu by Aralezo Saga\n\t\t\t\t<\/dd><\/dl><br style=\"clear: both\" \/><dl class='gallery-item'>\n\t\t\t<dt class='gallery-icon landscape'>\n\t\t\t\t<a href='https:\/\/perladelsud.pl\/wp-content\/uploads\/2022\/11\/IMG_0635-scaled.jpg'><img width=\"300\" height=\"200\" src=\"https:\/\/perladelsud.pl\/wp-content\/uploads\/2022\/11\/IMG_0635-300x200.jpg\" class=\"attachment-medium size-medium\" alt=\"\" decoding=\"async\" loading=\"lazy\" srcset=\"https:\/\/perladelsud.pl\/wp-content\/uploads\/2022\/11\/IMG_0635-300x200.jpg 300w, https:\/\/perladelsud.pl\/wp-content\/uploads\/2022\/11\/IMG_0635-1024x683.jpg 1024w, https:\/\/perladelsud.pl\/wp-content\/uploads\/2022\/11\/IMG_0635-768x512.jpg 768w, https:\/\/perladelsud.pl\/wp-content\/uploads\/2022\/11\/IMG_0635-1536x1024.jpg 1536w, https:\/\/perladelsud.pl\/wp-content\/uploads\/2022\/11\/IMG_0635-2048x1365.jpg 2048w\" sizes=\"(max-width: 300px) 100vw, 300px\" \/><\/a>\n\t\t\t<\/dt><\/dl><dl class='gallery-item'>\n\t\t\t<dt class='gallery-icon landscape'>\n\t\t\t\t<a href='https:\/\/perladelsud.pl\/wp-content\/uploads\/2022\/11\/IMG_0641-scaled.jpg'><img width=\"300\" height=\"200\" src=\"https:\/\/perladelsud.pl\/wp-content\/uploads\/2022\/11\/IMG_0641-300x200.jpg\" class=\"attachment-medium size-medium\" alt=\"\" decoding=\"async\" loading=\"lazy\" srcset=\"https:\/\/perladelsud.pl\/wp-content\/uploads\/2022\/11\/IMG_0641-300x200.jpg 300w, https:\/\/perladelsud.pl\/wp-content\/uploads\/2022\/11\/IMG_0641-1024x683.jpg 1024w, https:\/\/perladelsud.pl\/wp-content\/uploads\/2022\/11\/IMG_0641-768x512.jpg 768w, https:\/\/perladelsud.pl\/wp-content\/uploads\/2022\/11\/IMG_0641-1536x1024.jpg 1536w, https:\/\/perladelsud.pl\/wp-content\/uploads\/2022\/11\/IMG_0641-2048x1365.jpg 2048w\" sizes=\"(max-width: 300px) 100vw, 300px\" \/><\/a>\n\t\t\t<\/dt><\/dl><br style=\"clear: both\" \/><dl class='gallery-item'>\n\t\t\t<dt class='gallery-icon landscape'>\n\t\t\t\t<a href='https:\/\/perladelsud.pl\/wp-content\/uploads\/2022\/11\/IMG_0660-scaled.jpg'><img width=\"300\" height=\"200\" src=\"https:\/\/perladelsud.pl\/wp-content\/uploads\/2022\/11\/IMG_0660-300x200.jpg\" class=\"attachment-medium size-medium\" alt=\"\" decoding=\"async\" loading=\"lazy\" srcset=\"https:\/\/perladelsud.pl\/wp-content\/uploads\/2022\/11\/IMG_0660-300x200.jpg 300w, https:\/\/perladelsud.pl\/wp-content\/uploads\/2022\/11\/IMG_0660-1024x683.jpg 1024w, https:\/\/perladelsud.pl\/wp-content\/uploads\/2022\/11\/IMG_0660-768x512.jpg 768w, https:\/\/perladelsud.pl\/wp-content\/uploads\/2022\/11\/IMG_0660-1536x1024.jpg 1536w, https:\/\/perladelsud.pl\/wp-content\/uploads\/2022\/11\/IMG_0660-2048x1365.jpg 2048w\" sizes=\"(max-width: 300px) 100vw, 300px\" \/><\/a>\n\t\t\t<\/dt><\/dl><dl class='gallery-item'>\n\t\t\t<dt class='gallery-icon landscape'>\n\t\t\t\t<a href='https:\/\/perladelsud.pl\/wp-content\/uploads\/2022\/11\/IMG_0670.jpg'><img width=\"300\" height=\"227\" src=\"https:\/\/perladelsud.pl\/wp-content\/uploads\/2022\/11\/IMG_0670-300x227.jpg\" class=\"attachment-medium size-medium\" alt=\"\" decoding=\"async\" loading=\"lazy\" srcset=\"https:\/\/perladelsud.pl\/wp-content\/uploads\/2022\/11\/IMG_0670-300x227.jpg 300w, https:\/\/perladelsud.pl\/wp-content\/uploads\/2022\/11\/IMG_0670-768x581.jpg 768w, https:\/\/perladelsud.pl\/wp-content\/uploads\/2022\/11\/IMG_0670.jpg 1024w\" sizes=\"(max-width: 300px) 100vw, 300px\" \/><\/a>\n\t\t\t<\/dt><\/dl><br style=\"clear: both\" \/><dl class='gallery-item'>\n\t\t\t<dt class='gallery-icon landscape'>\n\t\t\t\t<a href='https:\/\/perladelsud.pl\/wp-content\/uploads\/2022\/11\/IMG_0674.jpg'><img width=\"300\" height=\"200\" src=\"https:\/\/perladelsud.pl\/wp-content\/uploads\/2022\/11\/IMG_0674-300x200.jpg\" class=\"attachment-medium size-medium\" alt=\"\" decoding=\"async\" loading=\"lazy\" srcset=\"https:\/\/perladelsud.pl\/wp-content\/uploads\/2022\/11\/IMG_0674-300x200.jpg 300w, https:\/\/perladelsud.pl\/wp-content\/uploads\/2022\/11\/IMG_0674-768x512.jpg 768w, https:\/\/perladelsud.pl\/wp-content\/uploads\/2022\/11\/IMG_0674.jpg 1024w\" sizes=\"(max-width: 300px) 100vw, 300px\" \/><\/a>\n\t\t\t<\/dt><\/dl>\n\t\t\t<br style='clear: both' \/>\n\t\t<\/div>\n\n","protected":false},"excerpt":{"rendered":"<p>Miot E urodzony 13.08.2022: 3 suczki i 2 pieski Wszystkie szczeni\u0119ta znalaz\u0142y kochaj\u0105ce domki. Wi\u0119cej zdj\u0119\u0107 szczeni\u0105t w zak\u0142adce Galeria<\/p>\n","protected":false},"author":1,"featured_media":0,"parent":1745,"menu_order":0,"comment_status":"closed","ping_status":"closed","template":"","meta":[],"_links":{"self":[{"href":"https:\/\/perladelsud.pl\/index.php\/wp-json\/wp\/v2\/pages\/1819"}],"collection":[{"href":"https:\/\/perladelsud.pl\/index.php\/wp-json\/wp\/v2\/pages"}],"about":[{"href":"https:\/\/perladelsud.pl\/index.php\/wp-json\/wp\/v2\/types\/page"}],"author":[{"embeddable":true,"href":"https:\/\/perladelsud.pl\/index.php\/wp-json\/wp\/v2\/users\/1"}],"replies":[{"embeddable":true,"href":"https:\/\/perladelsud.pl\/index.php\/wp-json\/wp\/v2\/comments?post=1819"}],"version-history":[{"count":1,"href":"https:\/\/perladelsud.pl\/index.php\/wp-json\/wp\/v2\/pages\/1819\/revisions"}],"predecessor-version":[{"id":1820,"href":"https:\/\/perladelsud.pl\/index.php\/wp-json\/wp\/v2\/pages\/1819\/revisions\/1820"}],"up":[{"embeddable":true,"href":"https:\/\/perladelsud.pl\/index.php\/wp-json\/wp\/v2\/pages\/1745"}],"wp:attachment":[{"href":"https:\/\/perladelsud.pl\/index.php\/wp-json\/wp\/v2\/media?parent=1819"}],"curies":[{"name":"wp","href":"https:\/\/api.w.org\/{rel}","templated":true}]}}