{"id":192,"date":"2016-02-08T11:23:22","date_gmt":"2016-02-08T10:23:22","guid":{"rendered":"http:\/\/perladelsud.pl\/ttt\/?page_id=192"},"modified":"2022-12-02T10:40:46","modified_gmt":"2022-12-02T09:40:46","slug":"galeria","status":"publish","type":"page","link":"https:\/\/perladelsud.pl\/index.php\/pl\/galeria\/","title":{"rendered":"GALERIA"},"content":{"rendered":"<p><strong>Miot E <\/strong>urodzony 13.08.2022 :2 pieski , 3 suczki<strong><br \/>\n<\/strong><\/p>\n<p style=\"font-weight: 400;\">Rodzice szczeni\u0105t to:<\/p>\n<p style=\"font-weight: 400;\">Matka : Mery Klan Biewer Rott<br \/>\nOjciec: Tandu by Aralezo Saga(FCI)<\/p>\n\n\t\t<style type=\"text\/css\">\n\t\t\t#gallery-1 {\n\t\t\t\tmargin: auto;\n\t\t\t}\n\t\t\t#gallery-1 .gallery-item {\n\t\t\t\tfloat: left;\n\t\t\t\tmargin-top: 10px;\n\t\t\t\ttext-align: center;\n\t\t\t\twidth: 50%;\n\t\t\t}\n\t\t\t#gallery-1 img {\n\t\t\t\tborder: 2px solid #cfcfcf;\n\t\t\t}\n\t\t\t#gallery-1 .gallery-caption {\n\t\t\t\tmargin-left: 0;\n\t\t\t}\n\t\t\t\/* see gallery_shortcode() in wp-includes\/media.php *\/\n\t\t<\/style>\n\t\t<div id='gallery-1' class='gallery galleryid-192 gallery-columns-2 gallery-size-medium'><dl class='gallery-item'>\n\t\t\t<dt class='gallery-icon landscape'>\n\t\t\t\t<a href='https:\/\/perladelsud.pl\/wp-content\/uploads\/2022\/11\/IMG_0787.jpg'><img width=\"300\" height=\"222\" src=\"https:\/\/perladelsud.pl\/wp-content\/uploads\/2022\/11\/IMG_0787-300x222.jpg\" class=\"attachment-medium size-medium\" alt=\"\" decoding=\"async\" loading=\"lazy\" aria-describedby=\"gallery-1-1833\" srcset=\"https:\/\/perladelsud.pl\/wp-content\/uploads\/2022\/11\/IMG_0787-300x222.jpg 300w, https:\/\/perladelsud.pl\/wp-content\/uploads\/2022\/11\/IMG_0787-768x569.jpg 768w, https:\/\/perladelsud.pl\/wp-content\/uploads\/2022\/11\/IMG_0787.jpg 1024w\" sizes=\"(max-width: 300px) 100vw, 300px\" \/><\/a>\n\t\t\t<\/dt>\n\t\t\t\t<dd class='wp-caption-text gallery-caption' id='gallery-1-1833'>\n\t\t\t\tE&#8217;LU mieszka ko\u0142o Warszawy\n\t\t\t\t<\/dd><\/dl><dl class='gallery-item'>\n\t\t\t<dt class='gallery-icon landscape'>\n\t\t\t\t<a href='https:\/\/perladelsud.pl\/wp-content\/uploads\/2022\/11\/IMG_0805.jpg'><img width=\"300\" height=\"253\" src=\"https:\/\/perladelsud.pl\/wp-content\/uploads\/2022\/11\/IMG_0805-300x253.jpg\" class=\"attachment-medium size-medium\" alt=\"\" decoding=\"async\" loading=\"lazy\" aria-describedby=\"gallery-1-1834\" srcset=\"https:\/\/perladelsud.pl\/wp-content\/uploads\/2022\/11\/IMG_0805-300x253.jpg 300w, https:\/\/perladelsud.pl\/wp-content\/uploads\/2022\/11\/IMG_0805-768x649.jpg 768w, https:\/\/perladelsud.pl\/wp-content\/uploads\/2022\/11\/IMG_0805.jpg 1024w\" sizes=\"(max-width: 300px) 100vw, 300px\" \/><\/a>\n\t\t\t<\/dt>\n\t\t\t\t<dd class='wp-caption-text gallery-caption' id='gallery-1-1834'>\n\t\t\t\tEddy  mieszka w Krakowie  \n\t\t\t\t<\/dd><\/dl><br style=\"clear: both\" \/><dl class='gallery-item'>\n\t\t\t<dt class='gallery-icon landscape'>\n\t\t\t\t<a href='https:\/\/perladelsud.pl\/wp-content\/uploads\/2022\/11\/IMG_0820.jpg'><img width=\"300\" height=\"251\" src=\"https:\/\/perladelsud.pl\/wp-content\/uploads\/2022\/11\/IMG_0820-300x251.jpg\" class=\"attachment-medium size-medium\" alt=\"\" decoding=\"async\" loading=\"lazy\" aria-describedby=\"gallery-1-1835\" srcset=\"https:\/\/perladelsud.pl\/wp-content\/uploads\/2022\/11\/IMG_0820-300x251.jpg 300w, https:\/\/perladelsud.pl\/wp-content\/uploads\/2022\/11\/IMG_0820-768x644.jpg 768w, https:\/\/perladelsud.pl\/wp-content\/uploads\/2022\/11\/IMG_0820.jpg 1024w\" sizes=\"(max-width: 300px) 100vw, 300px\" \/><\/a>\n\t\t\t<\/dt>\n\t\t\t\t<dd class='wp-caption-text gallery-caption' id='gallery-1-1835'>\n\t\t\t\tEmi mieszka w Krakowie\n\t\t\t\t<\/dd><\/dl><dl class='gallery-item'>\n\t\t\t<dt class='gallery-icon landscape'>\n\t\t\t\t<a href='https:\/\/perladelsud.pl\/wp-content\/uploads\/2022\/11\/IMG_0834.jpg'><img width=\"300\" height=\"281\" src=\"https:\/\/perladelsud.pl\/wp-content\/uploads\/2022\/11\/IMG_0834-300x281.jpg\" class=\"attachment-medium size-medium\" alt=\"\" decoding=\"async\" loading=\"lazy\" aria-describedby=\"gallery-1-1836\" srcset=\"https:\/\/perladelsud.pl\/wp-content\/uploads\/2022\/11\/IMG_0834-300x281.jpg 300w, https:\/\/perladelsud.pl\/wp-content\/uploads\/2022\/11\/IMG_0834-768x719.jpg 768w, https:\/\/perladelsud.pl\/wp-content\/uploads\/2022\/11\/IMG_0834.jpg 1024w\" sizes=\"(max-width: 300px) 100vw, 300px\" \/><\/a>\n\t\t\t<\/dt>\n\t\t\t\t<dd class='wp-caption-text gallery-caption' id='gallery-1-1836'>\n\t\t\t\tElena mieszka w Sosnowcu\n\t\t\t\t<\/dd><\/dl><br style=\"clear: both\" \/><dl class='gallery-item'>\n\t\t\t<dt class='gallery-icon landscape'>\n\t\t\t\t<a href='https:\/\/perladelsud.pl\/wp-content\/uploads\/2022\/11\/IMG_0854.jpg'><img width=\"300\" height=\"200\" src=\"https:\/\/perladelsud.pl\/wp-content\/uploads\/2022\/11\/IMG_0854-300x200.jpg\" class=\"attachment-medium size-medium\" alt=\"\" decoding=\"async\" loading=\"lazy\" aria-describedby=\"gallery-1-1837\" srcset=\"https:\/\/perladelsud.pl\/wp-content\/uploads\/2022\/11\/IMG_0854-300x200.jpg 300w, https:\/\/perladelsud.pl\/wp-content\/uploads\/2022\/11\/IMG_0854-768x512.jpg 768w, https:\/\/perladelsud.pl\/wp-content\/uploads\/2022\/11\/IMG_0854.jpg 1024w\" sizes=\"(max-width: 300px) 100vw, 300px\" \/><\/a>\n\t\t\t<\/dt>\n\t\t\t\t<dd class='wp-caption-text gallery-caption' id='gallery-1-1837'>\n\t\t\t\tElora  mieszka w Krakowie\n\t\t\t\t<\/dd><\/dl>\n\t\t\t<br style='clear: both' \/>\n\t\t<\/div>\n\n<p><iframe loading=\"lazy\" width=\"560\" height=\"315\" src=\"https:\/\/www.youtube.com\/embed\/jJkTD9owek8\" title=\"YouTube video player\" frameborder=\"0\" allow=\"accelerometer; autoplay; clipboard-write; encrypted-media; gyroscope; picture-in-picture\" allowfullscreen><\/iframe><\/p>\n<p>&nbsp;<\/p>\n<p><strong>Miot C i D <\/strong>urodzony 30.03.2022 i 13.04.2022 :3 pieski , 1 suczka<strong><br \/>\n<\/strong><\/p>\n<p style=\"font-weight: 400;\">Rodzice szczeni\u0105t to:<\/p>\n<p style=\"font-weight: 400;\">Matka :Niki Perla del Sud Miot C<br \/>\nMatka : Betina Perla del Sud\u00a0 Miot D<br \/>\nOjciec: Tandu by Aralezo\u00a0Saga(FCI)\u00a0 Miot C i D<\/p>\n\n\t\t<style type=\"text\/css\">\n\t\t\t#gallery-2 {\n\t\t\t\tmargin: auto;\n\t\t\t}\n\t\t\t#gallery-2 .gallery-item {\n\t\t\t\tfloat: left;\n\t\t\t\tmargin-top: 10px;\n\t\t\t\ttext-align: center;\n\t\t\t\twidth: 50%;\n\t\t\t}\n\t\t\t#gallery-2 img {\n\t\t\t\tborder: 2px solid #cfcfcf;\n\t\t\t}\n\t\t\t#gallery-2 .gallery-caption {\n\t\t\t\tmargin-left: 0;\n\t\t\t}\n\t\t\t\/* see gallery_shortcode() in wp-includes\/media.php *\/\n\t\t<\/style>\n\t\t<div id='gallery-2' class='gallery galleryid-192 gallery-columns-2 gallery-size-medium'><dl class='gallery-item'>\n\t\t\t<dt class='gallery-icon landscape'>\n\t\t\t\t<a href='https:\/\/perladelsud.pl\/wp-content\/uploads\/2022\/09\/IMG_0234.jpg'><img width=\"300\" height=\"204\" src=\"https:\/\/perladelsud.pl\/wp-content\/uploads\/2022\/09\/IMG_0234-300x204.jpg\" class=\"attachment-medium size-medium\" alt=\"\" decoding=\"async\" loading=\"lazy\" aria-describedby=\"gallery-2-1772\" srcset=\"https:\/\/perladelsud.pl\/wp-content\/uploads\/2022\/09\/IMG_0234-300x204.jpg 300w, https:\/\/perladelsud.pl\/wp-content\/uploads\/2022\/09\/IMG_0234-768x521.jpg 768w, https:\/\/perladelsud.pl\/wp-content\/uploads\/2022\/09\/IMG_0234.jpg 1024w\" sizes=\"(max-width: 300px) 100vw, 300px\" \/><\/a>\n\t\t\t<\/dt>\n\t\t\t\t<dd class='wp-caption-text gallery-caption' id='gallery-2-1772'>\n\t\t\t\tC&#8217; Jakeoush mieszka we Wroc\u0142awiu\n\t\t\t\t<\/dd><\/dl><dl class='gallery-item'>\n\t\t\t<dt class='gallery-icon landscape'>\n\t\t\t\t<a href='https:\/\/perladelsud.pl\/wp-content\/uploads\/2022\/09\/IMG_0243-scaled.jpg'><img width=\"300\" height=\"254\" src=\"https:\/\/perladelsud.pl\/wp-content\/uploads\/2022\/09\/IMG_0243-300x254.jpg\" class=\"attachment-medium size-medium\" alt=\"\" decoding=\"async\" loading=\"lazy\" aria-describedby=\"gallery-2-1771\" srcset=\"https:\/\/perladelsud.pl\/wp-content\/uploads\/2022\/09\/IMG_0243-300x254.jpg 300w, https:\/\/perladelsud.pl\/wp-content\/uploads\/2022\/09\/IMG_0243-1024x868.jpg 1024w, https:\/\/perladelsud.pl\/wp-content\/uploads\/2022\/09\/IMG_0243-768x651.jpg 768w, https:\/\/perladelsud.pl\/wp-content\/uploads\/2022\/09\/IMG_0243-1536x1302.jpg 1536w, https:\/\/perladelsud.pl\/wp-content\/uploads\/2022\/09\/IMG_0243-2048x1736.jpg 2048w\" sizes=\"(max-width: 300px) 100vw, 300px\" \/><\/a>\n\t\t\t<\/dt>\n\t\t\t\t<dd class='wp-caption-text gallery-caption' id='gallery-2-1771'>\n\t\t\t\tCody mieszka w Krakowie\n\t\t\t\t<\/dd><\/dl><br style=\"clear: both\" \/><dl class='gallery-item'>\n\t\t\t<dt class='gallery-icon landscape'>\n\t\t\t\t<a href='https:\/\/perladelsud.pl\/wp-content\/uploads\/2022\/09\/IMG_0259.jpg'><img width=\"300\" height=\"248\" src=\"https:\/\/perladelsud.pl\/wp-content\/uploads\/2022\/09\/IMG_0259-300x248.jpg\" class=\"attachment-medium size-medium\" alt=\"\" decoding=\"async\" loading=\"lazy\" aria-describedby=\"gallery-2-1770\" srcset=\"https:\/\/perladelsud.pl\/wp-content\/uploads\/2022\/09\/IMG_0259-300x248.jpg 300w, https:\/\/perladelsud.pl\/wp-content\/uploads\/2022\/09\/IMG_0259-768x636.jpg 768w, https:\/\/perladelsud.pl\/wp-content\/uploads\/2022\/09\/IMG_0259.jpg 1024w\" sizes=\"(max-width: 300px) 100vw, 300px\" \/><\/a>\n\t\t\t<\/dt>\n\t\t\t\t<dd class='wp-caption-text gallery-caption' id='gallery-2-1770'>\n\t\t\t\tC&#8217; Vito mieszka w Wielkiej Bryt. \n\t\t\t\t<\/dd><\/dl><dl class='gallery-item'>\n\t\t\t<dt class='gallery-icon portrait'>\n\t\t\t\t<a href='https:\/\/perladelsud.pl\/wp-content\/uploads\/2022\/09\/IMG_0206.jpg'><img width=\"266\" height=\"300\" src=\"https:\/\/perladelsud.pl\/wp-content\/uploads\/2022\/09\/IMG_0206-266x300.jpg\" class=\"attachment-medium size-medium\" alt=\"\" decoding=\"async\" loading=\"lazy\" aria-describedby=\"gallery-2-1769\" srcset=\"https:\/\/perladelsud.pl\/wp-content\/uploads\/2022\/09\/IMG_0206-266x300.jpg 266w, https:\/\/perladelsud.pl\/wp-content\/uploads\/2022\/09\/IMG_0206-909x1024.jpg 909w, https:\/\/perladelsud.pl\/wp-content\/uploads\/2022\/09\/IMG_0206-768x865.jpg 768w, https:\/\/perladelsud.pl\/wp-content\/uploads\/2022\/09\/IMG_0206-1364x1536.jpg 1364w, https:\/\/perladelsud.pl\/wp-content\/uploads\/2022\/09\/IMG_0206-1818x2048.jpg 1818w\" sizes=\"(max-width: 266px) 100vw, 266px\" \/><\/a>\n\t\t\t<\/dt>\n\t\t\t\t<dd class='wp-caption-text gallery-caption' id='gallery-2-1769'>\n\t\t\t\tDidi  mieszka w Gda\u0144sku \n\t\t\t\t<\/dd><\/dl><br style=\"clear: both\" \/>\n\t\t<\/div>\n\n<p><iframe loading=\"lazy\" title=\"YouTube video player\" src=\"https:\/\/www.youtube.com\/embed\/GhtCE8J9kqs\" width=\"560\" height=\"315\" frameborder=\"0\" allowfullscreen=\"allowfullscreen\"><\/iframe><\/p>\n<p><strong>Miot B <\/strong>urodzony 22.11.2021 :3 suczki, 2 pieski<\/p>\n<p>Rodzice szczeni\u0105t to:<br \/>\nMatka :Amelia Klan Biewer Rott\u00a0(FCI)<br \/>\nOjciec: Tandu by Aralezo\u00a0Saga(FCI)<\/p>\n\n\t\t<style type=\"text\/css\">\n\t\t\t#gallery-3 {\n\t\t\t\tmargin: auto;\n\t\t\t}\n\t\t\t#gallery-3 .gallery-item {\n\t\t\t\tfloat: left;\n\t\t\t\tmargin-top: 10px;\n\t\t\t\ttext-align: center;\n\t\t\t\twidth: 50%;\n\t\t\t}\n\t\t\t#gallery-3 img {\n\t\t\t\tborder: 2px solid #cfcfcf;\n\t\t\t}\n\t\t\t#gallery-3 .gallery-caption {\n\t\t\t\tmargin-left: 0;\n\t\t\t}\n\t\t\t\/* see gallery_shortcode() in wp-includes\/media.php *\/\n\t\t<\/style>\n\t\t<div id='gallery-3' class='gallery galleryid-192 gallery-columns-2 gallery-size-medium'><dl class='gallery-item'>\n\t\t\t<dt class='gallery-icon landscape'>\n\t\t\t\t<a href='https:\/\/perladelsud.pl\/wp-content\/uploads\/2022\/05\/IMG_8927.jpg'><img width=\"300\" height=\"224\" src=\"https:\/\/perladelsud.pl\/wp-content\/uploads\/2022\/05\/IMG_8927-300x224.jpg\" class=\"attachment-medium size-medium\" alt=\"\" decoding=\"async\" loading=\"lazy\" aria-describedby=\"gallery-3-1698\" srcset=\"https:\/\/perladelsud.pl\/wp-content\/uploads\/2022\/05\/IMG_8927-300x224.jpg 300w, https:\/\/perladelsud.pl\/wp-content\/uploads\/2022\/05\/IMG_8927-768x572.jpg 768w, https:\/\/perladelsud.pl\/wp-content\/uploads\/2022\/05\/IMG_8927-350x263.jpg 350w, https:\/\/perladelsud.pl\/wp-content\/uploads\/2022\/05\/IMG_8927.jpg 1024w\" sizes=\"(max-width: 300px) 100vw, 300px\" \/><\/a>\n\t\t\t<\/dt>\n\t\t\t\t<dd class='wp-caption-text gallery-caption' id='gallery-3-1698'>\n\t\t\t\tBruno mieszka w Warszawie\n\t\t\t\t<\/dd><\/dl><dl class='gallery-item'>\n\t\t\t<dt class='gallery-icon portrait'>\n\t\t\t\t<a href='https:\/\/perladelsud.pl\/wp-content\/uploads\/2022\/05\/IMG_8933.jpg'><img width=\"272\" height=\"300\" src=\"https:\/\/perladelsud.pl\/wp-content\/uploads\/2022\/05\/IMG_8933-272x300.jpg\" class=\"attachment-medium size-medium\" alt=\"\" decoding=\"async\" loading=\"lazy\" aria-describedby=\"gallery-3-1699\" srcset=\"https:\/\/perladelsud.pl\/wp-content\/uploads\/2022\/05\/IMG_8933-272x300.jpg 272w, https:\/\/perladelsud.pl\/wp-content\/uploads\/2022\/05\/IMG_8933-768x847.jpg 768w, https:\/\/perladelsud.pl\/wp-content\/uploads\/2022\/05\/IMG_8933.jpg 929w\" sizes=\"(max-width: 272px) 100vw, 272px\" \/><\/a>\n\t\t\t<\/dt>\n\t\t\t\t<dd class='wp-caption-text gallery-caption' id='gallery-3-1699'>\n\t\t\t\tBeatrise mieszka w Krakowie\n\t\t\t\t<\/dd><\/dl><br style=\"clear: both\" \/><dl class='gallery-item'>\n\t\t\t<dt class='gallery-icon landscape'>\n\t\t\t\t<a href='https:\/\/perladelsud.pl\/wp-content\/uploads\/2022\/05\/IMG_8982.jpg'><img width=\"300\" height=\"273\" src=\"https:\/\/perladelsud.pl\/wp-content\/uploads\/2022\/05\/IMG_8982-300x273.jpg\" class=\"attachment-medium size-medium\" alt=\"\" decoding=\"async\" loading=\"lazy\" aria-describedby=\"gallery-3-1700\" srcset=\"https:\/\/perladelsud.pl\/wp-content\/uploads\/2022\/05\/IMG_8982-300x273.jpg 300w, https:\/\/perladelsud.pl\/wp-content\/uploads\/2022\/05\/IMG_8982-768x700.jpg 768w, https:\/\/perladelsud.pl\/wp-content\/uploads\/2022\/05\/IMG_8982.jpg 1024w\" sizes=\"(max-width: 300px) 100vw, 300px\" \/><\/a>\n\t\t\t<\/dt>\n\t\t\t\t<dd class='wp-caption-text gallery-caption' id='gallery-3-1700'>\n\t\t\t\tBessi mieszka w Warszawie\n\t\t\t\t<\/dd><\/dl><dl class='gallery-item'>\n\t\t\t<dt class='gallery-icon landscape'>\n\t\t\t\t<a href='https:\/\/perladelsud.pl\/wp-content\/uploads\/2022\/05\/IMG_9257.jpg'><img width=\"300\" height=\"235\" src=\"https:\/\/perladelsud.pl\/wp-content\/uploads\/2022\/05\/IMG_9257-300x235.jpg\" class=\"attachment-medium size-medium\" alt=\"\" decoding=\"async\" loading=\"lazy\" aria-describedby=\"gallery-3-1701\" srcset=\"https:\/\/perladelsud.pl\/wp-content\/uploads\/2022\/05\/IMG_9257-300x235.jpg 300w, https:\/\/perladelsud.pl\/wp-content\/uploads\/2022\/05\/IMG_9257-768x602.jpg 768w, https:\/\/perladelsud.pl\/wp-content\/uploads\/2022\/05\/IMG_9257.jpg 1024w\" sizes=\"(max-width: 300px) 100vw, 300px\" \/><\/a>\n\t\t\t<\/dt>\n\t\t\t\t<dd class='wp-caption-text gallery-caption' id='gallery-3-1701'>\n\t\t\t\tBetina mieszka w Danii \n\t\t\t\t<\/dd><\/dl><br style=\"clear: both\" \/><dl class='gallery-item'>\n\t\t\t<dt class='gallery-icon landscape'>\n\t\t\t\t<a href='https:\/\/perladelsud.pl\/wp-content\/uploads\/2022\/05\/IMG_9276.jpg'><img width=\"300\" height=\"288\" src=\"https:\/\/perladelsud.pl\/wp-content\/uploads\/2022\/05\/IMG_9276-300x288.jpg\" class=\"attachment-medium size-medium\" alt=\"\" decoding=\"async\" loading=\"lazy\" aria-describedby=\"gallery-3-1702\" srcset=\"https:\/\/perladelsud.pl\/wp-content\/uploads\/2022\/05\/IMG_9276-300x288.jpg 300w, https:\/\/perladelsud.pl\/wp-content\/uploads\/2022\/05\/IMG_9276-768x737.jpg 768w, https:\/\/perladelsud.pl\/wp-content\/uploads\/2022\/05\/IMG_9276.jpg 1024w\" sizes=\"(max-width: 300px) 100vw, 300px\" \/><\/a>\n\t\t\t<\/dt>\n\t\t\t\t<dd class='wp-caption-text gallery-caption' id='gallery-3-1702'>\n\t\t\t\tB&#8221;Simba  mieszka w Anglii\n\t\t\t\t<\/dd><\/dl>\n\t\t\t<br style='clear: both' \/>\n\t\t<\/div>\n\n<p><iframe loading=\"lazy\" title=\"YouTube video player\" src=\"https:\/\/www.youtube.com\/embed\/xC96wBhaUu8\" width=\"560\" height=\"315\" frameborder=\"0\" allowfullscreen=\"allowfullscreen\"><\/iframe><\/p>\n<p><strong>Miot A\u00a0<\/strong>\u00a0urodzony 16.07.2021 :1suczka, 1 piesek<\/p>\n<p>Rodzice szczeni\u0105t to:<br \/>\nMatka :Niki Perla\u00a0del Sud\u00a0(FCI)<br \/>\nOjciec: Tandu by Aralezo\u00a0Saga(FCI)<\/p>\n\n\t\t<style type=\"text\/css\">\n\t\t\t#gallery-4 {\n\t\t\t\tmargin: auto;\n\t\t\t}\n\t\t\t#gallery-4 .gallery-item {\n\t\t\t\tfloat: left;\n\t\t\t\tmargin-top: 10px;\n\t\t\t\ttext-align: center;\n\t\t\t\twidth: 50%;\n\t\t\t}\n\t\t\t#gallery-4 img {\n\t\t\t\tborder: 2px solid #cfcfcf;\n\t\t\t}\n\t\t\t#gallery-4 .gallery-caption {\n\t\t\t\tmargin-left: 0;\n\t\t\t}\n\t\t\t\/* see gallery_shortcode() in wp-includes\/media.php *\/\n\t\t<\/style>\n\t\t<div id='gallery-4' class='gallery galleryid-192 gallery-columns-2 gallery-size-medium'><dl class='gallery-item'>\n\t\t\t<dt class='gallery-icon portrait'>\n\t\t\t\t<a href='https:\/\/perladelsud.pl\/wp-content\/uploads\/2021\/11\/IMG_7836.jpg'><img width=\"297\" height=\"300\" src=\"https:\/\/perladelsud.pl\/wp-content\/uploads\/2021\/11\/IMG_7836-297x300.jpg\" class=\"attachment-medium size-medium\" alt=\"\" decoding=\"async\" loading=\"lazy\" aria-describedby=\"gallery-4-1611\" srcset=\"https:\/\/perladelsud.pl\/wp-content\/uploads\/2021\/11\/IMG_7836-297x300.jpg 297w, https:\/\/perladelsud.pl\/wp-content\/uploads\/2021\/11\/IMG_7836-768x775.jpg 768w, https:\/\/perladelsud.pl\/wp-content\/uploads\/2021\/11\/IMG_7836.jpg 1015w\" sizes=\"(max-width: 297px) 100vw, 297px\" \/><\/a>\n\t\t\t<\/dt>\n\t\t\t\t<dd class='wp-caption-text gallery-caption' id='gallery-4-1611'>\n\t\t\t\tAlvaro mieszka na \u015al\u0105sku\n\t\t\t\t<\/dd><\/dl><dl class='gallery-item'>\n\t\t\t<dt class='gallery-icon landscape'>\n\t\t\t\t<a href='https:\/\/perladelsud.pl\/wp-content\/uploads\/2021\/11\/IMG_7838.jpg'><img width=\"300\" height=\"227\" src=\"https:\/\/perladelsud.pl\/wp-content\/uploads\/2021\/11\/IMG_7838-300x227.jpg\" class=\"attachment-medium size-medium\" alt=\"\" decoding=\"async\" loading=\"lazy\" aria-describedby=\"gallery-4-1612\" srcset=\"https:\/\/perladelsud.pl\/wp-content\/uploads\/2021\/11\/IMG_7838-300x227.jpg 300w, https:\/\/perladelsud.pl\/wp-content\/uploads\/2021\/11\/IMG_7838-768x581.jpg 768w, https:\/\/perladelsud.pl\/wp-content\/uploads\/2021\/11\/IMG_7838.jpg 1022w\" sizes=\"(max-width: 300px) 100vw, 300px\" \/><\/a>\n\t\t\t<\/dt>\n\t\t\t\t<dd class='wp-caption-text gallery-caption' id='gallery-4-1612'>\n\t\t\t\tAdelle mieszka nad morzem\n\t\t\t\t<\/dd><\/dl><br style=\"clear: both\" \/>\n\t\t<\/div>\n\n<p><strong>Miot Z <\/strong>urodzony 30.06.2021 :2pieski<\/p>\n<p><iframe loading=\"lazy\" title=\"YouTube video player\" src=\"https:\/\/www.youtube.com\/embed\/xeFoziYyv_M\" width=\"560\" height=\"315\" frameborder=\"0\" allowfullscreen=\"allowfullscreen\"><\/iframe><\/p>\n<p>Rodzice szczeni\u0105t to:<br \/>\nMatka :Hanah mNoblesse Dog(FCI)<br \/>\nOjciec: Iwan Mademioselle Iwet(FCI)<\/p>\n\n\t\t<style type=\"text\/css\">\n\t\t\t#gallery-5 {\n\t\t\t\tmargin: auto;\n\t\t\t}\n\t\t\t#gallery-5 .gallery-item {\n\t\t\t\tfloat: left;\n\t\t\t\tmargin-top: 10px;\n\t\t\t\ttext-align: center;\n\t\t\t\twidth: 50%;\n\t\t\t}\n\t\t\t#gallery-5 img {\n\t\t\t\tborder: 2px solid #cfcfcf;\n\t\t\t}\n\t\t\t#gallery-5 .gallery-caption {\n\t\t\t\tmargin-left: 0;\n\t\t\t}\n\t\t\t\/* see gallery_shortcode() in wp-includes\/media.php *\/\n\t\t<\/style>\n\t\t<div id='gallery-5' class='gallery galleryid-192 gallery-columns-2 gallery-size-medium'><dl class='gallery-item'>\n\t\t\t<dt class='gallery-icon landscape'>\n\t\t\t\t<a href='https:\/\/perladelsud.pl\/wp-content\/uploads\/2021\/09\/IMG_6956.jpg'><img width=\"300\" height=\"221\" src=\"https:\/\/perladelsud.pl\/wp-content\/uploads\/2021\/09\/IMG_6956-300x221.jpg\" class=\"attachment-medium size-medium\" alt=\"\" decoding=\"async\" loading=\"lazy\" aria-describedby=\"gallery-5-1468\" srcset=\"https:\/\/perladelsud.pl\/wp-content\/uploads\/2021\/09\/IMG_6956-300x221.jpg 300w, https:\/\/perladelsud.pl\/wp-content\/uploads\/2021\/09\/IMG_6956-768x566.jpg 768w, https:\/\/perladelsud.pl\/wp-content\/uploads\/2021\/09\/IMG_6956.jpg 1024w\" sizes=\"(max-width: 300px) 100vw, 300px\" \/><\/a>\n\t\t\t<\/dt>\n\t\t\t\t<dd class='wp-caption-text gallery-caption' id='gallery-5-1468'>\n\t\t\t\tZ&#8217;Oliver mieszka we Wroc\u0142awiu\n\t\t\t\t<\/dd><\/dl><dl class='gallery-item'>\n\t\t\t<dt class='gallery-icon landscape'>\n\t\t\t\t<a href='https:\/\/perladelsud.pl\/wp-content\/uploads\/2021\/09\/IMG_7002.jpg'><img width=\"300\" height=\"212\" src=\"https:\/\/perladelsud.pl\/wp-content\/uploads\/2021\/09\/IMG_7002-300x212.jpg\" class=\"attachment-medium size-medium\" alt=\"\" decoding=\"async\" loading=\"lazy\" aria-describedby=\"gallery-5-1469\" srcset=\"https:\/\/perladelsud.pl\/wp-content\/uploads\/2021\/09\/IMG_7002-300x212.jpg 300w, https:\/\/perladelsud.pl\/wp-content\/uploads\/2021\/09\/IMG_7002-768x542.jpg 768w, https:\/\/perladelsud.pl\/wp-content\/uploads\/2021\/09\/IMG_7002.jpg 1024w\" sizes=\"(max-width: 300px) 100vw, 300px\" \/><\/a>\n\t\t\t<\/dt>\n\t\t\t\t<dd class='wp-caption-text gallery-caption' id='gallery-5-1469'>\n\t\t\t\tZ&#8217;Ro\u017cek mieszka w USA \n\t\t\t\t<\/dd><\/dl><br style=\"clear: both\" \/>\n\t\t<\/div>\n\n<p><strong>Miot W<\/strong> urodzony 28.06.2021 :2 suczki, 3 pieski<\/p>\n<p>Rodzice szczeni\u0105t to:<br \/>\nMatka :Mery Klan Biewer Rott (FCI)<br \/>\nOjciec: Iwan Mademioselle Iwet(FCI)<\/p>\n\n\t\t<style type=\"text\/css\">\n\t\t\t#gallery-6 {\n\t\t\t\tmargin: auto;\n\t\t\t}\n\t\t\t#gallery-6 .gallery-item {\n\t\t\t\tfloat: left;\n\t\t\t\tmargin-top: 10px;\n\t\t\t\ttext-align: center;\n\t\t\t\twidth: 50%;\n\t\t\t}\n\t\t\t#gallery-6 img {\n\t\t\t\tborder: 2px solid #cfcfcf;\n\t\t\t}\n\t\t\t#gallery-6 .gallery-caption {\n\t\t\t\tmargin-left: 0;\n\t\t\t}\n\t\t\t\/* see gallery_shortcode() in wp-includes\/media.php *\/\n\t\t<\/style>\n\t\t<div id='gallery-6' class='gallery galleryid-192 gallery-columns-2 gallery-size-medium'><dl class='gallery-item'>\n\t\t\t<dt class='gallery-icon portrait'>\n\t\t\t\t<a href='https:\/\/perladelsud.pl\/wp-content\/uploads\/2021\/09\/HAPRUN-173.jpg'><img width=\"278\" height=\"300\" src=\"https:\/\/perladelsud.pl\/wp-content\/uploads\/2021\/09\/HAPRUN-173-278x300.jpg\" class=\"attachment-medium size-medium\" alt=\"\" decoding=\"async\" loading=\"lazy\" aria-describedby=\"gallery-6-1461\" srcset=\"https:\/\/perladelsud.pl\/wp-content\/uploads\/2021\/09\/HAPRUN-173-278x300.jpg 278w, https:\/\/perladelsud.pl\/wp-content\/uploads\/2021\/09\/HAPRUN-173.jpg 768w\" sizes=\"(max-width: 278px) 100vw, 278px\" \/><\/a>\n\t\t\t<\/dt>\n\t\t\t\t<dd class='wp-caption-text gallery-caption' id='gallery-6-1461'>\n\t\t\t\tW&#8217;Karolek mieszka w Warszawie\n\t\t\t\t<\/dd><\/dl><dl class='gallery-item'>\n\t\t\t<dt class='gallery-icon landscape'>\n\t\t\t\t<a href='https:\/\/perladelsud.pl\/wp-content\/uploads\/2021\/09\/HAPRUN-211.jpg'><img width=\"300\" height=\"271\" src=\"https:\/\/perladelsud.pl\/wp-content\/uploads\/2021\/09\/HAPRUN-211-300x271.jpg\" class=\"attachment-medium size-medium\" alt=\"\" decoding=\"async\" loading=\"lazy\" aria-describedby=\"gallery-6-1462\" srcset=\"https:\/\/perladelsud.pl\/wp-content\/uploads\/2021\/09\/HAPRUN-211-300x271.jpg 300w, https:\/\/perladelsud.pl\/wp-content\/uploads\/2021\/09\/HAPRUN-211-768x693.jpg 768w, https:\/\/perladelsud.pl\/wp-content\/uploads\/2021\/09\/HAPRUN-211.jpg 851w\" sizes=\"(max-width: 300px) 100vw, 300px\" \/><\/a>\n\t\t\t<\/dt>\n\t\t\t\t<dd class='wp-caption-text gallery-caption' id='gallery-6-1462'>\n\t\t\t\tW&#8217;Dropsik mieszka w Krakowie\n\t\t\t\t<\/dd><\/dl><br style=\"clear: both\" \/><dl class='gallery-item'>\n\t\t\t<dt class='gallery-icon landscape'>\n\t\t\t\t<a href='https:\/\/perladelsud.pl\/wp-content\/uploads\/2021\/09\/HAPRUN-213.jpg'><img width=\"300\" height=\"277\" src=\"https:\/\/perladelsud.pl\/wp-content\/uploads\/2021\/09\/HAPRUN-213-300x277.jpg\" class=\"attachment-medium size-medium\" alt=\"\" decoding=\"async\" loading=\"lazy\" aria-describedby=\"gallery-6-1463\" srcset=\"https:\/\/perladelsud.pl\/wp-content\/uploads\/2021\/09\/HAPRUN-213-300x277.jpg 300w, https:\/\/perladelsud.pl\/wp-content\/uploads\/2021\/09\/HAPRUN-213-768x709.jpg 768w, https:\/\/perladelsud.pl\/wp-content\/uploads\/2021\/09\/HAPRUN-213.jpg 832w\" sizes=\"(max-width: 300px) 100vw, 300px\" \/><\/a>\n\t\t\t<\/dt>\n\t\t\t\t<dd class='wp-caption-text gallery-caption' id='gallery-6-1463'>\n\t\t\t\tW&#8217;Lara mieszka w Krakowie\n\t\t\t\t<\/dd><\/dl><dl class='gallery-item'>\n\t\t\t<dt class='gallery-icon landscape'>\n\t\t\t\t<a href='https:\/\/perladelsud.pl\/wp-content\/uploads\/2021\/09\/IMG_6966-1.jpg'><img width=\"300\" height=\"200\" src=\"https:\/\/perladelsud.pl\/wp-content\/uploads\/2021\/09\/IMG_6966-1-300x200.jpg\" class=\"attachment-medium size-medium\" alt=\"\" decoding=\"async\" loading=\"lazy\" aria-describedby=\"gallery-6-1464\" srcset=\"https:\/\/perladelsud.pl\/wp-content\/uploads\/2021\/09\/IMG_6966-1-300x200.jpg 300w, https:\/\/perladelsud.pl\/wp-content\/uploads\/2021\/09\/IMG_6966-1-768x512.jpg 768w, https:\/\/perladelsud.pl\/wp-content\/uploads\/2021\/09\/IMG_6966-1.jpg 1024w\" sizes=\"(max-width: 300px) 100vw, 300px\" \/><\/a>\n\t\t\t<\/dt>\n\t\t\t\t<dd class='wp-caption-text gallery-caption' id='gallery-6-1464'>\n\t\t\t\tWalle mieszka w Krakowie\n\t\t\t\t<\/dd><\/dl><br style=\"clear: both\" \/><dl class='gallery-item'>\n\t\t\t<dt class='gallery-icon landscape'>\n\t\t\t\t<a href='https:\/\/perladelsud.pl\/wp-content\/uploads\/2021\/09\/IMG_6971.jpg'><img width=\"300\" height=\"200\" src=\"https:\/\/perladelsud.pl\/wp-content\/uploads\/2021\/09\/IMG_6971-300x200.jpg\" class=\"attachment-medium size-medium\" alt=\"\" decoding=\"async\" loading=\"lazy\" aria-describedby=\"gallery-6-1465\" srcset=\"https:\/\/perladelsud.pl\/wp-content\/uploads\/2021\/09\/IMG_6971-300x200.jpg 300w, https:\/\/perladelsud.pl\/wp-content\/uploads\/2021\/09\/IMG_6971-768x512.jpg 768w, https:\/\/perladelsud.pl\/wp-content\/uploads\/2021\/09\/IMG_6971.jpg 1024w\" sizes=\"(max-width: 300px) 100vw, 300px\" \/><\/a>\n\t\t\t<\/dt>\n\t\t\t\t<dd class='wp-caption-text gallery-caption' id='gallery-6-1465'>\n\t\t\t\tWivien mieszka nad morzem\n\t\t\t\t<\/dd><\/dl>\n\t\t\t<br style='clear: both' \/>\n\t\t<\/div>\n\n<p><iframe loading=\"lazy\" title=\"YouTube video player\" src=\"https:\/\/www.youtube.com\/embed\/GPy_W0nPw5k\" width=\"560\" height=\"315\" frameborder=\"0\" allowfullscreen=\"allowfullscreen\"><\/iframe><\/p>\n<p><strong>Miot U <\/strong>urodzony 08.06.2021 : 1 samiec<\/p>\n<p>Rodzice szczeni\u0105t to:<br \/>\nMatka :Betina Perla del Sud (FCI)<br \/>\nOjciec: Tandu by Aralezo Saga(FCI) Miot R i S<\/p>\n\n\t\t<style type=\"text\/css\">\n\t\t\t#gallery-7 {\n\t\t\t\tmargin: auto;\n\t\t\t}\n\t\t\t#gallery-7 .gallery-item {\n\t\t\t\tfloat: left;\n\t\t\t\tmargin-top: 10px;\n\t\t\t\ttext-align: center;\n\t\t\t\twidth: 50%;\n\t\t\t}\n\t\t\t#gallery-7 img {\n\t\t\t\tborder: 2px solid #cfcfcf;\n\t\t\t}\n\t\t\t#gallery-7 .gallery-caption {\n\t\t\t\tmargin-left: 0;\n\t\t\t}\n\t\t\t\/* see gallery_shortcode() in wp-includes\/media.php *\/\n\t\t<\/style>\n\t\t<div id='gallery-7' class='gallery galleryid-192 gallery-columns-2 gallery-size-medium'><dl class='gallery-item'>\n\t\t\t<dt class='gallery-icon landscape'>\n\t\t\t\t<a href='https:\/\/perladelsud.pl\/wp-content\/uploads\/2021\/09\/HAPRUN-227.jpg'><img width=\"300\" height=\"256\" src=\"https:\/\/perladelsud.pl\/wp-content\/uploads\/2021\/09\/HAPRUN-227-300x256.jpg\" class=\"attachment-medium size-medium\" alt=\"\" decoding=\"async\" loading=\"lazy\" aria-describedby=\"gallery-7-1458\" srcset=\"https:\/\/perladelsud.pl\/wp-content\/uploads\/2021\/09\/HAPRUN-227-300x256.jpg 300w, https:\/\/perladelsud.pl\/wp-content\/uploads\/2021\/09\/HAPRUN-227-768x656.jpg 768w, https:\/\/perladelsud.pl\/wp-content\/uploads\/2021\/09\/HAPRUN-227.jpg 899w\" sizes=\"(max-width: 300px) 100vw, 300px\" \/><\/a>\n\t\t\t<\/dt>\n\t\t\t\t<dd class='wp-caption-text gallery-caption' id='gallery-7-1458'>\n\t\t\t\tU&#8221;Fado Perla del Sud (FCI)  mieszka w Warszawie , ze swoj\u0105 p\u00f3\u0142siostr\u0105 Ruby\n\t\t\t\t<\/dd><\/dl>\n\t\t\t<br style='clear: both' \/>\n\t\t<\/div>\n\n<p><strong>Miot T<\/strong> urodzony 04.10.2020: 2 suczki i 2 samczyki<\/p>\n<p>Rodzice szczeni\u0105t to:<br \/>\nMatka : Amelia\u00a0Klan Biewer Rott\u00a0(FCI )<br \/>\nOjciec: Tandu by Aralezo Saga(FCI)<\/p>\n\n\t\t<style type=\"text\/css\">\n\t\t\t#gallery-8 {\n\t\t\t\tmargin: auto;\n\t\t\t}\n\t\t\t#gallery-8 .gallery-item {\n\t\t\t\tfloat: left;\n\t\t\t\tmargin-top: 10px;\n\t\t\t\ttext-align: center;\n\t\t\t\twidth: 50%;\n\t\t\t}\n\t\t\t#gallery-8 img {\n\t\t\t\tborder: 2px solid #cfcfcf;\n\t\t\t}\n\t\t\t#gallery-8 .gallery-caption {\n\t\t\t\tmargin-left: 0;\n\t\t\t}\n\t\t\t\/* see gallery_shortcode() in wp-includes\/media.php *\/\n\t\t<\/style>\n\t\t<div id='gallery-8' class='gallery galleryid-192 gallery-columns-2 gallery-size-medium'><dl class='gallery-item'>\n\t\t\t<dt class='gallery-icon landscape'>\n\t\t\t\t<a href='https:\/\/perladelsud.pl\/wp-content\/uploads\/2020\/12\/psy-651.jpg'><img width=\"300\" height=\"238\" src=\"https:\/\/perladelsud.pl\/wp-content\/uploads\/2020\/12\/psy-651-300x238.jpg\" class=\"attachment-medium size-medium\" alt=\"\" decoding=\"async\" loading=\"lazy\" aria-describedby=\"gallery-8-1348\" srcset=\"https:\/\/perladelsud.pl\/wp-content\/uploads\/2020\/12\/psy-651-300x238.jpg 300w, https:\/\/perladelsud.pl\/wp-content\/uploads\/2020\/12\/psy-651-768x608.jpg 768w, https:\/\/perladelsud.pl\/wp-content\/uploads\/2020\/12\/psy-651.jpg 970w\" sizes=\"(max-width: 300px) 100vw, 300px\" \/><\/a>\n\t\t\t<\/dt>\n\t\t\t\t<dd class='wp-caption-text gallery-caption' id='gallery-8-1348'>\n\t\t\t\tTarantino del Sud (FCI) mieszka w Krakowie\n\t\t\t\t<\/dd><\/dl><dl class='gallery-item'>\n\t\t\t<dt class='gallery-icon portrait'>\n\t\t\t\t<a href='https:\/\/perladelsud.pl\/wp-content\/uploads\/2020\/12\/psy-665.jpg'><img width=\"261\" height=\"300\" src=\"https:\/\/perladelsud.pl\/wp-content\/uploads\/2020\/12\/psy-665-261x300.jpg\" class=\"attachment-medium size-medium\" alt=\"\" decoding=\"async\" loading=\"lazy\" aria-describedby=\"gallery-8-1349\" srcset=\"https:\/\/perladelsud.pl\/wp-content\/uploads\/2020\/12\/psy-665-261x300.jpg 261w, https:\/\/perladelsud.pl\/wp-content\/uploads\/2020\/12\/psy-665.jpg 740w\" sizes=\"(max-width: 261px) 100vw, 261px\" \/><\/a>\n\t\t\t<\/dt>\n\t\t\t\t<dd class='wp-caption-text gallery-caption' id='gallery-8-1349'>\n\t\t\t\tTessi Perla del Sud (FCI)  mieszka w Wieliczce \n\t\t\t\t<\/dd><\/dl><br style=\"clear: both\" \/><dl class='gallery-item'>\n\t\t\t<dt class='gallery-icon landscape'>\n\t\t\t\t<a href='https:\/\/perladelsud.pl\/wp-content\/uploads\/2020\/12\/psy-677.jpg'><img width=\"300\" height=\"260\" src=\"https:\/\/perladelsud.pl\/wp-content\/uploads\/2020\/12\/psy-677-300x260.jpg\" class=\"attachment-medium size-medium\" alt=\"\" decoding=\"async\" loading=\"lazy\" aria-describedby=\"gallery-8-1350\" srcset=\"https:\/\/perladelsud.pl\/wp-content\/uploads\/2020\/12\/psy-677-300x260.jpg 300w, https:\/\/perladelsud.pl\/wp-content\/uploads\/2020\/12\/psy-677-768x665.jpg 768w, https:\/\/perladelsud.pl\/wp-content\/uploads\/2020\/12\/psy-677.jpg 887w\" sizes=\"(max-width: 300px) 100vw, 300px\" \/><\/a>\n\t\t\t<\/dt>\n\t\t\t\t<dd class='wp-caption-text gallery-caption' id='gallery-8-1350'>\n\t\t\t\tT&#8217;Harry Perla del Sud (FCI) mieszka  w Bielsko &#8211; Bia\u0142a\n\t\t\t\t<\/dd><\/dl><dl class='gallery-item'>\n\t\t\t<dt class='gallery-icon landscape'>\n\t\t\t\t<a href='https:\/\/perladelsud.pl\/wp-content\/uploads\/2020\/12\/psy-727.jpg'><img width=\"300\" height=\"203\" src=\"https:\/\/perladelsud.pl\/wp-content\/uploads\/2020\/12\/psy-727-300x203.jpg\" class=\"attachment-medium size-medium\" alt=\"\" decoding=\"async\" loading=\"lazy\" aria-describedby=\"gallery-8-1351\" srcset=\"https:\/\/perladelsud.pl\/wp-content\/uploads\/2020\/12\/psy-727-300x203.jpg 300w, https:\/\/perladelsud.pl\/wp-content\/uploads\/2020\/12\/psy-727-768x520.jpg 768w, https:\/\/perladelsud.pl\/wp-content\/uploads\/2020\/12\/psy-727.jpg 980w\" sizes=\"(max-width: 300px) 100vw, 300px\" \/><\/a>\n\t\t\t<\/dt>\n\t\t\t\t<dd class='wp-caption-text gallery-caption' id='gallery-8-1351'>\n\t\t\t\tTolly Perla del Sud (FCI)  mieszka w Warszawie\n\t\t\t\t<\/dd><\/dl><br style=\"clear: both\" \/>\n\t\t<\/div>\n\n<p><iframe loading=\"lazy\" src=\"https:\/\/www.youtube.com\/embed\/jk3HthDmOCw\" width=\"560\" height=\"315\" frameborder=\"0\" allowfullscreen=\"allowfullscreen\"><\/iframe><\/p>\n<p><strong>Miot R i S<\/strong>\u00a0urodzony :13.07 i 19.07: 2 suczki i 3 samczyki<\/p>\n<p>Rodzice szczeni\u0105t to:<br \/>\nMatka : Suzanne Prinzess Klan Biewer Rott (FCI )Miot R<br \/>\nMatka: Hanah Noblesse Dog (FCI) Miot S<br \/>\nOjciec: Tandu by Aralezo Saga(FCI) Miot R i S<\/p>\n\n\t\t<style type=\"text\/css\">\n\t\t\t#gallery-9 {\n\t\t\t\tmargin: auto;\n\t\t\t}\n\t\t\t#gallery-9 .gallery-item {\n\t\t\t\tfloat: left;\n\t\t\t\tmargin-top: 10px;\n\t\t\t\ttext-align: center;\n\t\t\t\twidth: 50%;\n\t\t\t}\n\t\t\t#gallery-9 img {\n\t\t\t\tborder: 2px solid #cfcfcf;\n\t\t\t}\n\t\t\t#gallery-9 .gallery-caption {\n\t\t\t\tmargin-left: 0;\n\t\t\t}\n\t\t\t\/* see gallery_shortcode() in wp-includes\/media.php *\/\n\t\t<\/style>\n\t\t<div id='gallery-9' class='gallery galleryid-192 gallery-columns-2 gallery-size-medium'><dl class='gallery-item'>\n\t\t\t<dt class='gallery-icon landscape'>\n\t\t\t\t<a href='https:\/\/perladelsud.pl\/wp-content\/uploads\/2020\/11\/psy-209.jpg'><img width=\"300\" height=\"236\" src=\"https:\/\/perladelsud.pl\/wp-content\/uploads\/2020\/11\/psy-209-300x236.jpg\" class=\"attachment-medium size-medium\" alt=\"\" decoding=\"async\" loading=\"lazy\" aria-describedby=\"gallery-9-1306\" srcset=\"https:\/\/perladelsud.pl\/wp-content\/uploads\/2020\/11\/psy-209-300x236.jpg 300w, https:\/\/perladelsud.pl\/wp-content\/uploads\/2020\/11\/psy-209-768x603.jpg 768w, https:\/\/perladelsud.pl\/wp-content\/uploads\/2020\/11\/psy-209.jpg 978w\" sizes=\"(max-width: 300px) 100vw, 300px\" \/><\/a>\n\t\t\t<\/dt>\n\t\t\t\t<dd class='wp-caption-text gallery-caption' id='gallery-9-1306'>\n\t\t\t\tRalph Perla del Sud (FCI) mieszka  w Krakowie\n\t\t\t\t<\/dd><\/dl><dl class='gallery-item'>\n\t\t\t<dt class='gallery-icon landscape'>\n\t\t\t\t<a href='https:\/\/perladelsud.pl\/wp-content\/uploads\/2020\/11\/psy-200.jpg'><img width=\"300\" height=\"272\" src=\"https:\/\/perladelsud.pl\/wp-content\/uploads\/2020\/11\/psy-200-300x272.jpg\" class=\"attachment-medium size-medium\" alt=\"\" decoding=\"async\" loading=\"lazy\" aria-describedby=\"gallery-9-1305\" srcset=\"https:\/\/perladelsud.pl\/wp-content\/uploads\/2020\/11\/psy-200-300x272.jpg 300w, https:\/\/perladelsud.pl\/wp-content\/uploads\/2020\/11\/psy-200-768x696.jpg 768w, https:\/\/perladelsud.pl\/wp-content\/uploads\/2020\/11\/psy-200.jpg 848w\" sizes=\"(max-width: 300px) 100vw, 300px\" \/><\/a>\n\t\t\t<\/dt>\n\t\t\t\t<dd class='wp-caption-text gallery-caption' id='gallery-9-1305'>\n\t\t\t\tRico  Perla del Sud (FCI)  mieszka w Krakowie\n\t\t\t\t<\/dd><\/dl><br style=\"clear: both\" \/><dl class='gallery-item'>\n\t\t\t<dt class='gallery-icon landscape'>\n\t\t\t\t<a href='https:\/\/perladelsud.pl\/wp-content\/uploads\/2020\/11\/psy-217.jpg'><img width=\"300\" height=\"282\" src=\"https:\/\/perladelsud.pl\/wp-content\/uploads\/2020\/11\/psy-217-300x282.jpg\" class=\"attachment-medium size-medium\" alt=\"\" decoding=\"async\" loading=\"lazy\" aria-describedby=\"gallery-9-1307\" srcset=\"https:\/\/perladelsud.pl\/wp-content\/uploads\/2020\/11\/psy-217-300x282.jpg 300w, https:\/\/perladelsud.pl\/wp-content\/uploads\/2020\/11\/psy-217.jpg 768w\" sizes=\"(max-width: 300px) 100vw, 300px\" \/><\/a>\n\t\t\t<\/dt>\n\t\t\t\t<dd class='wp-caption-text gallery-caption' id='gallery-9-1307'>\n\t\t\t\tRiko del Sud (FCI) mieszka we Wroc\u0142wiu \n\t\t\t\t<\/dd><\/dl><dl class='gallery-item'>\n\t\t\t<dt class='gallery-icon landscape'>\n\t\t\t\t<a href='https:\/\/perladelsud.pl\/wp-content\/uploads\/2020\/11\/psy-167.jpg'><img width=\"300\" height=\"242\" src=\"https:\/\/perladelsud.pl\/wp-content\/uploads\/2020\/11\/psy-167-300x242.jpg\" class=\"attachment-medium size-medium\" alt=\"\" decoding=\"async\" loading=\"lazy\" aria-describedby=\"gallery-9-1303\" srcset=\"https:\/\/perladelsud.pl\/wp-content\/uploads\/2020\/11\/psy-167-300x242.jpg 300w, https:\/\/perladelsud.pl\/wp-content\/uploads\/2020\/11\/psy-167-768x619.jpg 768w, https:\/\/perladelsud.pl\/wp-content\/uploads\/2020\/11\/psy-167.jpg 953w\" sizes=\"(max-width: 300px) 100vw, 300px\" \/><\/a>\n\t\t\t<\/dt>\n\t\t\t\t<dd class='wp-caption-text gallery-caption' id='gallery-9-1303'>\n\t\t\t\tRubby  Perla del Sud (FCI) mieszka w Warszawie \n\t\t\t\t<\/dd><\/dl><br style=\"clear: both\" \/><dl class='gallery-item'>\n\t\t\t<dt class='gallery-icon landscape'>\n\t\t\t\t<a href='https:\/\/perladelsud.pl\/wp-content\/uploads\/2020\/11\/psy-183.jpg'><img width=\"300\" height=\"289\" src=\"https:\/\/perladelsud.pl\/wp-content\/uploads\/2020\/11\/psy-183-300x289.jpg\" class=\"attachment-medium size-medium\" alt=\"\" decoding=\"async\" loading=\"lazy\" aria-describedby=\"gallery-9-1304\" srcset=\"https:\/\/perladelsud.pl\/wp-content\/uploads\/2020\/11\/psy-183-300x289.jpg 300w, https:\/\/perladelsud.pl\/wp-content\/uploads\/2020\/11\/psy-183-768x741.jpg 768w, https:\/\/perladelsud.pl\/wp-content\/uploads\/2020\/11\/psy-183.jpg 796w\" sizes=\"(max-width: 300px) 100vw, 300px\" \/><\/a>\n\t\t\t<\/dt>\n\t\t\t\t<dd class='wp-caption-text gallery-caption' id='gallery-9-1304'>\n\t\t\t\tSissi Perla del Sud (FCI) mieszka we Wroc\u0142awiu\n\t\t\t\t<\/dd><\/dl>\n\t\t\t<br style='clear: both' \/>\n\t\t<\/div>\n\n<p><iframe loading=\"lazy\" src=\"https:\/\/www.youtube.com\/embed\/ietvo7HLQ0U\" width=\"560\" height=\"315\" frameborder=\"0\" allowfullscreen=\"allowfullscreen\"><\/iframe><\/p>\n<p><strong>Miot P<\/strong> urodzony :25.02.2020: 2 pieski<\/p>\n<p>Rodzice szczeni\u0105t to:<br \/>\nMatka : Betina Perla del Sud (FCI )<br \/>\nOjciec: Tandu by Aralezo Saga(FCI)<\/p>\n<p>Pero i Parys \u00a0Perla del Sud (FCI) mieszkaj\u0105 razem\u00a0 w Warszawie<\/p>\n\n\t\t<style type=\"text\/css\">\n\t\t\t#gallery-10 {\n\t\t\t\tmargin: auto;\n\t\t\t}\n\t\t\t#gallery-10 .gallery-item {\n\t\t\t\tfloat: left;\n\t\t\t\tmargin-top: 10px;\n\t\t\t\ttext-align: center;\n\t\t\t\twidth: 50%;\n\t\t\t}\n\t\t\t#gallery-10 img {\n\t\t\t\tborder: 2px solid #cfcfcf;\n\t\t\t}\n\t\t\t#gallery-10 .gallery-caption {\n\t\t\t\tmargin-left: 0;\n\t\t\t}\n\t\t\t\/* see gallery_shortcode() in wp-includes\/media.php *\/\n\t\t<\/style>\n\t\t<div id='gallery-10' class='gallery galleryid-192 gallery-columns-2 gallery-size-medium'><dl class='gallery-item'>\n\t\t\t<dt class='gallery-icon landscape'>\n\t\t\t\t<a href='https:\/\/perladelsud.pl\/wp-content\/uploads\/2020\/06\/mioto-569.jpg'><img width=\"300\" height=\"263\" src=\"https:\/\/perladelsud.pl\/wp-content\/uploads\/2020\/06\/mioto-569-300x263.jpg\" class=\"attachment-medium size-medium\" alt=\"\" decoding=\"async\" loading=\"lazy\" srcset=\"https:\/\/perladelsud.pl\/wp-content\/uploads\/2020\/06\/mioto-569-300x263.jpg 300w, https:\/\/perladelsud.pl\/wp-content\/uploads\/2020\/06\/mioto-569-768x673.jpg 768w, https:\/\/perladelsud.pl\/wp-content\/uploads\/2020\/06\/mioto-569.jpg 877w\" sizes=\"(max-width: 300px) 100vw, 300px\" \/><\/a>\n\t\t\t<\/dt><\/dl><dl class='gallery-item'>\n\t\t\t<dt class='gallery-icon landscape'>\n\t\t\t\t<a href='https:\/\/perladelsud.pl\/wp-content\/uploads\/2020\/06\/mioto-570.jpg'><img width=\"300\" height=\"220\" src=\"https:\/\/perladelsud.pl\/wp-content\/uploads\/2020\/06\/mioto-570-300x220.jpg\" class=\"attachment-medium size-medium\" alt=\"\" decoding=\"async\" loading=\"lazy\" srcset=\"https:\/\/perladelsud.pl\/wp-content\/uploads\/2020\/06\/mioto-570-300x220.jpg 300w, https:\/\/perladelsud.pl\/wp-content\/uploads\/2020\/06\/mioto-570-768x564.jpg 768w, https:\/\/perladelsud.pl\/wp-content\/uploads\/2020\/06\/mioto-570.jpg 1024w\" sizes=\"(max-width: 300px) 100vw, 300px\" \/><\/a>\n\t\t\t<\/dt><\/dl><br style=\"clear: both\" \/>\n\t\t<\/div>\n\n<p><iframe loading=\"lazy\" src=\"https:\/\/www.youtube.com\/embed\/VDeXPoy3cK4\" width=\"560\" height=\"315\" frameborder=\"0\" allowfullscreen=\"allowfullscreen\"><\/iframe><\/p>\n<p><strong>Miot O<\/strong> urodzony :14.02.2020: 2 suczki, 2 pieski<\/p>\n<p>Rodzice szczeni\u0105t to:<br \/>\nMatka : Mery Klan Biewer Rott (FCI )<br \/>\nOjciec: Tandu by Aralezo Saga(FCI)<\/p>\n\n\t\t<style type=\"text\/css\">\n\t\t\t#gallery-11 {\n\t\t\t\tmargin: auto;\n\t\t\t}\n\t\t\t#gallery-11 .gallery-item {\n\t\t\t\tfloat: left;\n\t\t\t\tmargin-top: 10px;\n\t\t\t\ttext-align: center;\n\t\t\t\twidth: 50%;\n\t\t\t}\n\t\t\t#gallery-11 img {\n\t\t\t\tborder: 2px solid #cfcfcf;\n\t\t\t}\n\t\t\t#gallery-11 .gallery-caption {\n\t\t\t\tmargin-left: 0;\n\t\t\t}\n\t\t\t\/* see gallery_shortcode() in wp-includes\/media.php *\/\n\t\t<\/style>\n\t\t<div id='gallery-11' class='gallery galleryid-192 gallery-columns-2 gallery-size-medium'><dl class='gallery-item'>\n\t\t\t<dt class='gallery-icon portrait'>\n\t\t\t\t<a href='https:\/\/perladelsud.pl\/wp-content\/uploads\/2020\/05\/mioto-498.jpg'><img width=\"286\" height=\"300\" src=\"https:\/\/perladelsud.pl\/wp-content\/uploads\/2020\/05\/mioto-498-286x300.jpg\" class=\"attachment-medium size-medium\" alt=\"\" decoding=\"async\" loading=\"lazy\" aria-describedby=\"gallery-11-1176\" srcset=\"https:\/\/perladelsud.pl\/wp-content\/uploads\/2020\/05\/mioto-498-286x300.jpg 286w, https:\/\/perladelsud.pl\/wp-content\/uploads\/2020\/05\/mioto-498.jpg 768w\" sizes=\"(max-width: 286px) 100vw, 286px\" \/><\/a>\n\t\t\t<\/dt>\n\t\t\t\t<dd class='wp-caption-text gallery-caption' id='gallery-11-1176'>\n\t\t\t\tOun Perla del Sud (FCI) mieszka  w USA \n\t\t\t\t<\/dd><\/dl><dl class='gallery-item'>\n\t\t\t<dt class='gallery-icon landscape'>\n\t\t\t\t<a href='https:\/\/perladelsud.pl\/wp-content\/uploads\/2020\/05\/mioto-513.jpg'><img width=\"300\" height=\"253\" src=\"https:\/\/perladelsud.pl\/wp-content\/uploads\/2020\/05\/mioto-513-300x253.jpg\" class=\"attachment-medium size-medium\" alt=\"\" decoding=\"async\" loading=\"lazy\" aria-describedby=\"gallery-11-1177\" srcset=\"https:\/\/perladelsud.pl\/wp-content\/uploads\/2020\/05\/mioto-513-300x253.jpg 300w, https:\/\/perladelsud.pl\/wp-content\/uploads\/2020\/05\/mioto-513-768x648.jpg 768w, https:\/\/perladelsud.pl\/wp-content\/uploads\/2020\/05\/mioto-513.jpg 910w\" sizes=\"(max-width: 300px) 100vw, 300px\" \/><\/a>\n\t\t\t<\/dt>\n\t\t\t\t<dd class='wp-caption-text gallery-caption' id='gallery-11-1177'>\n\t\t\t\tOrlando Perla del Sud (FCI) mieszka w Krakowie\n\t\t\t\t<\/dd><\/dl><br style=\"clear: both\" \/><dl class='gallery-item'>\n\t\t\t<dt class='gallery-icon portrait'>\n\t\t\t\t<a href='https:\/\/perladelsud.pl\/wp-content\/uploads\/2020\/05\/mioto-527.jpg'><img width=\"184\" height=\"300\" src=\"https:\/\/perladelsud.pl\/wp-content\/uploads\/2020\/05\/mioto-527-184x300.jpg\" class=\"attachment-medium size-medium\" alt=\"\" decoding=\"async\" loading=\"lazy\" aria-describedby=\"gallery-11-1178\" srcset=\"https:\/\/perladelsud.pl\/wp-content\/uploads\/2020\/05\/mioto-527-184x300.jpg 184w, https:\/\/perladelsud.pl\/wp-content\/uploads\/2020\/05\/mioto-527.jpg 627w\" sizes=\"(max-width: 184px) 100vw, 184px\" \/><\/a>\n\t\t\t<\/dt>\n\t\t\t\t<dd class='wp-caption-text gallery-caption' id='gallery-11-1178'>\n\t\t\t\tOlivia   Perla del Sud (FCI)  mieszka na Sardynii\n\t\t\t\t<\/dd><\/dl><dl class='gallery-item'>\n\t\t\t<dt class='gallery-icon portrait'>\n\t\t\t\t<a href='https:\/\/perladelsud.pl\/wp-content\/uploads\/2020\/05\/mioto-532.jpg'><img width=\"289\" height=\"300\" src=\"https:\/\/perladelsud.pl\/wp-content\/uploads\/2020\/05\/mioto-532-289x300.jpg\" class=\"attachment-medium size-medium\" alt=\"\" decoding=\"async\" loading=\"lazy\" aria-describedby=\"gallery-11-1179\" srcset=\"https:\/\/perladelsud.pl\/wp-content\/uploads\/2020\/05\/mioto-532-289x300.jpg 289w, https:\/\/perladelsud.pl\/wp-content\/uploads\/2020\/05\/mioto-532.jpg 768w\" sizes=\"(max-width: 289px) 100vw, 289px\" \/><\/a>\n\t\t\t<\/dt>\n\t\t\t\t<dd class='wp-caption-text gallery-caption' id='gallery-11-1179'>\n\t\t\t\tO\u2019Figa  Perla del Sud (FCI) mieszka w Warszawie\n\t\t\t\t<\/dd><\/dl><br style=\"clear: both\" \/>\n\t\t<\/div>\n\n<p><iframe loading=\"lazy\" src=\"https:\/\/www.youtube.com\/embed\/GPp37TE_U34\" width=\"560\" height=\"315\" frameborder=\"0\" allowfullscreen=\"allowfullscreen\"><\/iframe><\/p>\n<p><strong>Miot N<\/strong> urodzony :16.08.2019: 1 suczka, 2 pieski<\/p>\n<p>Rodzice szczeni\u0105t to:<br \/>\nMatka : Suzanne Prinzess\u00a0Klan Biewer Rott (FCI )<br \/>\nOjciec: Andre Mademoisele Iwet (FCI)<\/p>\n\n\t\t<style type=\"text\/css\">\n\t\t\t#gallery-12 {\n\t\t\t\tmargin: auto;\n\t\t\t}\n\t\t\t#gallery-12 .gallery-item {\n\t\t\t\tfloat: left;\n\t\t\t\tmargin-top: 10px;\n\t\t\t\ttext-align: center;\n\t\t\t\twidth: 50%;\n\t\t\t}\n\t\t\t#gallery-12 img {\n\t\t\t\tborder: 2px solid #cfcfcf;\n\t\t\t}\n\t\t\t#gallery-12 .gallery-caption {\n\t\t\t\tmargin-left: 0;\n\t\t\t}\n\t\t\t\/* see gallery_shortcode() in wp-includes\/media.php *\/\n\t\t<\/style>\n\t\t<div id='gallery-12' class='gallery galleryid-192 gallery-columns-2 gallery-size-medium'><dl class='gallery-item'>\n\t\t\t<dt class='gallery-icon landscape'>\n\t\t\t\t<a href='https:\/\/perladelsud.pl\/wp-content\/uploads\/2020\/01\/szecz-181.jpg'><img width=\"300\" height=\"282\" src=\"https:\/\/perladelsud.pl\/wp-content\/uploads\/2020\/01\/szecz-181-300x282.jpg\" class=\"attachment-medium size-medium\" alt=\"\" decoding=\"async\" loading=\"lazy\" aria-describedby=\"gallery-12-954\" srcset=\"https:\/\/perladelsud.pl\/wp-content\/uploads\/2020\/01\/szecz-181-300x282.jpg 300w, https:\/\/perladelsud.pl\/wp-content\/uploads\/2020\/01\/szecz-181.jpg 725w\" sizes=\"(max-width: 300px) 100vw, 300px\" \/><\/a>\n\t\t\t<\/dt>\n\t\t\t\t<dd class='wp-caption-text gallery-caption' id='gallery-12-954'>\n\t\t\t\tNadir Perla del Sud (FCI) mieszka  w Warszawie\n\t\t\t\t<\/dd><\/dl><dl class='gallery-item'>\n\t\t\t<dt class='gallery-icon portrait'>\n\t\t\t\t<a href='https:\/\/perladelsud.pl\/wp-content\/uploads\/2020\/01\/szecz-191.jpg'><img width=\"258\" height=\"300\" src=\"https:\/\/perladelsud.pl\/wp-content\/uploads\/2020\/01\/szecz-191-258x300.jpg\" class=\"attachment-medium size-medium\" alt=\"\" decoding=\"async\" loading=\"lazy\" aria-describedby=\"gallery-12-955\" srcset=\"https:\/\/perladelsud.pl\/wp-content\/uploads\/2020\/01\/szecz-191-258x300.jpg 258w, https:\/\/perladelsud.pl\/wp-content\/uploads\/2020\/01\/szecz-191.jpg 735w\" sizes=\"(max-width: 258px) 100vw, 258px\" \/><\/a>\n\t\t\t<\/dt>\n\t\t\t\t<dd class='wp-caption-text gallery-caption' id='gallery-12-955'>\n\t\t\t\t  Nazar  Perla del Sud (FCI) mieszka na W\u0119grzech\n\t\t\t\t<\/dd><\/dl><br style=\"clear: both\" \/><dl class='gallery-item'>\n\t\t\t<dt class='gallery-icon landscape'>\n\t\t\t\t<a href='https:\/\/perladelsud.pl\/wp-content\/uploads\/2020\/01\/szecz-200.jpg'><img width=\"300\" height=\"282\" src=\"https:\/\/perladelsud.pl\/wp-content\/uploads\/2020\/01\/szecz-200-300x282.jpg\" class=\"attachment-medium size-medium\" alt=\"\" decoding=\"async\" loading=\"lazy\" aria-describedby=\"gallery-12-956\" srcset=\"https:\/\/perladelsud.pl\/wp-content\/uploads\/2020\/01\/szecz-200-300x282.jpg 300w, https:\/\/perladelsud.pl\/wp-content\/uploads\/2020\/01\/szecz-200.jpg 729w\" sizes=\"(max-width: 300px) 100vw, 300px\" \/><\/a>\n\t\t\t<\/dt>\n\t\t\t\t<dd class='wp-caption-text gallery-caption' id='gallery-12-956'>\n\t\t\t\tNiki  Perla del Sud (FCI)  mieszka z nami\n\t\t\t\t<\/dd><\/dl>\n\t\t\t<br style='clear: both' \/>\n\t\t<\/div>\n\n<p><iframe loading=\"lazy\" src=\"https:\/\/www.youtube.com\/embed\/B0n7UO7rGxA\" width=\"560\" height=\"315\" frameborder=\"0\" allowfullscreen=\"allowfullscreen\"><\/iframe><\/p>\n<p>&nbsp;<\/p>\n<p><strong>Miot M<\/strong> urodzony :19.04.2019: 2 suczki, 1 piesek<\/p>\n<p>Rodzice szczeni\u0105t to:<br \/>\nMatka : Amelia \u00a0Klan Biewer Rott (FCI )<br \/>\nOjciec: Portos Klan Biewer Rott (FCI)<\/p>\n\n\t\t<style type=\"text\/css\">\n\t\t\t#gallery-13 {\n\t\t\t\tmargin: auto;\n\t\t\t}\n\t\t\t#gallery-13 .gallery-item {\n\t\t\t\tfloat: left;\n\t\t\t\tmargin-top: 10px;\n\t\t\t\ttext-align: center;\n\t\t\t\twidth: 50%;\n\t\t\t}\n\t\t\t#gallery-13 img {\n\t\t\t\tborder: 2px solid #cfcfcf;\n\t\t\t}\n\t\t\t#gallery-13 .gallery-caption {\n\t\t\t\tmargin-left: 0;\n\t\t\t}\n\t\t\t\/* see gallery_shortcode() in wp-includes\/media.php *\/\n\t\t<\/style>\n\t\t<div id='gallery-13' class='gallery galleryid-192 gallery-columns-2 gallery-size-medium'><dl class='gallery-item'>\n\t\t\t<dt class='gallery-icon landscape'>\n\t\t\t\t<a href='https:\/\/perladelsud.pl\/wp-content\/uploads\/2019\/08\/szecz-428.jpg'><img width=\"300\" height=\"291\" src=\"https:\/\/perladelsud.pl\/wp-content\/uploads\/2019\/08\/szecz-428-300x291.jpg\" class=\"attachment-medium size-medium\" alt=\"\" decoding=\"async\" loading=\"lazy\" aria-describedby=\"gallery-13-920\" srcset=\"https:\/\/perladelsud.pl\/wp-content\/uploads\/2019\/08\/szecz-428-300x291.jpg 300w, https:\/\/perladelsud.pl\/wp-content\/uploads\/2019\/08\/szecz-428-768x744.jpg 768w, https:\/\/perladelsud.pl\/wp-content\/uploads\/2019\/08\/szecz-428.jpg 793w\" sizes=\"(max-width: 300px) 100vw, 300px\" \/><\/a>\n\t\t\t<\/dt>\n\t\t\t\t<dd class='wp-caption-text gallery-caption' id='gallery-13-920'>\n\t\t\t\tMolly  Perla del Sud (FCI) mieszka w Gliwicach\n\t\t\t\t<\/dd><\/dl><dl class='gallery-item'>\n\t\t\t<dt class='gallery-icon portrait'>\n\t\t\t\t<a href='https:\/\/perladelsud.pl\/wp-content\/uploads\/2019\/08\/szecz-437.jpg'><img width=\"285\" height=\"300\" src=\"https:\/\/perladelsud.pl\/wp-content\/uploads\/2019\/08\/szecz-437-285x300.jpg\" class=\"attachment-medium size-medium\" alt=\"\" decoding=\"async\" loading=\"lazy\" aria-describedby=\"gallery-13-921\" srcset=\"https:\/\/perladelsud.pl\/wp-content\/uploads\/2019\/08\/szecz-437-285x300.jpg 285w, https:\/\/perladelsud.pl\/wp-content\/uploads\/2019\/08\/szecz-437.jpg 730w\" sizes=\"(max-width: 285px) 100vw, 285px\" \/><\/a>\n\t\t\t<\/dt>\n\t\t\t\t<dd class='wp-caption-text gallery-caption' id='gallery-13-921'>\n\t\t\t\t  Melinda Perla del Sud (FCI) mieszka  w Gliwicach\n\t\t\t\t<\/dd><\/dl><br style=\"clear: both\" \/><dl class='gallery-item'>\n\t\t\t<dt class='gallery-icon landscape'>\n\t\t\t\t<a href='https:\/\/perladelsud.pl\/wp-content\/uploads\/2019\/08\/szecz-445.jpg'><img width=\"300\" height=\"275\" src=\"https:\/\/perladelsud.pl\/wp-content\/uploads\/2019\/08\/szecz-445-300x275.jpg\" class=\"attachment-medium size-medium\" alt=\"\" decoding=\"async\" loading=\"lazy\" aria-describedby=\"gallery-13-922\" srcset=\"https:\/\/perladelsud.pl\/wp-content\/uploads\/2019\/08\/szecz-445-300x275.jpg 300w, https:\/\/perladelsud.pl\/wp-content\/uploads\/2019\/08\/szecz-445-768x703.jpg 768w, https:\/\/perladelsud.pl\/wp-content\/uploads\/2019\/08\/szecz-445.jpg 839w\" sizes=\"(max-width: 300px) 100vw, 300px\" \/><\/a>\n\t\t\t<\/dt>\n\t\t\t\t<dd class='wp-caption-text gallery-caption' id='gallery-13-922'>\n\t\t\t\t  Muffi  Perla del Sud (FCI) mieszka w Szwajcarii\n\t\t\t\t<\/dd><\/dl>\n\t\t\t<br style='clear: both' \/>\n\t\t<\/div>\n\n<p><iframe loading=\"lazy\" src=\"https:\/\/www.youtube.com\/embed\/Ui6S7s8e2is\" width=\"560\" height=\"315\" frameborder=\"0\" allowfullscreen=\"allowfullscreen\"><\/iframe><\/p>\n<p><strong>Miot L<\/strong> urodzony :3.02.2019: 2 suczki, 1 piesek<\/p>\n<p>Rodzice szczeni\u0105t to:<br \/>\nMatka: Mery Klan Biewer Rott (FCI )<br \/>\nOjciec: Portos Klan Biewer Rott (FCI)<\/p>\n\n\t\t<style type=\"text\/css\">\n\t\t\t#gallery-14 {\n\t\t\t\tmargin: auto;\n\t\t\t}\n\t\t\t#gallery-14 .gallery-item {\n\t\t\t\tfloat: left;\n\t\t\t\tmargin-top: 10px;\n\t\t\t\ttext-align: center;\n\t\t\t\twidth: 50%;\n\t\t\t}\n\t\t\t#gallery-14 img {\n\t\t\t\tborder: 2px solid #cfcfcf;\n\t\t\t}\n\t\t\t#gallery-14 .gallery-caption {\n\t\t\t\tmargin-left: 0;\n\t\t\t}\n\t\t\t\/* see gallery_shortcode() in wp-includes\/media.php *\/\n\t\t<\/style>\n\t\t<div id='gallery-14' class='gallery galleryid-192 gallery-columns-2 gallery-size-medium'><dl class='gallery-item'>\n\t\t\t<dt class='gallery-icon portrait'>\n\t\t\t\t<a href='https:\/\/perladelsud.pl\/wp-content\/uploads\/2019\/04\/szecz-534.jpg'><img width=\"292\" height=\"300\" src=\"https:\/\/perladelsud.pl\/wp-content\/uploads\/2019\/04\/szecz-534-292x300.jpg\" class=\"attachment-medium size-medium\" alt=\"Lilu Perla del Sud (FCI)\" decoding=\"async\" loading=\"lazy\" aria-describedby=\"gallery-14-834\" srcset=\"https:\/\/perladelsud.pl\/wp-content\/uploads\/2019\/04\/szecz-534-292x300.jpg 292w, https:\/\/perladelsud.pl\/wp-content\/uploads\/2019\/04\/szecz-534.jpg 768w\" sizes=\"(max-width: 292px) 100vw, 292px\" \/><\/a>\n\t\t\t<\/dt>\n\t\t\t\t<dd class='wp-caption-text gallery-caption' id='gallery-14-834'>\n\t\t\t\tLilu Perla del Sud (FCI)\n\t\t\t\t<\/dd><\/dl><dl class='gallery-item'>\n\t\t\t<dt class='gallery-icon portrait'>\n\t\t\t\t<a href='https:\/\/perladelsud.pl\/wp-content\/uploads\/2019\/04\/szecz-570.jpg'><img width=\"223\" height=\"300\" src=\"https:\/\/perladelsud.pl\/wp-content\/uploads\/2019\/04\/szecz-570-223x300.jpg\" class=\"attachment-medium size-medium\" alt=\"\" decoding=\"async\" loading=\"lazy\" aria-describedby=\"gallery-14-835\" srcset=\"https:\/\/perladelsud.pl\/wp-content\/uploads\/2019\/04\/szecz-570-223x300.jpg 223w, https:\/\/perladelsud.pl\/wp-content\/uploads\/2019\/04\/szecz-570.jpg 761w\" sizes=\"(max-width: 223px) 100vw, 223px\" \/><\/a>\n\t\t\t<\/dt>\n\t\t\t\t<dd class='wp-caption-text gallery-caption' id='gallery-14-835'>\n\t\t\t\tLucy Perla del Sud (FCI) \n\t\t\t\t<\/dd><\/dl><br style=\"clear: both\" \/><dl class='gallery-item'>\n\t\t\t<dt class='gallery-icon landscape'>\n\t\t\t\t<a href='https:\/\/perladelsud.pl\/wp-content\/uploads\/2019\/04\/szecz-599.jpg'><img width=\"300\" height=\"245\" src=\"https:\/\/perladelsud.pl\/wp-content\/uploads\/2019\/04\/szecz-599-300x245.jpg\" class=\"attachment-medium size-medium\" alt=\"\" decoding=\"async\" loading=\"lazy\" aria-describedby=\"gallery-14-836\" srcset=\"https:\/\/perladelsud.pl\/wp-content\/uploads\/2019\/04\/szecz-599-300x245.jpg 300w, https:\/\/perladelsud.pl\/wp-content\/uploads\/2019\/04\/szecz-599-768x628.jpg 768w, https:\/\/perladelsud.pl\/wp-content\/uploads\/2019\/04\/szecz-599.jpg 939w\" sizes=\"(max-width: 300px) 100vw, 300px\" \/><\/a>\n\t\t\t<\/dt>\n\t\t\t\t<dd class='wp-caption-text gallery-caption' id='gallery-14-836'>\n\t\t\t\tLeo Perla del Sud (FCI)\n\t\t\t\t<\/dd><\/dl>\n\t\t\t<br style='clear: both' \/>\n\t\t<\/div>\n\n<p><iframe loading=\"lazy\" src=\"https:\/\/www.youtube.com\/embed\/6Yh4i9lDER4\" width=\"560\" height=\"315\" frameborder=\"0\" allowfullscreen=\"allowfullscreen\"><\/iframe><\/p>\n<p><strong>Miot K<\/strong> urodzony :23.10.2018 : 2 suczki<\/p>\n<p>Rodzice szczeni\u0105t to:<br \/>\nMatka: \u00a0Betina Perla del Sud (FCI ) M.CH.P, CHP<br \/>\nOjciec: Andre Mademoisele Iwet(FCI)<\/p>\n\n\t\t<style type=\"text\/css\">\n\t\t\t#gallery-15 {\n\t\t\t\tmargin: auto;\n\t\t\t}\n\t\t\t#gallery-15 .gallery-item {\n\t\t\t\tfloat: left;\n\t\t\t\tmargin-top: 10px;\n\t\t\t\ttext-align: center;\n\t\t\t\twidth: 50%;\n\t\t\t}\n\t\t\t#gallery-15 img {\n\t\t\t\tborder: 2px solid #cfcfcf;\n\t\t\t}\n\t\t\t#gallery-15 .gallery-caption {\n\t\t\t\tmargin-left: 0;\n\t\t\t}\n\t\t\t\/* see gallery_shortcode() in wp-includes\/media.php *\/\n\t\t<\/style>\n\t\t<div id='gallery-15' class='gallery galleryid-192 gallery-columns-2 gallery-size-medium'><dl class='gallery-item'>\n\t\t\t<dt class='gallery-icon portrait'>\n\t\t\t\t<a href='https:\/\/perladelsud.pl\/wp-content\/uploads\/2019\/02\/szecz-030.jpg'><img width=\"265\" height=\"300\" src=\"https:\/\/perladelsud.pl\/wp-content\/uploads\/2019\/02\/szecz-030-265x300.jpg\" class=\"attachment-medium size-medium\" alt=\"\" decoding=\"async\" loading=\"lazy\" aria-describedby=\"gallery-15-810\" srcset=\"https:\/\/perladelsud.pl\/wp-content\/uploads\/2019\/02\/szecz-030-265x300.jpg 265w, https:\/\/perladelsud.pl\/wp-content\/uploads\/2019\/02\/szecz-030.jpg 541w\" sizes=\"(max-width: 265px) 100vw, 265px\" \/><\/a>\n\t\t\t<\/dt>\n\t\t\t\t<dd class='wp-caption-text gallery-caption' id='gallery-15-810'>\n\t\t\t\tKaja Perla del Sud (FCI) mieszka w Kielcach\n\t\t\t\t<\/dd><\/dl><dl class='gallery-item'>\n\t\t\t<dt class='gallery-icon landscape'>\n\t\t\t\t<a href='https:\/\/perladelsud.pl\/wp-content\/uploads\/2019\/02\/szecz-049.jpg'><img width=\"300\" height=\"275\" src=\"https:\/\/perladelsud.pl\/wp-content\/uploads\/2019\/02\/szecz-049-300x275.jpg\" class=\"attachment-medium size-medium\" alt=\"\" decoding=\"async\" loading=\"lazy\" aria-describedby=\"gallery-15-811\" srcset=\"https:\/\/perladelsud.pl\/wp-content\/uploads\/2019\/02\/szecz-049-300x275.jpg 300w, https:\/\/perladelsud.pl\/wp-content\/uploads\/2019\/02\/szecz-049.jpg 744w\" sizes=\"(max-width: 300px) 100vw, 300px\" \/><\/a>\n\t\t\t<\/dt>\n\t\t\t\t<dd class='wp-caption-text gallery-caption' id='gallery-15-811'>\n\t\t\t\t   Kylie Perla del Sud (FCI) mieszka w Danii\n\t\t\t\t<\/dd><\/dl><br style=\"clear: both\" \/>\n\t\t<\/div>\n\n<p><iframe loading=\"lazy\" src=\"https:\/\/www.youtube.com\/embed\/7tqoyBoHxNc\" width=\"560\" height=\"315\" frameborder=\"0\" allowfullscreen=\"allowfullscreen\"><\/iframe><br \/>\n<strong>Miot J<\/strong> urodzony :05.06.2018 : 1 piesek i 1 sunia<\/p>\n<p>Rodzice szczeni\u0105t to:<br \/>\nMatka: Mery Klan-Biewer Rott (FCI )<br \/>\nOjciec: Portos Klan-Biewer Rott (FCI)<\/p>\n\n\t\t<style type=\"text\/css\">\n\t\t\t#gallery-16 {\n\t\t\t\tmargin: auto;\n\t\t\t}\n\t\t\t#gallery-16 .gallery-item {\n\t\t\t\tfloat: left;\n\t\t\t\tmargin-top: 10px;\n\t\t\t\ttext-align: center;\n\t\t\t\twidth: 50%;\n\t\t\t}\n\t\t\t#gallery-16 img {\n\t\t\t\tborder: 2px solid #cfcfcf;\n\t\t\t}\n\t\t\t#gallery-16 .gallery-caption {\n\t\t\t\tmargin-left: 0;\n\t\t\t}\n\t\t\t\/* see gallery_shortcode() in wp-includes\/media.php *\/\n\t\t<\/style>\n\t\t<div id='gallery-16' class='gallery galleryid-192 gallery-columns-2 gallery-size-medium'><dl class='gallery-item'>\n\t\t\t<dt class='gallery-icon landscape'>\n\t\t\t\t<a href='https:\/\/perladelsud.pl\/wp-content\/uploads\/2018\/10\/DSCN2330-e1540561895904.jpg'><img width=\"300\" height=\"247\" src=\"https:\/\/perladelsud.pl\/wp-content\/uploads\/2018\/10\/DSCN2330-300x247.jpg\" class=\"attachment-medium size-medium\" alt=\"\" decoding=\"async\" loading=\"lazy\" aria-describedby=\"gallery-16-693\" srcset=\"https:\/\/perladelsud.pl\/wp-content\/uploads\/2018\/10\/DSCN2330-300x247.jpg 300w, https:\/\/perladelsud.pl\/wp-content\/uploads\/2018\/10\/DSCN2330-768x632.jpg 768w, https:\/\/perladelsud.pl\/wp-content\/uploads\/2018\/10\/DSCN2330-e1540561895904.jpg 1024w\" sizes=\"(max-width: 300px) 100vw, 300px\" \/><\/a>\n\t\t\t<\/dt>\n\t\t\t\t<dd class='wp-caption-text gallery-caption' id='gallery-16-693'>\n\t\t\t\tJusti Perla del Sud (FCI) \n\t\t\t\t<\/dd><\/dl><dl class='gallery-item'>\n\t\t\t<dt class='gallery-icon portrait'>\n\t\t\t\t<a href='https:\/\/perladelsud.pl\/wp-content\/uploads\/2018\/10\/DSCN2340-e1540561932935.jpg'><img width=\"276\" height=\"300\" src=\"https:\/\/perladelsud.pl\/wp-content\/uploads\/2018\/10\/DSCN2340-276x300.jpg\" class=\"attachment-medium size-medium\" alt=\"\" decoding=\"async\" loading=\"lazy\" aria-describedby=\"gallery-16-694\" srcset=\"https:\/\/perladelsud.pl\/wp-content\/uploads\/2018\/10\/DSCN2340-276x300.jpg 276w, https:\/\/perladelsud.pl\/wp-content\/uploads\/2018\/10\/DSCN2340-768x834.jpg 768w, https:\/\/perladelsud.pl\/wp-content\/uploads\/2018\/10\/DSCN2340-e1540561932935.jpg 943w\" sizes=\"(max-width: 276px) 100vw, 276px\" \/><\/a>\n\t\t\t<\/dt>\n\t\t\t\t<dd class='wp-caption-text gallery-caption' id='gallery-16-694'>\n\t\t\t\tJuliette Perla del Sud (FCI)  \n\t\t\t\t<\/dd><\/dl><br style=\"clear: both\" \/>\n\t\t<\/div>\n\n<p><strong>Miot I<\/strong> urodzony :15.03.2018 : 2 pieski<\/p>\n<p>Rodzice szczeni\u0105t to:<br \/>\nMatka: Amelia Klan-Biewer Rott (FCI ) M.CH.P<br \/>\nOjciec: Portos Klan-Biewer Rott (FCI)<\/p>\n\n\t\t<style type=\"text\/css\">\n\t\t\t#gallery-17 {\n\t\t\t\tmargin: auto;\n\t\t\t}\n\t\t\t#gallery-17 .gallery-item {\n\t\t\t\tfloat: left;\n\t\t\t\tmargin-top: 10px;\n\t\t\t\ttext-align: center;\n\t\t\t\twidth: 50%;\n\t\t\t}\n\t\t\t#gallery-17 img {\n\t\t\t\tborder: 2px solid #cfcfcf;\n\t\t\t}\n\t\t\t#gallery-17 .gallery-caption {\n\t\t\t\tmargin-left: 0;\n\t\t\t}\n\t\t\t\/* see gallery_shortcode() in wp-includes\/media.php *\/\n\t\t<\/style>\n\t\t<div id='gallery-17' class='gallery galleryid-192 gallery-columns-2 gallery-size-medium'><dl class='gallery-item'>\n\t\t\t<dt class='gallery-icon landscape'>\n\t\t\t\t<a href='https:\/\/perladelsud.pl\/wp-content\/uploads\/2018\/06\/20180512_144952333333333-e1528798411125.jpg'><img width=\"300\" height=\"245\" src=\"https:\/\/perladelsud.pl\/wp-content\/uploads\/2018\/06\/20180512_144952333333333-300x245.jpg\" class=\"attachment-medium size-medium\" alt=\"\" decoding=\"async\" loading=\"lazy\" aria-describedby=\"gallery-17-675\" srcset=\"https:\/\/perladelsud.pl\/wp-content\/uploads\/2018\/06\/20180512_144952333333333-300x245.jpg 300w, https:\/\/perladelsud.pl\/wp-content\/uploads\/2018\/06\/20180512_144952333333333-768x627.jpg 768w, https:\/\/perladelsud.pl\/wp-content\/uploads\/2018\/06\/20180512_144952333333333-1024x836.jpg 1024w, https:\/\/perladelsud.pl\/wp-content\/uploads\/2018\/06\/20180512_144952333333333-e1528798411125.jpg 1000w\" sizes=\"(max-width: 300px) 100vw, 300px\" \/><\/a>\n\t\t\t<\/dt>\n\t\t\t\t<dd class='wp-caption-text gallery-caption' id='gallery-17-675'>\n\t\t\t\t  Igor Perla del Sud (FCI) mieszka w Zielonej G\u00f3rze\n\t\t\t\t<\/dd><\/dl><dl class='gallery-item'>\n\t\t\t<dt class='gallery-icon landscape'>\n\t\t\t\t<a href='https:\/\/perladelsud.pl\/wp-content\/uploads\/2018\/06\/IMG_247533333666666yyyy-e1528798428893.jpg'><img width=\"300\" height=\"238\" src=\"https:\/\/perladelsud.pl\/wp-content\/uploads\/2018\/06\/IMG_247533333666666yyyy-300x238.jpg\" class=\"attachment-medium size-medium\" alt=\"\" decoding=\"async\" loading=\"lazy\" aria-describedby=\"gallery-17-676\" srcset=\"https:\/\/perladelsud.pl\/wp-content\/uploads\/2018\/06\/IMG_247533333666666yyyy-300x238.jpg 300w, https:\/\/perladelsud.pl\/wp-content\/uploads\/2018\/06\/IMG_247533333666666yyyy-768x608.jpg 768w, https:\/\/perladelsud.pl\/wp-content\/uploads\/2018\/06\/IMG_247533333666666yyyy-1024x811.jpg 1024w, https:\/\/perladelsud.pl\/wp-content\/uploads\/2018\/06\/IMG_247533333666666yyyy-e1528798428893.jpg 1000w\" sizes=\"(max-width: 300px) 100vw, 300px\" \/><\/a>\n\t\t\t<\/dt>\n\t\t\t\t<dd class='wp-caption-text gallery-caption' id='gallery-17-676'>\n\t\t\t\tIvo Perla del Sud (FCI) mieszka na Podkarpaciu\n\t\t\t\t<\/dd><\/dl><br style=\"clear: both\" \/>\n\t\t<\/div>\n\n<p><strong>Miot H<\/strong> urodzony :13.03.2018 : 1 suczka, 1 piesek<\/p>\n<p>Rodzice szczeni\u0105t to:<br \/>\nMatka: Suzanne Priness Klan-Biewer Rott (FCI ) M.CH.P<br \/>\nOjciec: Andre Mademoiselle Iwet (FCI)<\/p>\n\n\t\t<style type=\"text\/css\">\n\t\t\t#gallery-18 {\n\t\t\t\tmargin: auto;\n\t\t\t}\n\t\t\t#gallery-18 .gallery-item {\n\t\t\t\tfloat: left;\n\t\t\t\tmargin-top: 10px;\n\t\t\t\ttext-align: center;\n\t\t\t\twidth: 50%;\n\t\t\t}\n\t\t\t#gallery-18 img {\n\t\t\t\tborder: 2px solid #cfcfcf;\n\t\t\t}\n\t\t\t#gallery-18 .gallery-caption {\n\t\t\t\tmargin-left: 0;\n\t\t\t}\n\t\t\t\/* see gallery_shortcode() in wp-includes\/media.php *\/\n\t\t<\/style>\n\t\t<div id='gallery-18' class='gallery galleryid-192 gallery-columns-2 gallery-size-medium'><dl class='gallery-item'>\n\t\t\t<dt class='gallery-icon landscape'>\n\t\t\t\t<a href='https:\/\/perladelsud.pl\/wp-content\/uploads\/2018\/06\/20180512_1451035555-e1528796156639.jpg'><img width=\"300\" height=\"285\" src=\"https:\/\/perladelsud.pl\/wp-content\/uploads\/2018\/06\/20180512_1451035555-300x285.jpg\" class=\"attachment-medium size-medium\" alt=\"\" decoding=\"async\" loading=\"lazy\" aria-describedby=\"gallery-18-648\" srcset=\"https:\/\/perladelsud.pl\/wp-content\/uploads\/2018\/06\/20180512_1451035555-300x285.jpg 300w, https:\/\/perladelsud.pl\/wp-content\/uploads\/2018\/06\/20180512_1451035555-768x728.jpg 768w, https:\/\/perladelsud.pl\/wp-content\/uploads\/2018\/06\/20180512_1451035555-e1528796156639.jpg 1024w\" sizes=\"(max-width: 300px) 100vw, 300px\" \/><\/a>\n\t\t\t<\/dt>\n\t\t\t\t<dd class='wp-caption-text gallery-caption' id='gallery-18-648'>\n\t\t\t\tHugo Perla del Sud (FCI) mieszka w Krakowie\n\t\t\t\t<\/dd><\/dl><dl class='gallery-item'>\n\t\t\t<dt class='gallery-icon portrait'>\n\t\t\t\t<a href='https:\/\/perladelsud.pl\/wp-content\/uploads\/2018\/06\/20180512_1459323eeee-e1528796182155.jpg'><img width=\"200\" height=\"300\" src=\"https:\/\/perladelsud.pl\/wp-content\/uploads\/2018\/06\/20180512_1459323eeee-200x300.jpg\" class=\"attachment-medium size-medium\" alt=\"\" decoding=\"async\" loading=\"lazy\" aria-describedby=\"gallery-18-647\" srcset=\"https:\/\/perladelsud.pl\/wp-content\/uploads\/2018\/06\/20180512_1459323eeee-200x300.jpg 200w, https:\/\/perladelsud.pl\/wp-content\/uploads\/2018\/06\/20180512_1459323eeee-768x1153.jpg 768w, https:\/\/perladelsud.pl\/wp-content\/uploads\/2018\/06\/20180512_1459323eeee-682x1024.jpg 682w, https:\/\/perladelsud.pl\/wp-content\/uploads\/2018\/06\/20180512_1459323eeee-e1528796182155.jpg 666w\" sizes=\"(max-width: 200px) 100vw, 200px\" \/><\/a>\n\t\t\t<\/dt>\n\t\t\t\t<dd class='wp-caption-text gallery-caption' id='gallery-18-647'>\n\t\t\t\tHermiona Perla del Sud (FCI) mieszka w Poznaniu\n\t\t\t\t<\/dd><\/dl><br style=\"clear: both\" \/>\n\t\t<\/div>\n\n<p><strong>Miot F<\/strong> urodzony :24.04.2017 : 2 pieski ,2 suczki<\/p>\n<p>Rodzice szczeni\u0105t to:<br \/>\nMatka: Suzanne Klan-Biewer Rott (FCI ) M\u0142odzie\u017cowy Champion Polski<br \/>\nOjciec: Bentley Klan-Biewer Rott (FCI ) Champion Polski<\/p>\n\n\t\t<style type=\"text\/css\">\n\t\t\t#gallery-19 {\n\t\t\t\tmargin: auto;\n\t\t\t}\n\t\t\t#gallery-19 .gallery-item {\n\t\t\t\tfloat: left;\n\t\t\t\tmargin-top: 10px;\n\t\t\t\ttext-align: center;\n\t\t\t\twidth: 50%;\n\t\t\t}\n\t\t\t#gallery-19 img {\n\t\t\t\tborder: 2px solid #cfcfcf;\n\t\t\t}\n\t\t\t#gallery-19 .gallery-caption {\n\t\t\t\tmargin-left: 0;\n\t\t\t}\n\t\t\t\/* see gallery_shortcode() in wp-includes\/media.php *\/\n\t\t<\/style>\n\t\t<div id='gallery-19' class='gallery galleryid-192 gallery-columns-2 gallery-size-medium'><dl class='gallery-item'>\n\t\t\t<dt class='gallery-icon landscape'>\n\t\t\t\t<a href='https:\/\/perladelsud.pl\/wp-content\/uploads\/2016\/02\/Bez-nazwy-1555555555-e1505381030778.jpg'><img width=\"300\" height=\"267\" src=\"https:\/\/perladelsud.pl\/wp-content\/uploads\/2016\/02\/Bez-nazwy-1555555555-300x267.jpg\" class=\"attachment-medium size-medium\" alt=\"\" decoding=\"async\" loading=\"lazy\" aria-describedby=\"gallery-19-552\" srcset=\"https:\/\/perladelsud.pl\/wp-content\/uploads\/2016\/02\/Bez-nazwy-1555555555-300x267.jpg 300w, https:\/\/perladelsud.pl\/wp-content\/uploads\/2016\/02\/Bez-nazwy-1555555555-768x682.jpg 768w, https:\/\/perladelsud.pl\/wp-content\/uploads\/2016\/02\/Bez-nazwy-1555555555-1024x910.jpg 1024w, https:\/\/perladelsud.pl\/wp-content\/uploads\/2016\/02\/Bez-nazwy-1555555555-e1505381030778.jpg 900w\" sizes=\"(max-width: 300px) 100vw, 300px\" \/><\/a>\n\t\t\t<\/dt>\n\t\t\t\t<dd class='wp-caption-text gallery-caption' id='gallery-19-552'>\n\t\t\t\tFabian Perla del Sud (FCI) mieszka w Krakowie \n\t\t\t\t<\/dd><\/dl><dl class='gallery-item'>\n\t\t\t<dt class='gallery-icon portrait'>\n\t\t\t\t<a href='https:\/\/perladelsud.pl\/wp-content\/uploads\/2016\/02\/Bez-nazwy-166664-e1505381091344.jpg'><img width=\"204\" height=\"300\" src=\"https:\/\/perladelsud.pl\/wp-content\/uploads\/2016\/02\/Bez-nazwy-166664-204x300.jpg\" class=\"attachment-medium size-medium\" alt=\"\" decoding=\"async\" loading=\"lazy\" aria-describedby=\"gallery-19-551\" srcset=\"https:\/\/perladelsud.pl\/wp-content\/uploads\/2016\/02\/Bez-nazwy-166664-204x300.jpg 204w, https:\/\/perladelsud.pl\/wp-content\/uploads\/2016\/02\/Bez-nazwy-166664-768x1131.jpg 768w, https:\/\/perladelsud.pl\/wp-content\/uploads\/2016\/02\/Bez-nazwy-166664-695x1024.jpg 695w, https:\/\/perladelsud.pl\/wp-content\/uploads\/2016\/02\/Bez-nazwy-166664-e1505381091344.jpg 462w\" sizes=\"(max-width: 204px) 100vw, 204px\" \/><\/a>\n\t\t\t<\/dt>\n\t\t\t\t<dd class='wp-caption-text gallery-caption' id='gallery-19-551'>\n\t\t\t\tFrodo Perla del Sud (FCI) mieszka w Warszawie\n\t\t\t\t<\/dd><\/dl><br style=\"clear: both\" \/><dl class='gallery-item'>\n\t\t\t<dt class='gallery-icon landscape'>\n\t\t\t\t<a href='https:\/\/perladelsud.pl\/wp-content\/uploads\/2016\/02\/Bez-nazwy-144-e1505381153605.jpg'><img width=\"300\" height=\"264\" src=\"https:\/\/perladelsud.pl\/wp-content\/uploads\/2016\/02\/Bez-nazwy-144-300x264.jpg\" class=\"attachment-medium size-medium\" alt=\"\" decoding=\"async\" loading=\"lazy\" aria-describedby=\"gallery-19-550\" srcset=\"https:\/\/perladelsud.pl\/wp-content\/uploads\/2016\/02\/Bez-nazwy-144-300x264.jpg 300w, https:\/\/perladelsud.pl\/wp-content\/uploads\/2016\/02\/Bez-nazwy-144-768x676.jpg 768w, https:\/\/perladelsud.pl\/wp-content\/uploads\/2016\/02\/Bez-nazwy-144-1024x901.jpg 1024w, https:\/\/perladelsud.pl\/wp-content\/uploads\/2016\/02\/Bez-nazwy-144-e1505381153605.jpg 900w\" sizes=\"(max-width: 300px) 100vw, 300px\" \/><\/a>\n\t\t\t<\/dt>\n\t\t\t\t<dd class='wp-caption-text gallery-caption' id='gallery-19-550'>\n\t\t\t\tFiona Perla del Sud (FCI) mieszka w Wieliczce\n\t\t\t\t<\/dd><\/dl><dl class='gallery-item'>\n\t\t\t<dt class='gallery-icon portrait'>\n\t\t\t\t<a href='https:\/\/perladelsud.pl\/wp-content\/uploads\/2016\/02\/Bez-nazwy-1-6-e1505381300444.jpg'><img width=\"288\" height=\"300\" src=\"https:\/\/perladelsud.pl\/wp-content\/uploads\/2016\/02\/Bez-nazwy-1-6-288x300.jpg\" class=\"attachment-medium size-medium\" alt=\"\" decoding=\"async\" loading=\"lazy\" aria-describedby=\"gallery-19-549\" srcset=\"https:\/\/perladelsud.pl\/wp-content\/uploads\/2016\/02\/Bez-nazwy-1-6-288x300.jpg 288w, https:\/\/perladelsud.pl\/wp-content\/uploads\/2016\/02\/Bez-nazwy-1-6-768x801.jpg 768w, https:\/\/perladelsud.pl\/wp-content\/uploads\/2016\/02\/Bez-nazwy-1-6-982x1024.jpg 982w, https:\/\/perladelsud.pl\/wp-content\/uploads\/2016\/02\/Bez-nazwy-1-6-e1505381300444.jpg 800w\" sizes=\"(max-width: 288px) 100vw, 288px\" \/><\/a>\n\t\t\t<\/dt>\n\t\t\t\t<dd class='wp-caption-text gallery-caption' id='gallery-19-549'>\n\t\t\t\tFabien  Perla del Sud (FCI) mieszka w Krakowie\n\t\t\t\t<\/dd><\/dl><br style=\"clear: both\" \/>\n\t\t<\/div>\n\n<p>Rodzice szczeni\u0105t to:<br \/>\nMatka: \u00a0Suzanne Klan-Biewer Rott (FCI ) M\u0142odzie\u017cowy Champion Polski<br \/>\nOjciec: \u00a0Bentley Klan-Biewer Rott (FCI ) Champion Polski<\/p>\n<p>&nbsp;<\/p>\n<p><strong>Miot E<\/strong> urodzony :16.04.2017 : 3 pieski ,1 suczka<\/p>\n<p>Rodzice szczeni\u0105t to:<br \/>\nMatka: \u00a0Mery Klan-Biewer Rott (FCI )<br \/>\nOjciec: Amber York Pacco-Prince (FCI) M\u0142odzie\u017cowy Champion Polski , Champion Polski<\/p>\n\n\t\t<style type=\"text\/css\">\n\t\t\t#gallery-20 {\n\t\t\t\tmargin: auto;\n\t\t\t}\n\t\t\t#gallery-20 .gallery-item {\n\t\t\t\tfloat: left;\n\t\t\t\tmargin-top: 10px;\n\t\t\t\ttext-align: center;\n\t\t\t\twidth: 50%;\n\t\t\t}\n\t\t\t#gallery-20 img {\n\t\t\t\tborder: 2px solid #cfcfcf;\n\t\t\t}\n\t\t\t#gallery-20 .gallery-caption {\n\t\t\t\tmargin-left: 0;\n\t\t\t}\n\t\t\t\/* see gallery_shortcode() in wp-includes\/media.php *\/\n\t\t<\/style>\n\t\t<div id='gallery-20' class='gallery galleryid-192 gallery-columns-2 gallery-size-medium'><dl class='gallery-item'>\n\t\t\t<dt class='gallery-icon portrait'>\n\t\t\t\t<a href='https:\/\/perladelsud.pl\/wp-content\/uploads\/2016\/02\/20157414_1967751253438452_2859872801286584263_o-e1505296677516.jpg'><img width=\"268\" height=\"300\" src=\"https:\/\/perladelsud.pl\/wp-content\/uploads\/2016\/02\/20157414_1967751253438452_2859872801286584263_o-268x300.jpg\" class=\"attachment-medium size-medium\" alt=\"\" decoding=\"async\" loading=\"lazy\" aria-describedby=\"gallery-20-515\" srcset=\"https:\/\/perladelsud.pl\/wp-content\/uploads\/2016\/02\/20157414_1967751253438452_2859872801286584263_o-268x300.jpg 268w, https:\/\/perladelsud.pl\/wp-content\/uploads\/2016\/02\/20157414_1967751253438452_2859872801286584263_o-768x860.jpg 768w, https:\/\/perladelsud.pl\/wp-content\/uploads\/2016\/02\/20157414_1967751253438452_2859872801286584263_o-915x1024.jpg 915w, https:\/\/perladelsud.pl\/wp-content\/uploads\/2016\/02\/20157414_1967751253438452_2859872801286584263_o-e1505296677516.jpg 680w\" sizes=\"(max-width: 268px) 100vw, 268px\" \/><\/a>\n\t\t\t<\/dt>\n\t\t\t\t<dd class='wp-caption-text gallery-caption' id='gallery-20-515'>\n\t\t\t\tEnrico Perla del Sud (FCI) mieszka w Gda\u0144sku\n\t\t\t\t<\/dd><\/dl><dl class='gallery-item'>\n\t\t\t<dt class='gallery-icon portrait'>\n\t\t\t\t<a href='https:\/\/perladelsud.pl\/wp-content\/uploads\/2016\/02\/Bez-nazwy-1-2-e1505296718557.jpg'><img width=\"286\" height=\"300\" src=\"https:\/\/perladelsud.pl\/wp-content\/uploads\/2016\/02\/Bez-nazwy-1-2-286x300.jpg\" class=\"attachment-medium size-medium\" alt=\"\" decoding=\"async\" loading=\"lazy\" aria-describedby=\"gallery-20-516\" srcset=\"https:\/\/perladelsud.pl\/wp-content\/uploads\/2016\/02\/Bez-nazwy-1-2-286x300.jpg 286w, https:\/\/perladelsud.pl\/wp-content\/uploads\/2016\/02\/Bez-nazwy-1-2-768x806.jpg 768w, https:\/\/perladelsud.pl\/wp-content\/uploads\/2016\/02\/Bez-nazwy-1-2-975x1024.jpg 975w, https:\/\/perladelsud.pl\/wp-content\/uploads\/2016\/02\/Bez-nazwy-1-2-e1505296718557.jpg 900w\" sizes=\"(max-width: 286px) 100vw, 286px\" \/><\/a>\n\t\t\t<\/dt>\n\t\t\t\t<dd class='wp-caption-text gallery-caption' id='gallery-20-516'>\n\t\t\t\tEmily Perla del Sud (FCI) mieszka w Cz\u0119stochowie\n\t\t\t\t<\/dd><\/dl><br style=\"clear: both\" \/><dl class='gallery-item'>\n\t\t\t<dt class='gallery-icon portrait'>\n\t\t\t\t<a href='https:\/\/perladelsud.pl\/wp-content\/uploads\/2016\/02\/Bez-nazwy-1ggg-e1505296802449.jpg'><img width=\"285\" height=\"300\" src=\"https:\/\/perladelsud.pl\/wp-content\/uploads\/2016\/02\/Bez-nazwy-1ggg-285x300.jpg\" class=\"attachment-medium size-medium\" alt=\"\" decoding=\"async\" loading=\"lazy\" aria-describedby=\"gallery-20-517\" srcset=\"https:\/\/perladelsud.pl\/wp-content\/uploads\/2016\/02\/Bez-nazwy-1ggg-285x300.jpg 285w, https:\/\/perladelsud.pl\/wp-content\/uploads\/2016\/02\/Bez-nazwy-1ggg-768x809.jpg 768w, https:\/\/perladelsud.pl\/wp-content\/uploads\/2016\/02\/Bez-nazwy-1ggg-972x1024.jpg 972w, https:\/\/perladelsud.pl\/wp-content\/uploads\/2016\/02\/Bez-nazwy-1ggg-e1505296802449.jpg 900w\" sizes=\"(max-width: 285px) 100vw, 285px\" \/><\/a>\n\t\t\t<\/dt>\n\t\t\t\t<dd class='wp-caption-text gallery-caption' id='gallery-20-517'>\n\t\t\t\tEgon Perla del Sud (FCI) mieszka we Wroc\u0142awiu\n\t\t\t\t<\/dd><\/dl><dl class='gallery-item'>\n\t\t\t<dt class='gallery-icon portrait'>\n\t\t\t\t<a href='https:\/\/perladelsud.pl\/wp-content\/uploads\/2016\/02\/Bez-nazwy-2.jpg'><img width=\"264\" height=\"300\" src=\"https:\/\/perladelsud.pl\/wp-content\/uploads\/2016\/02\/Bez-nazwy-2-264x300.jpg\" class=\"attachment-medium size-medium\" alt=\"\" decoding=\"async\" loading=\"lazy\" aria-describedby=\"gallery-20-518\" srcset=\"https:\/\/perladelsud.pl\/wp-content\/uploads\/2016\/02\/Bez-nazwy-2-264x300.jpg 264w, https:\/\/perladelsud.pl\/wp-content\/uploads\/2016\/02\/Bez-nazwy-2-768x872.jpg 768w, https:\/\/perladelsud.pl\/wp-content\/uploads\/2016\/02\/Bez-nazwy-2.jpg 842w\" sizes=\"(max-width: 264px) 100vw, 264px\" \/><\/a>\n\t\t\t<\/dt>\n\t\t\t\t<dd class='wp-caption-text gallery-caption' id='gallery-20-518'>\n\t\t\t\t  Edwardo Perla del Sud (FCI) mieszka w Toruniu\n\t\t\t\t<\/dd><\/dl><br style=\"clear: both\" \/>\n\t\t<\/div>\n\n<p><strong>Miot D<\/strong> urodzony :03.08.2016 : , 2 pieski, 1 suczka<\/p>\n<p>Rodzice szczeni\u0105t to:<br \/>\nMatka: Amelia Klan-Biewer Rott (FCI ) M\u0142odzie\u017cowy Champion Polski<br \/>\nOjciec: Amber York Pacco-Prince (FCI) M\u0142odzie\u017cowy Champion Polski, Champion Polski<\/p>\n\n\t\t<style type=\"text\/css\">\n\t\t\t#gallery-21 {\n\t\t\t\tmargin: auto;\n\t\t\t}\n\t\t\t#gallery-21 .gallery-item {\n\t\t\t\tfloat: left;\n\t\t\t\tmargin-top: 10px;\n\t\t\t\ttext-align: center;\n\t\t\t\twidth: 50%;\n\t\t\t}\n\t\t\t#gallery-21 img {\n\t\t\t\tborder: 2px solid #cfcfcf;\n\t\t\t}\n\t\t\t#gallery-21 .gallery-caption {\n\t\t\t\tmargin-left: 0;\n\t\t\t}\n\t\t\t\/* see gallery_shortcode() in wp-includes\/media.php *\/\n\t\t<\/style>\n\t\t<div id='gallery-21' class='gallery galleryid-192 gallery-columns-2 gallery-size-medium'><dl class='gallery-item'>\n\t\t\t<dt class='gallery-icon landscape'>\n\t\t\t\t<a href='https:\/\/perladelsud.pl\/wp-content\/uploads\/2016\/02\/IMG_8966-e1480328729827.jpg'><img width=\"300\" height=\"200\" src=\"https:\/\/perladelsud.pl\/wp-content\/uploads\/2016\/02\/IMG_8966-300x200.jpg\" class=\"attachment-medium size-medium\" alt=\"\" decoding=\"async\" loading=\"lazy\" aria-describedby=\"gallery-21-470\" srcset=\"https:\/\/perladelsud.pl\/wp-content\/uploads\/2016\/02\/IMG_8966-300x200.jpg 300w, https:\/\/perladelsud.pl\/wp-content\/uploads\/2016\/02\/IMG_8966-768x513.jpg 768w, https:\/\/perladelsud.pl\/wp-content\/uploads\/2016\/02\/IMG_8966-e1480328729827.jpg 1024w\" sizes=\"(max-width: 300px) 100vw, 300px\" \/><\/a>\n\t\t\t<\/dt>\n\t\t\t\t<dd class='wp-caption-text gallery-caption' id='gallery-21-470'>\n\t\t\t\tDemi  Perla del Sud (FCI) mieszka w Londynie\n\t\t\t\t<\/dd><\/dl><dl class='gallery-item'>\n\t\t\t<dt class='gallery-icon landscape'>\n\t\t\t\t<a href='https:\/\/perladelsud.pl\/wp-content\/uploads\/2016\/02\/IMG_8994-e1480328748220.jpg'><img width=\"300\" height=\"216\" src=\"https:\/\/perladelsud.pl\/wp-content\/uploads\/2016\/02\/IMG_8994-300x216.jpg\" class=\"attachment-medium size-medium\" alt=\"\" decoding=\"async\" loading=\"lazy\" aria-describedby=\"gallery-21-471\" srcset=\"https:\/\/perladelsud.pl\/wp-content\/uploads\/2016\/02\/IMG_8994-300x216.jpg 300w, https:\/\/perladelsud.pl\/wp-content\/uploads\/2016\/02\/IMG_8994-768x554.jpg 768w, https:\/\/perladelsud.pl\/wp-content\/uploads\/2016\/02\/IMG_8994-e1480328748220.jpg 1024w\" sizes=\"(max-width: 300px) 100vw, 300px\" \/><\/a>\n\t\t\t<\/dt>\n\t\t\t\t<dd class='wp-caption-text gallery-caption' id='gallery-21-471'>\n\t\t\t\tDenis Perla del Sud (FCI) mieszka w Warszawie\n\t\t\t\t<\/dd><\/dl><br style=\"clear: both\" \/><dl class='gallery-item'>\n\t\t\t<dt class='gallery-icon landscape'>\n\t\t\t\t<a href='https:\/\/perladelsud.pl\/wp-content\/uploads\/2016\/02\/IMG_9090-e1480328763422.jpg'><img width=\"300\" height=\"200\" src=\"https:\/\/perladelsud.pl\/wp-content\/uploads\/2016\/02\/IMG_9090-300x200.jpg\" class=\"attachment-medium size-medium\" alt=\"\" decoding=\"async\" loading=\"lazy\" aria-describedby=\"gallery-21-472\" srcset=\"https:\/\/perladelsud.pl\/wp-content\/uploads\/2016\/02\/IMG_9090-300x200.jpg 300w, https:\/\/perladelsud.pl\/wp-content\/uploads\/2016\/02\/IMG_9090-768x513.jpg 768w, https:\/\/perladelsud.pl\/wp-content\/uploads\/2016\/02\/IMG_9090-e1480328763422.jpg 1024w\" sizes=\"(max-width: 300px) 100vw, 300px\" \/><\/a>\n\t\t\t<\/dt>\n\t\t\t\t<dd class='wp-caption-text gallery-caption' id='gallery-21-472'>\n\t\t\t\tDexter  Perla del Sud (FCI) mieszka na W\u0119grzech\n\t\t\t\t<\/dd><\/dl>\n\t\t\t<br style='clear: both' \/>\n\t\t<\/div>\n\n<p><strong>Miot C<\/strong> urodzony :07.10.2015 : , 2 pieski<\/p>\n<p>Rodzice szczeni\u0105t to:<br \/>\nMatka: Amelia Klan-Biewer Rott (FCI ) M\u0142odzie\u017cowy Champion Polski<br \/>\nOjciec: Amber York Pacco-Prince (FCI) M\u0142odzie\u017cowy Champion Polski, Champion Polski<\/p>\n\n\t\t<style type=\"text\/css\">\n\t\t\t#gallery-22 {\n\t\t\t\tmargin: auto;\n\t\t\t}\n\t\t\t#gallery-22 .gallery-item {\n\t\t\t\tfloat: left;\n\t\t\t\tmargin-top: 10px;\n\t\t\t\ttext-align: center;\n\t\t\t\twidth: 50%;\n\t\t\t}\n\t\t\t#gallery-22 img {\n\t\t\t\tborder: 2px solid #cfcfcf;\n\t\t\t}\n\t\t\t#gallery-22 .gallery-caption {\n\t\t\t\tmargin-left: 0;\n\t\t\t}\n\t\t\t\/* see gallery_shortcode() in wp-includes\/media.php *\/\n\t\t<\/style>\n\t\t<div id='gallery-22' class='gallery galleryid-192 gallery-columns-2 gallery-size-medium'><dl class='gallery-item'>\n\t\t\t<dt class='gallery-icon portrait'>\n\t\t\t\t<a href='https:\/\/perladelsud.pl\/wp-content\/uploads\/2016\/02\/IMG_7863-e1455187332998.jpg'><img width=\"200\" height=\"300\" src=\"https:\/\/perladelsud.pl\/wp-content\/uploads\/2016\/02\/IMG_7863-200x300.jpg\" class=\"attachment-medium size-medium\" alt=\"\" decoding=\"async\" loading=\"lazy\" aria-describedby=\"gallery-22-339\" srcset=\"https:\/\/perladelsud.pl\/wp-content\/uploads\/2016\/02\/IMG_7863-200x300.jpg 200w, https:\/\/perladelsud.pl\/wp-content\/uploads\/2016\/02\/IMG_7863-768x1152.jpg 768w, https:\/\/perladelsud.pl\/wp-content\/uploads\/2016\/02\/IMG_7863-683x1024.jpg 683w, https:\/\/perladelsud.pl\/wp-content\/uploads\/2016\/02\/IMG_7863-e1455187332998.jpg 500w\" sizes=\"(max-width: 200px) 100vw, 200px\" \/><\/a>\n\t\t\t<\/dt>\n\t\t\t\t<dd class='wp-caption-text gallery-caption' id='gallery-22-339'>\n\t\t\t\tCody Perla del Sud (FCI) mieszka w Norwegii \n\t\t\t\t<\/dd><\/dl><dl class='gallery-item'>\n\t\t\t<dt class='gallery-icon landscape'>\n\t\t\t\t<a href='https:\/\/perladelsud.pl\/wp-content\/uploads\/2016\/02\/IMG_7891-e1455187360974.jpg'><img width=\"300\" height=\"200\" src=\"https:\/\/perladelsud.pl\/wp-content\/uploads\/2016\/02\/IMG_7891-300x200.jpg\" class=\"attachment-medium size-medium\" alt=\"\" decoding=\"async\" loading=\"lazy\" aria-describedby=\"gallery-22-340\" srcset=\"https:\/\/perladelsud.pl\/wp-content\/uploads\/2016\/02\/IMG_7891-300x200.jpg 300w, https:\/\/perladelsud.pl\/wp-content\/uploads\/2016\/02\/IMG_7891-768x512.jpg 768w, https:\/\/perladelsud.pl\/wp-content\/uploads\/2016\/02\/IMG_7891-e1455187360974.jpg 1024w\" sizes=\"(max-width: 300px) 100vw, 300px\" \/><\/a>\n\t\t\t<\/dt>\n\t\t\t\t<dd class='wp-caption-text gallery-caption' id='gallery-22-340'>\n\t\t\t\tCadeau Perla del Sud (FCI) mieszka w Krakowie\n\t\t\t\t<\/dd><\/dl><br style=\"clear: both\" \/>\n\t\t<\/div>\n\n<p><strong>Miot B<\/strong> urodzony :07.07.2015 : 1 suczka, 2 pieski<\/p>\n<p>Rodzice szczeni\u0105t to:<br \/>\nMatka: Suzanne Prinzess Klan-Biewer Rott (FCI ) M\u0142odzie\u017cowy Champion Polski<br \/>\nOjciec: Amber York Szaman (FCI) Champion Polski<\/p>\n\n\t\t<style type=\"text\/css\">\n\t\t\t#gallery-23 {\n\t\t\t\tmargin: auto;\n\t\t\t}\n\t\t\t#gallery-23 .gallery-item {\n\t\t\t\tfloat: left;\n\t\t\t\tmargin-top: 10px;\n\t\t\t\ttext-align: center;\n\t\t\t\twidth: 50%;\n\t\t\t}\n\t\t\t#gallery-23 img {\n\t\t\t\tborder: 2px solid #cfcfcf;\n\t\t\t}\n\t\t\t#gallery-23 .gallery-caption {\n\t\t\t\tmargin-left: 0;\n\t\t\t}\n\t\t\t\/* see gallery_shortcode() in wp-includes\/media.php *\/\n\t\t<\/style>\n\t\t<div id='gallery-23' class='gallery galleryid-192 gallery-columns-2 gallery-size-medium'><dl class='gallery-item'>\n\t\t\t<dt class='gallery-icon landscape'>\n\t\t\t\t<a href='https:\/\/perladelsud.pl\/wp-content\/uploads\/2016\/02\/Bruno-e1455187489568.jpg'><img width=\"300\" height=\"236\" src=\"https:\/\/perladelsud.pl\/wp-content\/uploads\/2016\/02\/Bruno-300x236.jpg\" class=\"attachment-medium size-medium\" alt=\"\" decoding=\"async\" loading=\"lazy\" aria-describedby=\"gallery-23-343\" srcset=\"https:\/\/perladelsud.pl\/wp-content\/uploads\/2016\/02\/Bruno-300x236.jpg 300w, https:\/\/perladelsud.pl\/wp-content\/uploads\/2016\/02\/Bruno-768x603.jpg 768w, https:\/\/perladelsud.pl\/wp-content\/uploads\/2016\/02\/Bruno-e1455187489568.jpg 1024w\" sizes=\"(max-width: 300px) 100vw, 300px\" \/><\/a>\n\t\t\t<\/dt>\n\t\t\t\t<dd class='wp-caption-text gallery-caption' id='gallery-23-343'>\n\t\t\t\tBruno Perla del Sud (FCI) mieszka na S\u0142owacji \n\t\t\t\t<\/dd><\/dl><dl class='gallery-item'>\n\t\t\t<dt class='gallery-icon landscape'>\n\t\t\t\t<a href='https:\/\/perladelsud.pl\/wp-content\/uploads\/2016\/02\/Betina-e1455187503339.jpg'><img width=\"300\" height=\"205\" src=\"https:\/\/perladelsud.pl\/wp-content\/uploads\/2016\/02\/Betina-300x205.jpg\" class=\"attachment-medium size-medium\" alt=\"\" decoding=\"async\" loading=\"lazy\" aria-describedby=\"gallery-23-342\" srcset=\"https:\/\/perladelsud.pl\/wp-content\/uploads\/2016\/02\/Betina-300x205.jpg 300w, https:\/\/perladelsud.pl\/wp-content\/uploads\/2016\/02\/Betina-768x525.jpg 768w, https:\/\/perladelsud.pl\/wp-content\/uploads\/2016\/02\/Betina-e1455187503339.jpg 1024w\" sizes=\"(max-width: 300px) 100vw, 300px\" \/><\/a>\n\t\t\t<\/dt>\n\t\t\t\t<dd class='wp-caption-text gallery-caption' id='gallery-23-342'>\n\t\t\t\tBetina Perla del Sud (FCI) mieszka z nami \n\t\t\t\t<\/dd><\/dl><br style=\"clear: both\" \/><dl class='gallery-item'>\n\t\t\t<dt class='gallery-icon landscape'>\n\t\t\t\t<a href='https:\/\/perladelsud.pl\/wp-content\/uploads\/2016\/02\/STEFAN-e1455187520915.jpg'><img width=\"300\" height=\"225\" src=\"https:\/\/perladelsud.pl\/wp-content\/uploads\/2016\/02\/STEFAN-300x225.jpg\" class=\"attachment-medium size-medium\" alt=\"\" decoding=\"async\" loading=\"lazy\" aria-describedby=\"gallery-23-344\" srcset=\"https:\/\/perladelsud.pl\/wp-content\/uploads\/2016\/02\/STEFAN-300x225.jpg 300w, https:\/\/perladelsud.pl\/wp-content\/uploads\/2016\/02\/STEFAN-768x576.jpg 768w, https:\/\/perladelsud.pl\/wp-content\/uploads\/2016\/02\/STEFAN-e1455187520915.jpg 1024w\" sizes=\"(max-width: 300px) 100vw, 300px\" \/><\/a>\n\t\t\t<\/dt>\n\t\t\t\t<dd class='wp-caption-text gallery-caption' id='gallery-23-344'>\n\t\t\t\tBastian  Perla del Sud (FCI) mieszka w Warszawie \n\t\t\t\t<\/dd><\/dl>\n\t\t\t<br style='clear: both' \/>\n\t\t<\/div>\n\n<p><strong>Miot A<\/strong> urodzony :18.09.2014 : 1 suczka, 4 pieski<\/p>\n<p>Rodzice szczeni\u0105t to:<br \/>\nMatka: Suzanne Prinzess Klan-Biewer Rott (FCI ) M\u0142odzie\u017cowy Champion Polski<br \/>\nOjciec: Amber York Szaman (FCI) Champion Polski<\/p>\n\n\t\t<style type=\"text\/css\">\n\t\t\t#gallery-24 {\n\t\t\t\tmargin: auto;\n\t\t\t}\n\t\t\t#gallery-24 .gallery-item {\n\t\t\t\tfloat: left;\n\t\t\t\tmargin-top: 10px;\n\t\t\t\ttext-align: center;\n\t\t\t\twidth: 50%;\n\t\t\t}\n\t\t\t#gallery-24 img {\n\t\t\t\tborder: 2px solid #cfcfcf;\n\t\t\t}\n\t\t\t#gallery-24 .gallery-caption {\n\t\t\t\tmargin-left: 0;\n\t\t\t}\n\t\t\t\/* see gallery_shortcode() in wp-includes\/media.php *\/\n\t\t<\/style>\n\t\t<div id='gallery-24' class='gallery galleryid-192 gallery-columns-2 gallery-size-medium'><dl class='gallery-item'>\n\t\t\t<dt class='gallery-icon landscape'>\n\t\t\t\t<a href='https:\/\/perladelsud.pl\/wp-content\/uploads\/2016\/02\/SAM_3842-e1455187644244.jpg'><img width=\"300\" height=\"228\" src=\"https:\/\/perladelsud.pl\/wp-content\/uploads\/2016\/02\/SAM_3842-300x228.jpg\" class=\"attachment-medium size-medium\" alt=\"\" decoding=\"async\" loading=\"lazy\" aria-describedby=\"gallery-24-345\" srcset=\"https:\/\/perladelsud.pl\/wp-content\/uploads\/2016\/02\/SAM_3842-300x228.jpg 300w, https:\/\/perladelsud.pl\/wp-content\/uploads\/2016\/02\/SAM_3842-768x585.jpg 768w, https:\/\/perladelsud.pl\/wp-content\/uploads\/2016\/02\/SAM_3842-e1455187644244.jpg 1024w\" sizes=\"(max-width: 300px) 100vw, 300px\" \/><\/a>\n\t\t\t<\/dt>\n\t\t\t\t<dd class='wp-caption-text gallery-caption' id='gallery-24-345'>\n\t\t\t\tAmado  Perla del Sud (FCI) mieszka w Tarnobrzegu \n\t\t\t\t<\/dd><\/dl><dl class='gallery-item'>\n\t\t\t<dt class='gallery-icon landscape'>\n\t\t\t\t<a href='https:\/\/perladelsud.pl\/wp-content\/uploads\/2016\/02\/SAM_3847-e1455187694772.jpg'><img width=\"300\" height=\"203\" src=\"https:\/\/perladelsud.pl\/wp-content\/uploads\/2016\/02\/SAM_3847-300x203.jpg\" class=\"attachment-medium size-medium\" alt=\"\" decoding=\"async\" loading=\"lazy\" aria-describedby=\"gallery-24-346\" srcset=\"https:\/\/perladelsud.pl\/wp-content\/uploads\/2016\/02\/SAM_3847-300x203.jpg 300w, https:\/\/perladelsud.pl\/wp-content\/uploads\/2016\/02\/SAM_3847-768x520.jpg 768w, https:\/\/perladelsud.pl\/wp-content\/uploads\/2016\/02\/SAM_3847-e1455187694772.jpg 1024w\" sizes=\"(max-width: 300px) 100vw, 300px\" \/><\/a>\n\t\t\t<\/dt>\n\t\t\t\t<dd class='wp-caption-text gallery-caption' id='gallery-24-346'>\n\t\t\t\tAron Perla del Sud (FCI) mieszka w Krakowie \n\t\t\t\t<\/dd><\/dl><br style=\"clear: both\" \/><dl class='gallery-item'>\n\t\t\t<dt class='gallery-icon landscape'>\n\t\t\t\t<a href='https:\/\/perladelsud.pl\/wp-content\/uploads\/2016\/02\/SAM_3885-e1455187726221.jpg'><img width=\"300\" height=\"190\" src=\"https:\/\/perladelsud.pl\/wp-content\/uploads\/2016\/02\/SAM_3885-300x190.jpg\" class=\"attachment-medium size-medium\" alt=\"\" decoding=\"async\" loading=\"lazy\" aria-describedby=\"gallery-24-347\" srcset=\"https:\/\/perladelsud.pl\/wp-content\/uploads\/2016\/02\/SAM_3885-300x190.jpg 300w, https:\/\/perladelsud.pl\/wp-content\/uploads\/2016\/02\/SAM_3885-768x486.jpg 768w, https:\/\/perladelsud.pl\/wp-content\/uploads\/2016\/02\/SAM_3885-e1455187726221.jpg 1024w\" sizes=\"(max-width: 300px) 100vw, 300px\" \/><\/a>\n\t\t\t<\/dt>\n\t\t\t\t<dd class='wp-caption-text gallery-caption' id='gallery-24-347'>\n\t\t\t\tAdan  Perla del Sud (FCI) mieszka w Gda\u0144sku \n\t\t\t\t<\/dd><\/dl><dl class='gallery-item'>\n\t\t\t<dt class='gallery-icon landscape'>\n\t\t\t\t<a href='https:\/\/perladelsud.pl\/wp-content\/uploads\/2016\/02\/SAM_3891-e1455187738477.jpg'><img width=\"300\" height=\"207\" src=\"https:\/\/perladelsud.pl\/wp-content\/uploads\/2016\/02\/SAM_3891-300x207.jpg\" class=\"attachment-medium size-medium\" alt=\"\" decoding=\"async\" loading=\"lazy\" aria-describedby=\"gallery-24-348\" srcset=\"https:\/\/perladelsud.pl\/wp-content\/uploads\/2016\/02\/SAM_3891-300x207.jpg 300w, https:\/\/perladelsud.pl\/wp-content\/uploads\/2016\/02\/SAM_3891-768x529.jpg 768w, https:\/\/perladelsud.pl\/wp-content\/uploads\/2016\/02\/SAM_3891-e1455187738477.jpg 1024w\" sizes=\"(max-width: 300px) 100vw, 300px\" \/><\/a>\n\t\t\t<\/dt>\n\t\t\t\t<dd class='wp-caption-text gallery-caption' id='gallery-24-348'>\n\t\t\t\tAdelle Perla del Sud (FCI) mieszka w Warszawie \n\t\t\t\t<\/dd><\/dl><br style=\"clear: both\" \/><dl class='gallery-item'>\n\t\t\t<dt class='gallery-icon landscape'>\n\t\t\t\t<a href='https:\/\/perladelsud.pl\/wp-content\/uploads\/2016\/02\/SAM_3895-e1455187787627.jpg'><img width=\"300\" height=\"173\" src=\"https:\/\/perladelsud.pl\/wp-content\/uploads\/2016\/02\/SAM_3895-300x173.jpg\" class=\"attachment-medium size-medium\" alt=\"\" decoding=\"async\" loading=\"lazy\" aria-describedby=\"gallery-24-349\" srcset=\"https:\/\/perladelsud.pl\/wp-content\/uploads\/2016\/02\/SAM_3895-300x173.jpg 300w, https:\/\/perladelsud.pl\/wp-content\/uploads\/2016\/02\/SAM_3895-768x444.jpg 768w, https:\/\/perladelsud.pl\/wp-content\/uploads\/2016\/02\/SAM_3895-e1455187787627.jpg 1024w\" sizes=\"(max-width: 300px) 100vw, 300px\" \/><\/a>\n\t\t\t<\/dt>\n\t\t\t\t<dd class='wp-caption-text gallery-caption' id='gallery-24-349'>\n\t\t\t\tAlvaro Perla del Sud (FCI) mieszka w Krakowie \n\t\t\t\t<\/dd><\/dl>\n\t\t\t<br style='clear: both' \/>\n\t\t<\/div>\n\n","protected":false},"excerpt":{"rendered":"<p>Miot E urodzony 13.08.2022 :2 pieski , 3 suczki Rodzice szczeni\u0105t to: Matka : Mery Klan Biewer Rott Ojciec: Tandu by Aralezo Saga(FCI) &nbsp; Miot C i D urodzony 30.03.2022 <a class=\"more-link\" href=\"https:\/\/perladelsud.pl\/index.php\/pl\/galeria\/\">Continue Reading \u2192<\/a><\/p>\n","protected":false},"author":1,"featured_media":0,"parent":0,"menu_order":5,"comment_status":"closed","ping_status":"closed","template":"","meta":[],"_links":{"self":[{"href":"https:\/\/perladelsud.pl\/index.php\/wp-json\/wp\/v2\/pages\/192"}],"collection":[{"href":"https:\/\/perladelsud.pl\/index.php\/wp-json\/wp\/v2\/pages"}],"about":[{"href":"https:\/\/perladelsud.pl\/index.php\/wp-json\/wp\/v2\/types\/page"}],"author":[{"embeddable":true,"href":"https:\/\/perladelsud.pl\/index.php\/wp-json\/wp\/v2\/users\/1"}],"replies":[{"embeddable":true,"href":"https:\/\/perladelsud.pl\/index.php\/wp-json\/wp\/v2\/comments?post=192"}],"version-history":[{"count":18,"href":"https:\/\/perladelsud.pl\/index.php\/wp-json\/wp\/v2\/pages\/192\/revisions"}],"predecessor-version":[{"id":1860,"href":"https:\/\/perladelsud.pl\/index.php\/wp-json\/wp\/v2\/pages\/192\/revisions\/1860"}],"wp:attachment":[{"href":"https:\/\/perladelsud.pl\/index.php\/wp-json\/wp\/v2\/media?parent=192"}],"curies":[{"name":"wp","href":"https:\/\/api.w.org\/{rel}","templated":true}]}}