{"id":504,"date":"2017-09-13T11:34:31","date_gmt":"2017-09-13T09:34:31","guid":{"rendered":"http:\/\/perladelsud.pl\/?page_id=504"},"modified":"2018-11-24T13:58:30","modified_gmt":"2018-11-24T12:58:30","slug":"miot-e","status":"publish","type":"page","link":"https:\/\/perladelsud.pl\/index.php\/pl\/szczeniaki\/miot-2017-r\/miot-e\/","title":{"rendered":"Miot E"},"content":{"rendered":"<p><strong>Miot E<\/strong> urodzony: 16.04.2017: 3 samczyki . 1 suczka<br \/>\nWszystkie szczeni\u0119ta znalaz\u0142y kochaj\u0105ce domki. Wi\u0119cej zdj\u0119\u0107 szczeni\u0105t w zak\u0142adce Galeria<\/p>\n<p>Matka: Mary Klan-Biewer Rott (FCI )<br \/>\nOjciec: Amber York Pacco-Prince (FCI) M\u0142odzie\u017cowy Champion Polski, Champion Polski<\/p>\n\n\t\t<style type=\"text\/css\">\n\t\t\t#gallery-1 {\n\t\t\t\tmargin: auto;\n\t\t\t}\n\t\t\t#gallery-1 .gallery-item {\n\t\t\t\tfloat: left;\n\t\t\t\tmargin-top: 10px;\n\t\t\t\ttext-align: center;\n\t\t\t\twidth: 50%;\n\t\t\t}\n\t\t\t#gallery-1 img {\n\t\t\t\tborder: 2px solid #cfcfcf;\n\t\t\t}\n\t\t\t#gallery-1 .gallery-caption {\n\t\t\t\tmargin-left: 0;\n\t\t\t}\n\t\t\t\/* see gallery_shortcode() in wp-includes\/media.php *\/\n\t\t<\/style>\n\t\t<div id='gallery-1' class='gallery galleryid-504 gallery-columns-2 gallery-size-medium'><dl class='gallery-item'>\n\t\t\t<dt class='gallery-icon portrait'>\n\t\t\t\t<a href='https:\/\/perladelsud.pl\/wp-content\/uploads\/2016\/02\/Bez-nazwy-1ttt-e1505295062549.jpg'><img width=\"294\" height=\"300\" src=\"https:\/\/perladelsud.pl\/wp-content\/uploads\/2016\/02\/Bez-nazwy-1ttt-294x300.jpg\" class=\"attachment-medium size-medium\" alt=\"\" decoding=\"async\" loading=\"lazy\" srcset=\"https:\/\/perladelsud.pl\/wp-content\/uploads\/2016\/02\/Bez-nazwy-1ttt-294x300.jpg 294w, https:\/\/perladelsud.pl\/wp-content\/uploads\/2016\/02\/Bez-nazwy-1ttt-768x784.jpg 768w, https:\/\/perladelsud.pl\/wp-content\/uploads\/2016\/02\/Bez-nazwy-1ttt-1003x1024.jpg 1003w, https:\/\/perladelsud.pl\/wp-content\/uploads\/2016\/02\/Bez-nazwy-1ttt-e1505295062549.jpg 900w\" sizes=\"(max-width: 294px) 100vw, 294px\" \/><\/a>\n\t\t\t<\/dt><\/dl><dl class='gallery-item'>\n\t\t\t<dt class='gallery-icon landscape'>\n\t\t\t\t<a href='https:\/\/perladelsud.pl\/wp-content\/uploads\/2016\/02\/Bez-nazwy-1rrrrrr-1-e1505295074900.jpg'><img width=\"300\" height=\"266\" src=\"https:\/\/perladelsud.pl\/wp-content\/uploads\/2016\/02\/Bez-nazwy-1rrrrrr-1-300x266.jpg\" class=\"attachment-medium size-medium\" alt=\"\" decoding=\"async\" loading=\"lazy\" srcset=\"https:\/\/perladelsud.pl\/wp-content\/uploads\/2016\/02\/Bez-nazwy-1rrrrrr-1-300x266.jpg 300w, https:\/\/perladelsud.pl\/wp-content\/uploads\/2016\/02\/Bez-nazwy-1rrrrrr-1-768x680.jpg 768w, https:\/\/perladelsud.pl\/wp-content\/uploads\/2016\/02\/Bez-nazwy-1rrrrrr-1-1024x907.jpg 1024w, https:\/\/perladelsud.pl\/wp-content\/uploads\/2016\/02\/Bez-nazwy-1rrrrrr-1-e1505295074900.jpg 900w\" sizes=\"(max-width: 300px) 100vw, 300px\" \/><\/a>\n\t\t\t<\/dt><\/dl><br style=\"clear: both\" \/><dl class='gallery-item'>\n\t\t\t<dt class='gallery-icon landscape'>\n\t\t\t\t<a href='https:\/\/perladelsud.pl\/wp-content\/uploads\/2016\/02\/Bez-nazwy-1r-e1505295086645.jpg'><img width=\"300\" height=\"293\" src=\"https:\/\/perladelsud.pl\/wp-content\/uploads\/2016\/02\/Bez-nazwy-1r-300x293.jpg\" class=\"attachment-medium size-medium\" alt=\"\" decoding=\"async\" loading=\"lazy\" srcset=\"https:\/\/perladelsud.pl\/wp-content\/uploads\/2016\/02\/Bez-nazwy-1r-300x293.jpg 300w, https:\/\/perladelsud.pl\/wp-content\/uploads\/2016\/02\/Bez-nazwy-1r-768x749.jpg 768w, https:\/\/perladelsud.pl\/wp-content\/uploads\/2016\/02\/Bez-nazwy-1r-1024x998.jpg 1024w, https:\/\/perladelsud.pl\/wp-content\/uploads\/2016\/02\/Bez-nazwy-1r-e1505295086645.jpg 900w\" sizes=\"(max-width: 300px) 100vw, 300px\" \/><\/a>\n\t\t\t<\/dt><\/dl><dl class='gallery-item'>\n\t\t\t<dt class='gallery-icon portrait'>\n\t\t\t\t<a href='https:\/\/perladelsud.pl\/wp-content\/uploads\/2016\/02\/Bez-nazwy-1-e1505295097557.jpg'><img width=\"255\" height=\"300\" src=\"https:\/\/perladelsud.pl\/wp-content\/uploads\/2016\/02\/Bez-nazwy-1-255x300.jpg\" class=\"attachment-medium size-medium\" alt=\"\" decoding=\"async\" loading=\"lazy\" srcset=\"https:\/\/perladelsud.pl\/wp-content\/uploads\/2016\/02\/Bez-nazwy-1-255x300.jpg 255w, https:\/\/perladelsud.pl\/wp-content\/uploads\/2016\/02\/Bez-nazwy-1-768x904.jpg 768w, https:\/\/perladelsud.pl\/wp-content\/uploads\/2016\/02\/Bez-nazwy-1-870x1024.jpg 870w, https:\/\/perladelsud.pl\/wp-content\/uploads\/2016\/02\/Bez-nazwy-1-e1505295097557.jpg 680w\" sizes=\"(max-width: 255px) 100vw, 255px\" \/><\/a>\n\t\t\t<\/dt><\/dl><br style=\"clear: both\" \/><dl class='gallery-item'>\n\t\t\t<dt class='gallery-icon portrait'>\n\t\t\t\t<a href='https:\/\/perladelsud.pl\/wp-content\/uploads\/2016\/02\/Obraz-016-2-e1505294994144.jpg'><img width=\"262\" height=\"300\" src=\"https:\/\/perladelsud.pl\/wp-content\/uploads\/2016\/02\/Obraz-016-2-262x300.jpg\" class=\"attachment-medium size-medium\" alt=\"\" decoding=\"async\" loading=\"lazy\" aria-describedby=\"gallery-1-501\" srcset=\"https:\/\/perladelsud.pl\/wp-content\/uploads\/2016\/02\/Obraz-016-2-262x300.jpg 262w, https:\/\/perladelsud.pl\/wp-content\/uploads\/2016\/02\/Obraz-016-2-768x879.jpg 768w, https:\/\/perladelsud.pl\/wp-content\/uploads\/2016\/02\/Obraz-016-2-894x1024.jpg 894w, https:\/\/perladelsud.pl\/wp-content\/uploads\/2016\/02\/Obraz-016-2-e1505294994144.jpg 594w\" sizes=\"(max-width: 262px) 100vw, 262px\" \/><\/a>\n\t\t\t<\/dt>\n\t\t\t\t<dd class='wp-caption-text gallery-caption' id='gallery-1-501'>\n\t\t\t\tMary  Klan-Biewer Rott (FCI )\n\t\t\t\t<\/dd><\/dl><dl class='gallery-item'>\n\t\t\t<dt class='gallery-icon landscape'>\n\t\t\t\t<a href='https:\/\/perladelsud.pl\/wp-content\/uploads\/2016\/02\/pacco-2-e1505294976695.jpg'><img width=\"300\" height=\"220\" src=\"https:\/\/perladelsud.pl\/wp-content\/uploads\/2016\/02\/pacco-2-300x220.jpg\" class=\"attachment-medium size-medium\" alt=\"\" decoding=\"async\" loading=\"lazy\" aria-describedby=\"gallery-1-502\" srcset=\"https:\/\/perladelsud.pl\/wp-content\/uploads\/2016\/02\/pacco-2-300x220.jpg 300w, https:\/\/perladelsud.pl\/wp-content\/uploads\/2016\/02\/pacco-2-768x564.jpg 768w, https:\/\/perladelsud.pl\/wp-content\/uploads\/2016\/02\/pacco-2-e1505294976695.jpg 1024w\" sizes=\"(max-width: 300px) 100vw, 300px\" \/><\/a>\n\t\t\t<\/dt>\n\t\t\t\t<dd class='wp-caption-text gallery-caption' id='gallery-1-502'>\n\t\t\t\tOjciec: Amber York Pacco-Prince (FCI) M\u0142odzie\u017cowy Champion Polski, Champion Polski\n\t\t\t\t<\/dd><\/dl><br style=\"clear: both\" \/>\n\t\t<\/div>\n\n","protected":false},"excerpt":{"rendered":"<p>Miot E urodzony: 16.04.2017: 3 samczyki . 1 suczka Wszystkie szczeni\u0119ta znalaz\u0142y kochaj\u0105ce domki. Wi\u0119cej zdj\u0119\u0107 szczeni\u0105t w zak\u0142adce Galeria Matka: Mary Klan-Biewer Rott (FCI ) Ojciec: Amber York Pacco-Prince <a class=\"more-link\" href=\"https:\/\/perladelsud.pl\/index.php\/pl\/szczeniaki\/miot-2017-r\/miot-e\/\">Continue Reading \u2192<\/a><\/p>\n","protected":false},"author":1,"featured_media":0,"parent":731,"menu_order":5,"comment_status":"closed","ping_status":"closed","template":"","meta":[],"_links":{"self":[{"href":"https:\/\/perladelsud.pl\/index.php\/wp-json\/wp\/v2\/pages\/504"}],"collection":[{"href":"https:\/\/perladelsud.pl\/index.php\/wp-json\/wp\/v2\/pages"}],"about":[{"href":"https:\/\/perladelsud.pl\/index.php\/wp-json\/wp\/v2\/types\/page"}],"author":[{"embeddable":true,"href":"https:\/\/perladelsud.pl\/index.php\/wp-json\/wp\/v2\/users\/1"}],"replies":[{"embeddable":true,"href":"https:\/\/perladelsud.pl\/index.php\/wp-json\/wp\/v2\/comments?post=504"}],"version-history":[{"count":0,"href":"https:\/\/perladelsud.pl\/index.php\/wp-json\/wp\/v2\/pages\/504\/revisions"}],"up":[{"embeddable":true,"href":"https:\/\/perladelsud.pl\/index.php\/wp-json\/wp\/v2\/pages\/731"}],"wp:attachment":[{"href":"https:\/\/perladelsud.pl\/index.php\/wp-json\/wp\/v2\/media?parent=504"}],"curies":[{"name":"wp","href":"https:\/\/api.w.org\/{rel}","templated":true}]}}