{"id":629,"date":"2018-06-12T10:57:24","date_gmt":"2018-06-12T08:57:24","guid":{"rendered":"http:\/\/perladelsud.pl\/?page_id=629"},"modified":"2019-02-05T14:18:27","modified_gmt":"2019-02-05T13:18:27","slug":"miot-h","status":"publish","type":"page","link":"https:\/\/perladelsud.pl\/index.php\/pl\/szczeniaki\/miot-2018-r\/miot-h\/","title":{"rendered":"Miot  H"},"content":{"rendered":"<p>Miot \u00a0H urodzony: 13.03.2018:\u00a0 \u00a01 suczka, 1 piesek<br \/>\nWszystkie szczeni\u0119ta znalaz\u0142y kochaj\u0105ce domki. Wi\u0119cej zdj\u0119\u0107 szczeni\u0105t \u00a0w zak\u0142adce Galeria<\/p>\n<p>Matka: \u00a0Suzanne Prinzess\u00a0 Klan-Biewer Rott (FCI ) M.CH.P<br \/>\nOjciec: Andre Mademoiselle Iwet (FCI)<\/p>\n<p>&nbsp;<\/p>\n\n\t\t<style type=\"text\/css\">\n\t\t\t#gallery-1 {\n\t\t\t\tmargin: auto;\n\t\t\t}\n\t\t\t#gallery-1 .gallery-item {\n\t\t\t\tfloat: left;\n\t\t\t\tmargin-top: 10px;\n\t\t\t\ttext-align: center;\n\t\t\t\twidth: 50%;\n\t\t\t}\n\t\t\t#gallery-1 img {\n\t\t\t\tborder: 2px solid #cfcfcf;\n\t\t\t}\n\t\t\t#gallery-1 .gallery-caption {\n\t\t\t\tmargin-left: 0;\n\t\t\t}\n\t\t\t\/* see gallery_shortcode() in wp-includes\/media.php *\/\n\t\t<\/style>\n\t\t<div id='gallery-1' class='gallery galleryid-629 gallery-columns-2 gallery-size-medium'><dl class='gallery-item'>\n\t\t\t<dt class='gallery-icon landscape'>\n\t\t\t\t<a href='https:\/\/perladelsud.pl\/wp-content\/uploads\/2018\/06\/DSCN1580444-e1528793730514.jpg'><img width=\"300\" height=\"193\" src=\"https:\/\/perladelsud.pl\/wp-content\/uploads\/2018\/06\/DSCN1580444-300x193.jpg\" class=\"attachment-medium size-medium\" alt=\"\" decoding=\"async\" loading=\"lazy\" srcset=\"https:\/\/perladelsud.pl\/wp-content\/uploads\/2018\/06\/DSCN1580444-300x193.jpg 300w, https:\/\/perladelsud.pl\/wp-content\/uploads\/2018\/06\/DSCN1580444-768x493.jpg 768w, https:\/\/perladelsud.pl\/wp-content\/uploads\/2018\/06\/DSCN1580444-1024x657.jpg 1024w, https:\/\/perladelsud.pl\/wp-content\/uploads\/2018\/06\/DSCN1580444-e1528793730514.jpg 1025w\" sizes=\"(max-width: 300px) 100vw, 300px\" \/><\/a>\n\t\t\t<\/dt><\/dl><dl class='gallery-item'>\n\t\t\t<dt class='gallery-icon landscape'>\n\t\t\t\t<a href='https:\/\/perladelsud.pl\/wp-content\/uploads\/2018\/06\/655555-e1528793748169.jpg'><img width=\"300\" height=\"291\" src=\"https:\/\/perladelsud.pl\/wp-content\/uploads\/2018\/06\/655555-300x291.jpg\" class=\"attachment-medium size-medium\" alt=\"\" decoding=\"async\" loading=\"lazy\" srcset=\"https:\/\/perladelsud.pl\/wp-content\/uploads\/2018\/06\/655555-300x291.jpg 300w, https:\/\/perladelsud.pl\/wp-content\/uploads\/2018\/06\/655555-768x746.jpg 768w, https:\/\/perladelsud.pl\/wp-content\/uploads\/2018\/06\/655555-1024x995.jpg 1024w, https:\/\/perladelsud.pl\/wp-content\/uploads\/2018\/06\/655555-e1528793748169.jpg 1025w\" sizes=\"(max-width: 300px) 100vw, 300px\" \/><\/a>\n\t\t\t<\/dt><\/dl><br style=\"clear: both\" \/><dl class='gallery-item'>\n\t\t\t<dt class='gallery-icon landscape'>\n\t\t\t\t<a href='https:\/\/perladelsud.pl\/wp-content\/uploads\/2018\/06\/17635153_1908936422653269_1440728588122334472_o-1-e1528793793476.jpg'><img width=\"300\" height=\"276\" src=\"https:\/\/perladelsud.pl\/wp-content\/uploads\/2018\/06\/17635153_1908936422653269_1440728588122334472_o-1-300x276.jpg\" class=\"attachment-medium size-medium\" alt=\"\" decoding=\"async\" loading=\"lazy\" aria-describedby=\"gallery-1-632\" srcset=\"https:\/\/perladelsud.pl\/wp-content\/uploads\/2018\/06\/17635153_1908936422653269_1440728588122334472_o-1-300x276.jpg 300w, https:\/\/perladelsud.pl\/wp-content\/uploads\/2018\/06\/17635153_1908936422653269_1440728588122334472_o-1-768x708.jpg 768w, https:\/\/perladelsud.pl\/wp-content\/uploads\/2018\/06\/17635153_1908936422653269_1440728588122334472_o-1-1024x944.jpg 1024w, https:\/\/perladelsud.pl\/wp-content\/uploads\/2018\/06\/17635153_1908936422653269_1440728588122334472_o-1-e1528793793476.jpg 1025w\" sizes=\"(max-width: 300px) 100vw, 300px\" \/><\/a>\n\t\t\t<\/dt>\n\t\t\t\t<dd class='wp-caption-text gallery-caption' id='gallery-1-632'>\n\t\t\t\tSuzanne Prinzess  Klan-Biewer Rott (FCI ) M.CH.P\n\t\t\t\t<\/dd><\/dl><dl class='gallery-item'>\n\t\t\t<dt class='gallery-icon landscape'>\n\t\t\t\t<a href='https:\/\/perladelsud.pl\/wp-content\/uploads\/2018\/06\/22450098_2005618949651682_6319653830587497139_n.jpg'><img width=\"300\" height=\"300\" src=\"https:\/\/perladelsud.pl\/wp-content\/uploads\/2018\/06\/22450098_2005618949651682_6319653830587497139_n-300x300.jpg\" class=\"attachment-medium size-medium\" alt=\"\" decoding=\"async\" loading=\"lazy\" aria-describedby=\"gallery-1-633\" srcset=\"https:\/\/perladelsud.pl\/wp-content\/uploads\/2018\/06\/22450098_2005618949651682_6319653830587497139_n-300x300.jpg 300w, https:\/\/perladelsud.pl\/wp-content\/uploads\/2018\/06\/22450098_2005618949651682_6319653830587497139_n-150x150.jpg 150w, https:\/\/perladelsud.pl\/wp-content\/uploads\/2018\/06\/22450098_2005618949651682_6319653830587497139_n.jpg 597w\" sizes=\"(max-width: 300px) 100vw, 300px\" \/><\/a>\n\t\t\t<\/dt>\n\t\t\t\t<dd class='wp-caption-text gallery-caption' id='gallery-1-633'>\n\t\t\t\tAndre Mademoiselle Iwet (FCI)\n\t\t\t\t<\/dd><\/dl><br style=\"clear: both\" \/>\n\t\t<\/div>\n\n","protected":false},"excerpt":{"rendered":"<p>Miot \u00a0H urodzony: 13.03.2018:\u00a0 \u00a01 suczka, 1 piesek Wszystkie szczeni\u0119ta znalaz\u0142y kochaj\u0105ce domki. Wi\u0119cej zdj\u0119\u0107 szczeni\u0105t \u00a0w zak\u0142adce Galeria Matka: \u00a0Suzanne Prinzess\u00a0 Klan-Biewer Rott (FCI ) M.CH.P Ojciec: Andre Mademoiselle <a class=\"more-link\" href=\"https:\/\/perladelsud.pl\/index.php\/pl\/szczeniaki\/miot-2018-r\/miot-h\/\">Continue Reading \u2192<\/a><\/p>\n","protected":false},"author":1,"featured_media":0,"parent":738,"menu_order":4,"comment_status":"closed","ping_status":"closed","template":"","meta":[],"_links":{"self":[{"href":"https:\/\/perladelsud.pl\/index.php\/wp-json\/wp\/v2\/pages\/629"}],"collection":[{"href":"https:\/\/perladelsud.pl\/index.php\/wp-json\/wp\/v2\/pages"}],"about":[{"href":"https:\/\/perladelsud.pl\/index.php\/wp-json\/wp\/v2\/types\/page"}],"author":[{"embeddable":true,"href":"https:\/\/perladelsud.pl\/index.php\/wp-json\/wp\/v2\/users\/1"}],"replies":[{"embeddable":true,"href":"https:\/\/perladelsud.pl\/index.php\/wp-json\/wp\/v2\/comments?post=629"}],"version-history":[{"count":0,"href":"https:\/\/perladelsud.pl\/index.php\/wp-json\/wp\/v2\/pages\/629\/revisions"}],"up":[{"embeddable":true,"href":"https:\/\/perladelsud.pl\/index.php\/wp-json\/wp\/v2\/pages\/738"}],"wp:attachment":[{"href":"https:\/\/perladelsud.pl\/index.php\/wp-json\/wp\/v2\/media?parent=629"}],"curies":[{"name":"wp","href":"https:\/\/api.w.org\/{rel}","templated":true}]}}