{"id":749,"date":"2018-11-24T14:18:29","date_gmt":"2018-11-24T13:18:29","guid":{"rendered":"http:\/\/perladelsud.pl\/?page_id=749"},"modified":"2018-11-24T14:19:27","modified_gmt":"2018-11-24T13:19:27","slug":"miot-urodzony-2015","status":"publish","type":"page","link":"https:\/\/perladelsud.pl\/index.php\/pl\/galeria\/miot-urodzony-2015\/","title":{"rendered":"Miot urodzony 2015"},"content":{"rendered":"<p>Miot B urodzony :07.07.2015 : 1 suczka, 2 pieski<\/p>\n<p>Rodzice szczeni\u0105t to:<br \/>\nMatka: Suzanne Prinzess Klan-Biewer Rott (FCI ) M\u0142odzie\u017cowy Champion Polski<br \/>\nOjciec: Amber York Szaman (FCI) Champion Polski<\/p>\n\n\t\t<style type=\"text\/css\">\n\t\t\t#gallery-1 {\n\t\t\t\tmargin: auto;\n\t\t\t}\n\t\t\t#gallery-1 .gallery-item {\n\t\t\t\tfloat: left;\n\t\t\t\tmargin-top: 10px;\n\t\t\t\ttext-align: center;\n\t\t\t\twidth: 50%;\n\t\t\t}\n\t\t\t#gallery-1 img {\n\t\t\t\tborder: 2px solid #cfcfcf;\n\t\t\t}\n\t\t\t#gallery-1 .gallery-caption {\n\t\t\t\tmargin-left: 0;\n\t\t\t}\n\t\t\t\/* see gallery_shortcode() in wp-includes\/media.php *\/\n\t\t<\/style>\n\t\t<div id='gallery-1' class='gallery galleryid-749 gallery-columns-2 gallery-size-medium'><dl class='gallery-item'>\n\t\t\t<dt class='gallery-icon landscape'>\n\t\t\t\t<a href='https:\/\/perladelsud.pl\/wp-content\/uploads\/2016\/02\/Bruno-e1455187489568.jpg'><img width=\"300\" height=\"236\" src=\"https:\/\/perladelsud.pl\/wp-content\/uploads\/2016\/02\/Bruno-300x236.jpg\" class=\"attachment-medium size-medium\" alt=\"\" decoding=\"async\" loading=\"lazy\" aria-describedby=\"gallery-1-343\" srcset=\"https:\/\/perladelsud.pl\/wp-content\/uploads\/2016\/02\/Bruno-300x236.jpg 300w, https:\/\/perladelsud.pl\/wp-content\/uploads\/2016\/02\/Bruno-768x603.jpg 768w, https:\/\/perladelsud.pl\/wp-content\/uploads\/2016\/02\/Bruno-e1455187489568.jpg 1024w\" sizes=\"(max-width: 300px) 100vw, 300px\" \/><\/a>\n\t\t\t<\/dt>\n\t\t\t\t<dd class='wp-caption-text gallery-caption' id='gallery-1-343'>\n\t\t\t\tBruno Perla del Sud (FCI) mieszka na S\u0142owacji \n\t\t\t\t<\/dd><\/dl><dl class='gallery-item'>\n\t\t\t<dt class='gallery-icon landscape'>\n\t\t\t\t<a href='https:\/\/perladelsud.pl\/wp-content\/uploads\/2016\/02\/Betina-e1455187503339.jpg'><img width=\"300\" height=\"205\" src=\"https:\/\/perladelsud.pl\/wp-content\/uploads\/2016\/02\/Betina-300x205.jpg\" class=\"attachment-medium size-medium\" alt=\"\" decoding=\"async\" loading=\"lazy\" aria-describedby=\"gallery-1-342\" srcset=\"https:\/\/perladelsud.pl\/wp-content\/uploads\/2016\/02\/Betina-300x205.jpg 300w, https:\/\/perladelsud.pl\/wp-content\/uploads\/2016\/02\/Betina-768x525.jpg 768w, https:\/\/perladelsud.pl\/wp-content\/uploads\/2016\/02\/Betina-e1455187503339.jpg 1024w\" sizes=\"(max-width: 300px) 100vw, 300px\" \/><\/a>\n\t\t\t<\/dt>\n\t\t\t\t<dd class='wp-caption-text gallery-caption' id='gallery-1-342'>\n\t\t\t\tBetina Perla del Sud (FCI) mieszka z nami \n\t\t\t\t<\/dd><\/dl><br style=\"clear: both\" \/><dl class='gallery-item'>\n\t\t\t<dt class='gallery-icon landscape'>\n\t\t\t\t<a href='https:\/\/perladelsud.pl\/wp-content\/uploads\/2016\/02\/STEFAN-e1455187520915.jpg'><img width=\"300\" height=\"225\" src=\"https:\/\/perladelsud.pl\/wp-content\/uploads\/2016\/02\/STEFAN-300x225.jpg\" class=\"attachment-medium size-medium\" alt=\"\" decoding=\"async\" loading=\"lazy\" aria-describedby=\"gallery-1-344\" srcset=\"https:\/\/perladelsud.pl\/wp-content\/uploads\/2016\/02\/STEFAN-300x225.jpg 300w, https:\/\/perladelsud.pl\/wp-content\/uploads\/2016\/02\/STEFAN-768x576.jpg 768w, https:\/\/perladelsud.pl\/wp-content\/uploads\/2016\/02\/STEFAN-e1455187520915.jpg 1024w\" sizes=\"(max-width: 300px) 100vw, 300px\" \/><\/a>\n\t\t\t<\/dt>\n\t\t\t\t<dd class='wp-caption-text gallery-caption' id='gallery-1-344'>\n\t\t\t\tBastian  Perla del Sud (FCI) mieszka w Warszawie \n\t\t\t\t<\/dd><\/dl>\n\t\t\t<br style='clear: both' \/>\n\t\t<\/div>\n\n<p>Miot C urodzony :07.10.2015 : , 2 pieski<\/p>\n<p>Rodzice szczeni\u0105t to:<br \/>\nMatka: Amelia Klan-Biewer Rott (FCI ) M\u0142odzie\u017cowy Champion Polski<br \/>\nOjciec: Amber York Pacco-Prince (FCI) M\u0142odzie\u017cowy Champion Polski, Champion Polski<\/p>\n\n\t\t<style type=\"text\/css\">\n\t\t\t#gallery-2 {\n\t\t\t\tmargin: auto;\n\t\t\t}\n\t\t\t#gallery-2 .gallery-item {\n\t\t\t\tfloat: left;\n\t\t\t\tmargin-top: 10px;\n\t\t\t\ttext-align: center;\n\t\t\t\twidth: 50%;\n\t\t\t}\n\t\t\t#gallery-2 img {\n\t\t\t\tborder: 2px solid #cfcfcf;\n\t\t\t}\n\t\t\t#gallery-2 .gallery-caption {\n\t\t\t\tmargin-left: 0;\n\t\t\t}\n\t\t\t\/* see gallery_shortcode() in wp-includes\/media.php *\/\n\t\t<\/style>\n\t\t<div id='gallery-2' class='gallery galleryid-749 gallery-columns-2 gallery-size-medium'><dl class='gallery-item'>\n\t\t\t<dt class='gallery-icon portrait'>\n\t\t\t\t<a href='https:\/\/perladelsud.pl\/wp-content\/uploads\/2016\/02\/IMG_7863-e1455187332998.jpg'><img width=\"200\" height=\"300\" src=\"https:\/\/perladelsud.pl\/wp-content\/uploads\/2016\/02\/IMG_7863-200x300.jpg\" class=\"attachment-medium size-medium\" alt=\"\" decoding=\"async\" loading=\"lazy\" aria-describedby=\"gallery-2-339\" srcset=\"https:\/\/perladelsud.pl\/wp-content\/uploads\/2016\/02\/IMG_7863-200x300.jpg 200w, https:\/\/perladelsud.pl\/wp-content\/uploads\/2016\/02\/IMG_7863-768x1152.jpg 768w, https:\/\/perladelsud.pl\/wp-content\/uploads\/2016\/02\/IMG_7863-683x1024.jpg 683w, https:\/\/perladelsud.pl\/wp-content\/uploads\/2016\/02\/IMG_7863-e1455187332998.jpg 500w\" sizes=\"(max-width: 200px) 100vw, 200px\" \/><\/a>\n\t\t\t<\/dt>\n\t\t\t\t<dd class='wp-caption-text gallery-caption' id='gallery-2-339'>\n\t\t\t\tCody Perla del Sud (FCI) mieszka w Norwegii \n\t\t\t\t<\/dd><\/dl><dl class='gallery-item'>\n\t\t\t<dt class='gallery-icon landscape'>\n\t\t\t\t<a href='https:\/\/perladelsud.pl\/wp-content\/uploads\/2016\/02\/IMG_7891-e1455187360974.jpg'><img width=\"300\" height=\"200\" src=\"https:\/\/perladelsud.pl\/wp-content\/uploads\/2016\/02\/IMG_7891-300x200.jpg\" class=\"attachment-medium size-medium\" alt=\"\" decoding=\"async\" loading=\"lazy\" aria-describedby=\"gallery-2-340\" srcset=\"https:\/\/perladelsud.pl\/wp-content\/uploads\/2016\/02\/IMG_7891-300x200.jpg 300w, https:\/\/perladelsud.pl\/wp-content\/uploads\/2016\/02\/IMG_7891-768x512.jpg 768w, https:\/\/perladelsud.pl\/wp-content\/uploads\/2016\/02\/IMG_7891-e1455187360974.jpg 1024w\" sizes=\"(max-width: 300px) 100vw, 300px\" \/><\/a>\n\t\t\t<\/dt>\n\t\t\t\t<dd class='wp-caption-text gallery-caption' id='gallery-2-340'>\n\t\t\t\tCadeau Perla del Sud (FCI) mieszka w Krakowie\n\t\t\t\t<\/dd><\/dl><br style=\"clear: both\" \/>\n\t\t<\/div>\n\n","protected":false},"excerpt":{"rendered":"<p>Miot B urodzony :07.07.2015 : 1 suczka, 2 pieski Rodzice szczeni\u0105t to: Matka: Suzanne Prinzess Klan-Biewer Rott (FCI ) M\u0142odzie\u017cowy Champion Polski Ojciec: Amber York Szaman (FCI) Champion Polski Miot <a class=\"more-link\" href=\"https:\/\/perladelsud.pl\/index.php\/pl\/galeria\/miot-urodzony-2015\/\">Continue Reading \u2192<\/a><\/p>\n","protected":false},"author":1,"featured_media":0,"parent":192,"menu_order":6,"comment_status":"closed","ping_status":"closed","template":"","meta":[],"_links":{"self":[{"href":"https:\/\/perladelsud.pl\/index.php\/wp-json\/wp\/v2\/pages\/749"}],"collection":[{"href":"https:\/\/perladelsud.pl\/index.php\/wp-json\/wp\/v2\/pages"}],"about":[{"href":"https:\/\/perladelsud.pl\/index.php\/wp-json\/wp\/v2\/types\/page"}],"author":[{"embeddable":true,"href":"https:\/\/perladelsud.pl\/index.php\/wp-json\/wp\/v2\/users\/1"}],"replies":[{"embeddable":true,"href":"https:\/\/perladelsud.pl\/index.php\/wp-json\/wp\/v2\/comments?post=749"}],"version-history":[{"count":0,"href":"https:\/\/perladelsud.pl\/index.php\/wp-json\/wp\/v2\/pages\/749\/revisions"}],"up":[{"embeddable":true,"href":"https:\/\/perladelsud.pl\/index.php\/wp-json\/wp\/v2\/pages\/192"}],"wp:attachment":[{"href":"https:\/\/perladelsud.pl\/index.php\/wp-json\/wp\/v2\/media?parent=749"}],"curies":[{"name":"wp","href":"https:\/\/api.w.org\/{rel}","templated":true}]}}