{"id":863,"date":"2019-04-26T19:45:40","date_gmt":"2019-04-26T17:45:40","guid":{"rendered":"http:\/\/perladelsud.pl\/?page_id=863"},"modified":"2020-01-03T18:21:59","modified_gmt":"2020-01-03T17:21:59","slug":"miot-2019-r","status":"publish","type":"page","link":"https:\/\/perladelsud.pl\/index.php\/pl\/szczeniaki\/miot-2019-r\/","title":{"rendered":"Miot 2019 r."},"content":{"rendered":"<p><strong>Miot N<\/strong> urodzony 16.08.2019: 1 suczka 2 pieski<br \/>\nWszystkie szczeni\u0119ta znalaz\u0142y kochaj\u0105ce domki. Wi\u0119cej zdj\u0119\u0107 szczeni\u0105t \u00a0w zak\u0142adce Galeria<\/p>\n\n\t\t<style type=\"text\/css\">\n\t\t\t#gallery-1 {\n\t\t\t\tmargin: auto;\n\t\t\t}\n\t\t\t#gallery-1 .gallery-item {\n\t\t\t\tfloat: left;\n\t\t\t\tmargin-top: 10px;\n\t\t\t\ttext-align: center;\n\t\t\t\twidth: 50%;\n\t\t\t}\n\t\t\t#gallery-1 img {\n\t\t\t\tborder: 2px solid #cfcfcf;\n\t\t\t}\n\t\t\t#gallery-1 .gallery-caption {\n\t\t\t\tmargin-left: 0;\n\t\t\t}\n\t\t\t\/* see gallery_shortcode() in wp-includes\/media.php *\/\n\t\t<\/style>\n\t\t<div id='gallery-1' class='gallery galleryid-863 gallery-columns-2 gallery-size-medium'><dl class='gallery-item'>\n\t\t\t<dt class='gallery-icon landscape'>\n\t\t\t\t<a href='https:\/\/perladelsud.pl\/wp-content\/uploads\/2020\/01\/szecz-097-1.jpg'><img width=\"300\" height=\"255\" src=\"https:\/\/perladelsud.pl\/wp-content\/uploads\/2020\/01\/szecz-097-1-300x255.jpg\" class=\"attachment-medium size-medium\" alt=\"\" decoding=\"async\" loading=\"lazy\" srcset=\"https:\/\/perladelsud.pl\/wp-content\/uploads\/2020\/01\/szecz-097-1-300x255.jpg 300w, https:\/\/perladelsud.pl\/wp-content\/uploads\/2020\/01\/szecz-097-1-768x653.jpg 768w, https:\/\/perladelsud.pl\/wp-content\/uploads\/2020\/01\/szecz-097-1.jpg 903w\" sizes=\"(max-width: 300px) 100vw, 300px\" \/><\/a>\n\t\t\t<\/dt><\/dl><dl class='gallery-item'>\n\t\t\t<dt class='gallery-icon portrait'>\n\t\t\t\t<a href='https:\/\/perladelsud.pl\/wp-content\/uploads\/2020\/01\/szecz-103-1.jpg'><img width=\"276\" height=\"300\" src=\"https:\/\/perladelsud.pl\/wp-content\/uploads\/2020\/01\/szecz-103-1-276x300.jpg\" class=\"attachment-medium size-medium\" alt=\"\" decoding=\"async\" loading=\"lazy\" srcset=\"https:\/\/perladelsud.pl\/wp-content\/uploads\/2020\/01\/szecz-103-1-276x300.jpg 276w, https:\/\/perladelsud.pl\/wp-content\/uploads\/2020\/01\/szecz-103-1.jpg 644w\" sizes=\"(max-width: 276px) 100vw, 276px\" \/><\/a>\n\t\t\t<\/dt><\/dl><br style=\"clear: both\" \/><dl class='gallery-item'>\n\t\t\t<dt class='gallery-icon landscape'>\n\t\t\t\t<a href='https:\/\/perladelsud.pl\/wp-content\/uploads\/2020\/01\/szecz-113-1.jpg'><img width=\"300\" height=\"262\" src=\"https:\/\/perladelsud.pl\/wp-content\/uploads\/2020\/01\/szecz-113-1-300x262.jpg\" class=\"attachment-medium size-medium\" alt=\"\" decoding=\"async\" loading=\"lazy\" srcset=\"https:\/\/perladelsud.pl\/wp-content\/uploads\/2020\/01\/szecz-113-1-300x262.jpg 300w, https:\/\/perladelsud.pl\/wp-content\/uploads\/2020\/01\/szecz-113-1-768x670.jpg 768w, https:\/\/perladelsud.pl\/wp-content\/uploads\/2020\/01\/szecz-113-1.jpg 880w\" sizes=\"(max-width: 300px) 100vw, 300px\" \/><\/a>\n\t\t\t<\/dt><\/dl>\n\t\t\t<br style='clear: both' \/>\n\t\t<\/div>\n\n\n\t\t<style type=\"text\/css\">\n\t\t\t#gallery-2 {\n\t\t\t\tmargin: auto;\n\t\t\t}\n\t\t\t#gallery-2 .gallery-item {\n\t\t\t\tfloat: left;\n\t\t\t\tmargin-top: 10px;\n\t\t\t\ttext-align: center;\n\t\t\t\twidth: 50%;\n\t\t\t}\n\t\t\t#gallery-2 img {\n\t\t\t\tborder: 2px solid #cfcfcf;\n\t\t\t}\n\t\t\t#gallery-2 .gallery-caption {\n\t\t\t\tmargin-left: 0;\n\t\t\t}\n\t\t\t\/* see gallery_shortcode() in wp-includes\/media.php *\/\n\t\t<\/style>\n\t\t<div id='gallery-2' class='gallery galleryid-863 gallery-columns-2 gallery-size-medium'><dl class='gallery-item'>\n\t\t\t<dt class='gallery-icon landscape'>\n\t\t\t\t<a href='https:\/\/perladelsud.pl\/wp-content\/uploads\/2019\/02\/22450098_2005618949651682_6319653830587497139_n.jpg'><img width=\"300\" height=\"300\" src=\"https:\/\/perladelsud.pl\/wp-content\/uploads\/2019\/02\/22450098_2005618949651682_6319653830587497139_n-300x300.jpg\" class=\"attachment-medium size-medium\" alt=\"\" decoding=\"async\" loading=\"lazy\" aria-describedby=\"gallery-2-784\" srcset=\"https:\/\/perladelsud.pl\/wp-content\/uploads\/2019\/02\/22450098_2005618949651682_6319653830587497139_n-300x300.jpg 300w, https:\/\/perladelsud.pl\/wp-content\/uploads\/2019\/02\/22450098_2005618949651682_6319653830587497139_n-150x150.jpg 150w, https:\/\/perladelsud.pl\/wp-content\/uploads\/2019\/02\/22450098_2005618949651682_6319653830587497139_n.jpg 597w\" sizes=\"(max-width: 300px) 100vw, 300px\" \/><\/a>\n\t\t\t<\/dt>\n\t\t\t\t<dd class='wp-caption-text gallery-caption' id='gallery-2-784'>\n\t\t\t\tAndre Mademoisele Iwet(FCI) \n\t\t\t\t<\/dd><\/dl><dl class='gallery-item'>\n\t\t\t<dt class='gallery-icon landscape'>\n\t\t\t\t<a href='https:\/\/perladelsud.pl\/wp-content\/uploads\/2018\/06\/17635153_1908936422653269_1440728588122334472_o-1-e1528793793476.jpg'><img width=\"300\" height=\"276\" src=\"https:\/\/perladelsud.pl\/wp-content\/uploads\/2018\/06\/17635153_1908936422653269_1440728588122334472_o-1-300x276.jpg\" class=\"attachment-medium size-medium\" alt=\"\" decoding=\"async\" loading=\"lazy\" aria-describedby=\"gallery-2-632\" srcset=\"https:\/\/perladelsud.pl\/wp-content\/uploads\/2018\/06\/17635153_1908936422653269_1440728588122334472_o-1-300x276.jpg 300w, https:\/\/perladelsud.pl\/wp-content\/uploads\/2018\/06\/17635153_1908936422653269_1440728588122334472_o-1-768x708.jpg 768w, https:\/\/perladelsud.pl\/wp-content\/uploads\/2018\/06\/17635153_1908936422653269_1440728588122334472_o-1-1024x944.jpg 1024w, https:\/\/perladelsud.pl\/wp-content\/uploads\/2018\/06\/17635153_1908936422653269_1440728588122334472_o-1-e1528793793476.jpg 1025w\" sizes=\"(max-width: 300px) 100vw, 300px\" \/><\/a>\n\t\t\t<\/dt>\n\t\t\t\t<dd class='wp-caption-text gallery-caption' id='gallery-2-632'>\n\t\t\t\tSuzanne Prinzess  Klan-Biewer Rott (FCI ) M.CH.P\n\t\t\t\t<\/dd><\/dl><br style=\"clear: both\" \/>\n\t\t<\/div>\n\n<p><strong>Miot M<\/strong> urodzony 19.04.2019: 2 suczki 1 piesek<br \/>\nWszystkie szczeni\u0119ta znalaz\u0142y kochaj\u0105ce domki. Wi\u0119cej zdj\u0119\u0107 szczeni\u0105t w zak\u0142adce Galeria<\/p>\n<p>Matka: Amelia Klan Biewer Rott (FCI)<br \/>\nOjciec: Portos Klan Biewer Rott (FCI)<\/p>\n\n\t\t<style type=\"text\/css\">\n\t\t\t#gallery-3 {\n\t\t\t\tmargin: auto;\n\t\t\t}\n\t\t\t#gallery-3 .gallery-item {\n\t\t\t\tfloat: left;\n\t\t\t\tmargin-top: 10px;\n\t\t\t\ttext-align: center;\n\t\t\t\twidth: 50%;\n\t\t\t}\n\t\t\t#gallery-3 img {\n\t\t\t\tborder: 2px solid #cfcfcf;\n\t\t\t}\n\t\t\t#gallery-3 .gallery-caption {\n\t\t\t\tmargin-left: 0;\n\t\t\t}\n\t\t\t\/* see gallery_shortcode() in wp-includes\/media.php *\/\n\t\t<\/style>\n\t\t<div id='gallery-3' class='gallery galleryid-863 gallery-columns-2 gallery-size-medium'><dl class='gallery-item'>\n\t\t\t<dt class='gallery-icon landscape'>\n\t\t\t\t<a href='https:\/\/perladelsud.pl\/wp-content\/uploads\/2019\/08\/szecz-345.jpg'><img width=\"300\" height=\"244\" src=\"https:\/\/perladelsud.pl\/wp-content\/uploads\/2019\/08\/szecz-345-300x244.jpg\" class=\"attachment-medium size-medium\" alt=\"\" decoding=\"async\" loading=\"lazy\" srcset=\"https:\/\/perladelsud.pl\/wp-content\/uploads\/2019\/08\/szecz-345-300x244.jpg 300w, https:\/\/perladelsud.pl\/wp-content\/uploads\/2019\/08\/szecz-345-768x625.jpg 768w, https:\/\/perladelsud.pl\/wp-content\/uploads\/2019\/08\/szecz-345.jpg 943w\" sizes=\"(max-width: 300px) 100vw, 300px\" \/><\/a>\n\t\t\t<\/dt><\/dl><dl class='gallery-item'>\n\t\t\t<dt class='gallery-icon landscape'>\n\t\t\t\t<a href='https:\/\/perladelsud.pl\/wp-content\/uploads\/2019\/08\/szecz-349.jpg'><img width=\"300\" height=\"255\" src=\"https:\/\/perladelsud.pl\/wp-content\/uploads\/2019\/08\/szecz-349-300x255.jpg\" class=\"attachment-medium size-medium\" alt=\"\" decoding=\"async\" loading=\"lazy\" srcset=\"https:\/\/perladelsud.pl\/wp-content\/uploads\/2019\/08\/szecz-349-300x255.jpg 300w, https:\/\/perladelsud.pl\/wp-content\/uploads\/2019\/08\/szecz-349-768x654.jpg 768w, https:\/\/perladelsud.pl\/wp-content\/uploads\/2019\/08\/szecz-349.jpg 902w\" sizes=\"(max-width: 300px) 100vw, 300px\" \/><\/a>\n\t\t\t<\/dt><\/dl><br style=\"clear: both\" \/><dl class='gallery-item'>\n\t\t\t<dt class='gallery-icon landscape'>\n\t\t\t\t<a href='https:\/\/perladelsud.pl\/wp-content\/uploads\/2019\/08\/szecz-372.jpg'><img width=\"300\" height=\"212\" src=\"https:\/\/perladelsud.pl\/wp-content\/uploads\/2019\/08\/szecz-372-300x212.jpg\" class=\"attachment-medium size-medium\" alt=\"\" decoding=\"async\" loading=\"lazy\" srcset=\"https:\/\/perladelsud.pl\/wp-content\/uploads\/2019\/08\/szecz-372-300x212.jpg 300w, https:\/\/perladelsud.pl\/wp-content\/uploads\/2019\/08\/szecz-372-768x543.jpg 768w, https:\/\/perladelsud.pl\/wp-content\/uploads\/2019\/08\/szecz-372.jpg 1024w\" sizes=\"(max-width: 300px) 100vw, 300px\" \/><\/a>\n\t\t\t<\/dt><\/dl>\n\t\t\t<br style='clear: both' \/>\n\t\t<\/div>\n\n\n\t\t<style type=\"text\/css\">\n\t\t\t#gallery-4 {\n\t\t\t\tmargin: auto;\n\t\t\t}\n\t\t\t#gallery-4 .gallery-item {\n\t\t\t\tfloat: left;\n\t\t\t\tmargin-top: 10px;\n\t\t\t\ttext-align: center;\n\t\t\t\twidth: 50%;\n\t\t\t}\n\t\t\t#gallery-4 img {\n\t\t\t\tborder: 2px solid #cfcfcf;\n\t\t\t}\n\t\t\t#gallery-4 .gallery-caption {\n\t\t\t\tmargin-left: 0;\n\t\t\t}\n\t\t\t\/* see gallery_shortcode() in wp-includes\/media.php *\/\n\t\t<\/style>\n\t\t<div id='gallery-4' class='gallery galleryid-863 gallery-columns-2 gallery-size-medium'><dl class='gallery-item'>\n\t\t\t<dt class='gallery-icon portrait'>\n\t\t\t\t<a href='https:\/\/perladelsud.pl\/wp-content\/uploads\/2019\/08\/SAM_2259.jpg'><img width=\"225\" height=\"300\" src=\"https:\/\/perladelsud.pl\/wp-content\/uploads\/2019\/08\/SAM_2259-225x300.jpg\" class=\"attachment-medium size-medium\" alt=\"\" decoding=\"async\" loading=\"lazy\" aria-describedby=\"gallery-4-896\" srcset=\"https:\/\/perladelsud.pl\/wp-content\/uploads\/2019\/08\/SAM_2259-225x300.jpg 225w, https:\/\/perladelsud.pl\/wp-content\/uploads\/2019\/08\/SAM_2259-768x1024.jpg 768w\" sizes=\"(max-width: 225px) 100vw, 225px\" \/><\/a>\n\t\t\t<\/dt>\n\t\t\t\t<dd class='wp-caption-text gallery-caption' id='gallery-4-896'>\n\t\t\t\tAmelia  Klan Biewer Rott (FCI)\n\t\t\t\t<\/dd><\/dl><dl class='gallery-item'>\n\t\t\t<dt class='gallery-icon portrait'>\n\t\t\t\t<a href='https:\/\/perladelsud.pl\/wp-content\/uploads\/2019\/08\/15087014_1303908609639687_1531997566_n.jpg'><img width=\"222\" height=\"300\" src=\"https:\/\/perladelsud.pl\/wp-content\/uploads\/2019\/08\/15087014_1303908609639687_1531997566_n-222x300.jpg\" class=\"attachment-medium size-medium\" alt=\"\" decoding=\"async\" loading=\"lazy\" aria-describedby=\"gallery-4-895\" srcset=\"https:\/\/perladelsud.pl\/wp-content\/uploads\/2019\/08\/15087014_1303908609639687_1531997566_n-222x300.jpg 222w, https:\/\/perladelsud.pl\/wp-content\/uploads\/2019\/08\/15087014_1303908609639687_1531997566_n.jpg 400w\" sizes=\"(max-width: 222px) 100vw, 222px\" \/><\/a>\n\t\t\t<\/dt>\n\t\t\t\t<dd class='wp-caption-text gallery-caption' id='gallery-4-895'>\n\t\t\t\tPortos Klan Biewer Rott (FCI)\n\t\t\t\t<\/dd><\/dl><br style=\"clear: both\" \/>\n\t\t<\/div>\n\n<p><strong>Miot L<\/strong> urodzony 3.02.2019: 2 suczki 1 piesek<br \/>\nWszystkie szczeni\u0119ta znalaz\u0142y kochaj\u0105ce domki. Wi\u0119cej zdj\u0119\u0107 szczeni\u0105t w zak\u0142adce Galeria<\/p>\n<p>Matka: Mery Klan Biewer Rott (FCI)<br \/>\nOjciec: Portos Klan Biewer Rott (FCI)<\/p>\n\n\t\t<style type=\"text\/css\">\n\t\t\t#gallery-5 {\n\t\t\t\tmargin: auto;\n\t\t\t}\n\t\t\t#gallery-5 .gallery-item {\n\t\t\t\tfloat: left;\n\t\t\t\tmargin-top: 10px;\n\t\t\t\ttext-align: center;\n\t\t\t\twidth: 50%;\n\t\t\t}\n\t\t\t#gallery-5 img {\n\t\t\t\tborder: 2px solid #cfcfcf;\n\t\t\t}\n\t\t\t#gallery-5 .gallery-caption {\n\t\t\t\tmargin-left: 0;\n\t\t\t}\n\t\t\t\/* see gallery_shortcode() in wp-includes\/media.php *\/\n\t\t<\/style>\n\t\t<div id='gallery-5' class='gallery galleryid-863 gallery-columns-2 gallery-size-medium'><dl class='gallery-item'>\n\t\t\t<dt class='gallery-icon landscape'>\n\t\t\t\t<a href='https:\/\/perladelsud.pl\/wp-content\/uploads\/2019\/04\/szecz-447.jpg'><img width=\"300\" height=\"278\" src=\"https:\/\/perladelsud.pl\/wp-content\/uploads\/2019\/04\/szecz-447-300x278.jpg\" class=\"attachment-medium size-medium\" alt=\"\" decoding=\"async\" loading=\"lazy\" srcset=\"https:\/\/perladelsud.pl\/wp-content\/uploads\/2019\/04\/szecz-447-300x278.jpg 300w, https:\/\/perladelsud.pl\/wp-content\/uploads\/2019\/04\/szecz-447-768x711.jpg 768w, https:\/\/perladelsud.pl\/wp-content\/uploads\/2019\/04\/szecz-447.jpg 830w\" sizes=\"(max-width: 300px) 100vw, 300px\" \/><\/a>\n\t\t\t<\/dt><\/dl><dl class='gallery-item'>\n\t\t\t<dt class='gallery-icon landscape'>\n\t\t\t\t<a href='https:\/\/perladelsud.pl\/wp-content\/uploads\/2019\/04\/szecz-502.jpg'><img width=\"300\" height=\"243\" src=\"https:\/\/perladelsud.pl\/wp-content\/uploads\/2019\/04\/szecz-502-300x243.jpg\" class=\"attachment-medium size-medium\" alt=\"\" decoding=\"async\" loading=\"lazy\" srcset=\"https:\/\/perladelsud.pl\/wp-content\/uploads\/2019\/04\/szecz-502-300x243.jpg 300w, https:\/\/perladelsud.pl\/wp-content\/uploads\/2019\/04\/szecz-502.jpg 763w\" sizes=\"(max-width: 300px) 100vw, 300px\" \/><\/a>\n\t\t\t<\/dt><\/dl><br style=\"clear: both\" \/><dl class='gallery-item'>\n\t\t\t<dt class='gallery-icon landscape'>\n\t\t\t\t<a href='https:\/\/perladelsud.pl\/wp-content\/uploads\/2019\/04\/szecz-512.jpg'><img width=\"300\" height=\"238\" src=\"https:\/\/perladelsud.pl\/wp-content\/uploads\/2019\/04\/szecz-512-300x238.jpg\" class=\"attachment-medium size-medium\" alt=\"\" decoding=\"async\" loading=\"lazy\" srcset=\"https:\/\/perladelsud.pl\/wp-content\/uploads\/2019\/04\/szecz-512-300x238.jpg 300w, https:\/\/perladelsud.pl\/wp-content\/uploads\/2019\/04\/szecz-512-768x609.jpg 768w, https:\/\/perladelsud.pl\/wp-content\/uploads\/2019\/04\/szecz-512.jpg 969w\" sizes=\"(max-width: 300px) 100vw, 300px\" \/><\/a>\n\t\t\t<\/dt><\/dl>\n\t\t\t<br style='clear: both' \/>\n\t\t<\/div>\n\n\n\t\t<style type=\"text\/css\">\n\t\t\t#gallery-6 {\n\t\t\t\tmargin: auto;\n\t\t\t}\n\t\t\t#gallery-6 .gallery-item {\n\t\t\t\tfloat: left;\n\t\t\t\tmargin-top: 10px;\n\t\t\t\ttext-align: center;\n\t\t\t\twidth: 50%;\n\t\t\t}\n\t\t\t#gallery-6 img {\n\t\t\t\tborder: 2px solid #cfcfcf;\n\t\t\t}\n\t\t\t#gallery-6 .gallery-caption {\n\t\t\t\tmargin-left: 0;\n\t\t\t}\n\t\t\t\/* see gallery_shortcode() in wp-includes\/media.php *\/\n\t\t<\/style>\n\t\t<div id='gallery-6' class='gallery galleryid-863 gallery-columns-2 gallery-size-medium'><dl class='gallery-item'>\n\t\t\t<dt class='gallery-icon portrait'>\n\t\t\t\t<a href='https:\/\/perladelsud.pl\/wp-content\/uploads\/2016\/02\/Obraz-016-2-e1505294994144.jpg'><img width=\"262\" height=\"300\" src=\"https:\/\/perladelsud.pl\/wp-content\/uploads\/2016\/02\/Obraz-016-2-262x300.jpg\" class=\"attachment-medium size-medium\" alt=\"\" decoding=\"async\" loading=\"lazy\" aria-describedby=\"gallery-6-501\" srcset=\"https:\/\/perladelsud.pl\/wp-content\/uploads\/2016\/02\/Obraz-016-2-262x300.jpg 262w, https:\/\/perladelsud.pl\/wp-content\/uploads\/2016\/02\/Obraz-016-2-768x879.jpg 768w, https:\/\/perladelsud.pl\/wp-content\/uploads\/2016\/02\/Obraz-016-2-894x1024.jpg 894w, https:\/\/perladelsud.pl\/wp-content\/uploads\/2016\/02\/Obraz-016-2-e1505294994144.jpg 594w\" sizes=\"(max-width: 262px) 100vw, 262px\" \/><\/a>\n\t\t\t<\/dt>\n\t\t\t\t<dd class='wp-caption-text gallery-caption' id='gallery-6-501'>\n\t\t\t\tMary  Klan-Biewer Rott (FCI )\n\t\t\t\t<\/dd><\/dl><dl class='gallery-item'>\n\t\t\t<dt class='gallery-icon portrait'>\n\t\t\t\t<a href='https:\/\/perladelsud.pl\/wp-content\/uploads\/2018\/06\/15087014_1303908609639687_1531997566_n.jpg'><img width=\"222\" height=\"300\" src=\"https:\/\/perladelsud.pl\/wp-content\/uploads\/2018\/06\/15087014_1303908609639687_1531997566_n-222x300.jpg\" class=\"attachment-medium size-medium\" alt=\"\" decoding=\"async\" loading=\"lazy\" aria-describedby=\"gallery-6-660\" srcset=\"https:\/\/perladelsud.pl\/wp-content\/uploads\/2018\/06\/15087014_1303908609639687_1531997566_n-222x300.jpg 222w, https:\/\/perladelsud.pl\/wp-content\/uploads\/2018\/06\/15087014_1303908609639687_1531997566_n.jpg 400w\" sizes=\"(max-width: 222px) 100vw, 222px\" \/><\/a>\n\t\t\t<\/dt>\n\t\t\t\t<dd class='wp-caption-text gallery-caption' id='gallery-6-660'>\n\t\t\t\tPortos Klan-Biewer Rott (FCI ) \n\t\t\t\t<\/dd><\/dl><br style=\"clear: both\" \/>\n\t\t<\/div>\n\n<p>&nbsp;<\/p>\n","protected":false},"excerpt":{"rendered":"<p>Miot N urodzony 16.08.2019: 1 suczka 2 pieski Wszystkie szczeni\u0119ta znalaz\u0142y kochaj\u0105ce domki. Wi\u0119cej zdj\u0119\u0107 szczeni\u0105t \u00a0w zak\u0142adce Galeria Miot M urodzony 19.04.2019: 2 suczki 1 piesek Wszystkie szczeni\u0119ta znalaz\u0142y <a class=\"more-link\" href=\"https:\/\/perladelsud.pl\/index.php\/pl\/szczeniaki\/miot-2019-r\/\">Continue Reading \u2192<\/a><\/p>\n","protected":false},"author":1,"featured_media":0,"parent":163,"menu_order":0,"comment_status":"closed","ping_status":"closed","template":"","meta":[],"_links":{"self":[{"href":"https:\/\/perladelsud.pl\/index.php\/wp-json\/wp\/v2\/pages\/863"}],"collection":[{"href":"https:\/\/perladelsud.pl\/index.php\/wp-json\/wp\/v2\/pages"}],"about":[{"href":"https:\/\/perladelsud.pl\/index.php\/wp-json\/wp\/v2\/types\/page"}],"author":[{"embeddable":true,"href":"https:\/\/perladelsud.pl\/index.php\/wp-json\/wp\/v2\/users\/1"}],"replies":[{"embeddable":true,"href":"https:\/\/perladelsud.pl\/index.php\/wp-json\/wp\/v2\/comments?post=863"}],"version-history":[{"count":0,"href":"https:\/\/perladelsud.pl\/index.php\/wp-json\/wp\/v2\/pages\/863\/revisions"}],"up":[{"embeddable":true,"href":"https:\/\/perladelsud.pl\/index.php\/wp-json\/wp\/v2\/pages\/163"}],"wp:attachment":[{"href":"https:\/\/perladelsud.pl\/index.php\/wp-json\/wp\/v2\/media?parent=863"}],"curies":[{"name":"wp","href":"https:\/\/api.w.org\/{rel}","templated":true}]}}